{"id":8,"date":"2016-04-17T18:27:36","date_gmt":"2016-04-17T16:27:36","guid":{"rendered":"https:\/\/acratie.silicon-peace.com\/?page_id=8"},"modified":"2024-02-17T15:01:08","modified_gmt":"2024-02-17T14:01:08","slug":"lhistoire-du-site","status":"publish","type":"page","link":"https:\/\/silicon-peace.com\/acratie\/","title":{"rendered":"L&rsquo;histoire du site"},"content":{"rendered":"\n<p class=\"wp-block-paragraph\"><strong><em>14 janvier&nbsp;2018\u2009:<\/em><\/strong><\/p>\n\n\n\n<p class=\"wp-block-paragraph\">Mon 4e roman est enfin en cours d&rsquo;ach\u00e8vement. Sa structure dans ce site a \u00e9t\u00e9 mise en place aujourd&rsquo;hui. Le contenu des chapitres sera ajout\u00e9 plus tard. Dans l&rsquo;intervalle, vous pourrez me commander le livre en vrai pulpe d&rsquo;arbre&#8230; Enfin, d\u00e8s sa publication, bien \u00e9videmment.<\/p>\n\n\n\n<p class=\"wp-block-paragraph\"><strong><em>11 mai&nbsp;2016\u2009:<\/em><\/strong><\/p>\n\n\n\n<p class=\"wp-block-paragraph\">Voila&nbsp;! Le site \u00ab\u00a0Acratie\u00a0\u00bb que tu lis en ce moment, ainsi que le site <a href=\"https:\/\/unmondemeilleur.silicon-peace.com\">\u00ab\u00a0Un monde meilleur\u00a0\u00bb<\/a>&nbsp;sont de retour de ce c\u00f4t\u00e9 de la faille spatio-temporelle qui avait englouti mon ancien site.<\/p>\n\n\n\n<p class=\"wp-block-paragraph\">Un troisi\u00e8me site \u00ab\u00a0Consultance\u00a0\u00bb, consacr\u00e9 a des activit\u00e9s moins passionnantes, mais plus lucratives doit encore \u00eatre mis en place.<\/p>\n\n\n\n<p class=\"wp-block-paragraph\"><strong><em>1 mai&nbsp;2016\u2009:<\/em><\/strong><\/p>\n\n\n\n<p class=\"wp-block-paragraph\">Petit \u00e0 petit, la faille spatio-temporelle se r\u00e9tr\u00e9cit et mon site recommence \u00e0 prendre des couleurs. La page principale que tu lis en ce moment est, comme tu peux le constater, op\u00e9rationnelle. Toutes les pages de mes nouvelles et&nbsp;de mes deux premier romans ont \u00e9t\u00e9 r\u00e9introduites, mais elle doivent encore \u00eatre li\u00e9es entre elles avant de pouvoir redevenir visibles.<\/p>\n\n\n\n<p class=\"wp-block-paragraph\"><strong><em>17&nbsp;avril 2016\u2009:<\/em><\/strong><\/p>\n\n\n\n<p class=\"wp-block-paragraph\">Il y a quelques jours, mon beau site Silicon-Peace est pass\u00e9 trop pr\u00e8s d&rsquo;une faille&nbsp;spatio-temporelle et son beau th\u00e8me a \u00e9t\u00e9 emport\u00e9 dans le n\u00e9ant. Mes connaissances des subtilit\u00e9s de la physique des univers virtuels \u00e9tant malheureusement limit\u00e9e, je ne suis pas parvenu \u00e0 le r\u00e9parer simplement.<\/p>\n\n\n\n<p class=\"wp-block-paragraph\">Qu&rsquo;\u00e0 cela ne tienne, depuis belle lurette, je me disais qu&rsquo;il me faudrait bien, une fois ou l&rsquo;autre, revoir l&rsquo;apparence de ce site, particuli\u00e8rement pour les appareils mobiles. Le destin m&rsquo;a forc\u00e9 \u00e0 ne plus procrastiner sur ce point.<\/p>\n\n\n\n<p class=\"wp-block-paragraph\">J&rsquo;en profite pour&nbsp;\u00e9clater le site en plusieurs sites sp\u00e9cialis\u00e9s. Le premier, nomm\u00e9 \u00ab\u00a0Acratie\u00a0\u00bb, regroupera mes romans et mes nouvelles. Un second site \u00ab\u00a0Un monde meilleur\u00a0\u00bb sera consacr\u00e9 \u00e0 mes r\u00e9flexions sur les evolutions que je pr\u00e9conise pour la soci\u00e9t\u00e9 de plus en plus bancale dans laquelle nous vivons.<\/p>\n\n\n\n<p class=\"wp-block-paragraph\">Le contenu de ces sites sera mis en place progressivement ces prochaines semaines. Les th\u00e8mes des sites sont susceptibles d&rsquo;\u00e9voluer, voire de changer compl\u00e8tement dans le m\u00eame temps.<\/p>\n\n\n\n<p class=\"wp-block-paragraph\"><strong><em>1 janvier&nbsp;2016\u2009:<\/em><\/strong><\/p>\n\n\n\n<p class=\"wp-block-paragraph\">Pour ce site, l\u2019ann\u00e9e&nbsp;2015 s\u2019est termin\u00e9e en feu d\u2019artifice. Il semblerait que ce que tout le monde me r\u00e9p\u00e8te depuis toujours soit vrai\u2009:&nbsp;<i>si tu veux que les gens viennent voir ton site, il faut que tu postes r\u00e9guli\u00e8rement et que tu le fasses savoir<\/i>\u2009<i>!<\/i><\/p>\n\n\n<div class=\"wp-block-image\">\n<figure class=\"aligncenter\"><a href=\"https:\/\/silicon-peace.com\/acratie\/wp-content\/uploads\/2016\/05\/Stats20151231.png\" rel=\"attachment wp-att-2057\"><img loading=\"lazy\" decoding=\"async\" width=\"734\" height=\"350\" src=\"https:\/\/silicon-peace.com\/acratie\/wp-content\/uploads\/2016\/05\/Stats20151231.png\" alt=\"Stats20151231\" class=\"wp-image-622\" srcset=\"https:\/\/silicon-peace.com\/acratie\/wp-content\/uploads\/2016\/05\/Stats20151231.png 734w, https:\/\/silicon-peace.com\/acratie\/wp-content\/uploads\/2016\/05\/Stats20151231-300x143.png 300w\" sizes=\"auto, (max-width: 734px) 100vw, 734px\" \/><\/a><\/figure>\n<\/div>\n\n\n<p class=\"wp-block-paragraph\">Toujours est-il que ma s\u00e9rie d\u2019articles sur les mod\u00e8les de financement du&nbsp;<a href=\"http:\/\/rbi-oui.ch\/financement\">Revenu de Base Inconditionnel (RBI)<\/a>&nbsp;est \u00e0 l\u2019origine&nbsp;d\u2019un mini buzz. Un tout petit buzz pour l\u2019internet, un buzz de g\u00e9ant pour silicon-peace.com. Presque 400 vues sur le site en une seule journ\u00e9e, wow\u2009! 561 vues pour&nbsp;<a href=\"http:\/\/rbi-oui.ch\/financement\/financement-du-rbi-par-une-taxe-sur-les-transactions-financieres-electroniques-ttfe\/\">un seul article<\/a>&nbsp;sur les deux derniers jours de l\u2019ann\u00e9e, youpi\u2009!<\/p>\n\n\n\n<p class=\"wp-block-paragraph\">Note: pour la dur\u00e9e de la campagne de votation, ces articles ont \u00e9t\u00e9 d\u00e9plac\u00e9s sur le site <a href=\"http:\/\/rbi-oui.ch\/financement\">rbi-oui.ch<\/a>.<\/p>\n\n\n\n<p class=\"wp-block-paragraph\"><strong><em>21&nbsp;d\u00e9cembre 2015\u2009:<\/em><\/strong><\/p>\n\n\n\n<p class=\"wp-block-paragraph\">Cette ann\u00e9e&nbsp;2014 ne sera&nbsp;pas celle qui m\u2019aura laiss\u00e9 le meilleur souvenir. En effet,\u2026 Hein\u2009? Quoi\u2009? On est d\u00e9j\u00e0 en 2015 et \u00e7a va bient\u00f4t \u00eatre 2016\u2009? Ah ouais, t\u2019as raison\u2009!<\/p>\n\n\n\n<p class=\"wp-block-paragraph\">En cette ann\u00e9e&nbsp;2015, de tristes circonstances m\u2019ont pourtant permis de refaire surface et d\u2019entrevoir mon avenir personnel sous de meilleurs augures. Je me suis remis \u00e0 \u00e9crire, m\u00eame si c\u2019est encore timidement concernant mon prochain roman. En revanche, je me suis engag\u00e9 dans un mouvement qui \u0153uvre&nbsp;\u00e0&nbsp;transformer une autre utopie en r\u00e9alit\u00e9 palpable, le Revenu de Base Inconditionnel. L\u2019id\u00e9e que chaque individu ait le droit de disposer de ressources suffisantes pour mener une existence digne sans exiger de sa part la moindre contrepartie est en train de faire son chemin en Europe et dans le monde. En Suisse, une initiative populaire a \u00e9t\u00e9 lanc\u00e9e qui, m\u00eame si elle a \u00e9t\u00e9 largement rejet\u00e9e par le Conseil f\u00e9d\u00e9ral et le parlement, sera soumise \u00e0 une votation populaire en 2016. Cette initiative propose de modifier la constitution f\u00e9d\u00e9rale selon ces termes\u2009:<\/p>\n\n\n\n<pre class=\"wp-block-preformatted\">Art. 110a (nouveau) Revenu de base inconditionnel\n1 La Conf\u00e9d\u00e9ration veille \u00e0 l\u2019instauration d\u2019un revenu de base inconditionnel.\n2 Le revenu de base doit permettre \u00e0 l\u2019ensemble de la population de mener une existence digne et de participer \u00e0 la vie publique.\n3 La loi r\u00e8gle notamment le financement et le montant du revenu de base.<\/pre>\n\n\n\n<p class=\"wp-block-paragraph\">J\u2019essaie de contribuer \u00e0 ce projet en r\u00e9alisant une analyse sommaire de divers mod\u00e8les de financement de ce revenu de base. L\u2019\u00e9tat actuel de cette analyse est consultable sur mon blog sous la cat\u00e9gorie \u00ab\u2009<a href=\"http:\/\/www.silicon-peace.com\/category\/blogs\/revenu-de-base\/\">Revenu de Base<\/a>\u2009\u00bb.&nbsp;Note: pour la dur\u00e9e de la campagne de votation, ces articles ont \u00e9t\u00e9 d\u00e9plac\u00e9s sur le site&nbsp;<a href=\"http:\/\/rbi-oui.ch\/financement\">rbi-oui.ch<\/a>.<\/p>\n\n\n<div class=\"wp-block-image\">\n<figure class=\"aligncenter\"><a href=\"https:\/\/silicon-peace.com\/acratie\/wp-content\/uploads\/2016\/05\/Revenu-de-base-3-a.png\" rel=\"attachment wp-att-2006\"><img loading=\"lazy\" decoding=\"async\" width=\"958\" height=\"499\" src=\"https:\/\/silicon-peace.com\/acratie\/wp-content\/uploads\/2016\/05\/Revenu-de-base-3-a.png\" alt=\"Revenu-de-base-3-a\" class=\"wp-image-624\" srcset=\"https:\/\/silicon-peace.com\/acratie\/wp-content\/uploads\/2016\/05\/Revenu-de-base-3-a.png 958w, https:\/\/silicon-peace.com\/acratie\/wp-content\/uploads\/2016\/05\/Revenu-de-base-3-a-300x156.png 300w, https:\/\/silicon-peace.com\/acratie\/wp-content\/uploads\/2016\/05\/Revenu-de-base-3-a-768x400.png 768w\" sizes=\"auto, (max-width: 958px) 100vw, 958px\" \/><\/a><\/figure>\n<\/div>\n\n\n<p class=\"wp-block-paragraph\">Que tu&nbsp;partages ou non cette vision du futur de la protection sociale, l\u2019issue de cette votation aura un impact consid\u00e9rable sur le fonctionnement de notre soci\u00e9t\u00e9. Alors, en 2016, n\u2019oublie pas d\u2019aller voter, si tu en as la possibilit\u00e9.<\/p>\n\n\n\n<p class=\"wp-block-paragraph\">Ah oui\u2009! J\u2019allais oublier le plus important\u2009: passez toutes et tous de bonnes f\u00eates de fin d\u2019ann\u00e9e\u2009!<\/p>\n\n\n\n<p class=\"wp-block-paragraph\"><strong><em>19 d\u00e9cembre 2013\u2009:<\/em><\/strong><\/p>\n\n\n\n<p class=\"wp-block-paragraph\">Les pr\u00e9visions m\u00e9t\u00e9o pour le 21 d\u00e9cembre 2012 n\u2019\u00e9taient pas fiables, nous sommes toujours l\u00e0 une ann\u00e9e apr\u00e8s. Mais dire que 2013 a \u00e9t\u00e9 une ann\u00e9e comme les autres, c\u2019est un pas que je ne franchirai pas. D\u2019abord, il n\u2019y a pas deux ann\u00e9es semblables. Pour moi, cette ann\u00e9e aura marqu\u00e9 la fin pr\u00e9visible de ma tentative de vivre dans mon utopie, dans un monde o\u00f9 l\u2019argent ne serait pas un probl\u00e8me. Le temps est venu pour que la cigale se m\u00e9tamorphose en fourmi. Mais bon, de telles transformations ne sont pas ais\u00e9es et le succ\u00e8s n\u2019est pas encore assur\u00e9. Dans ces conditions, il m\u2019\u00e9tait difficile de m\u2019envoler dans mes r\u00eaves d\u2019avenir meilleur. Concr\u00e8tement, durant cette ann\u00e9e je n\u2019ai pas \u00e9crit la moindre ligne pour mon 4e roman, si ce n\u2019est une description d\u00e9taill\u00e9e des calendriers qui seront utilis\u00e9s \u00e0 l\u2019avenir sur Terre, sur Mars et ailleurs dans le syst\u00e8me solaire. Alors, \u00e0 d\u00e9faut de vous laisser vous repaitre de la suite de mes aventures temporelles, je vais essayer de vous&nbsp;<a href=\"https:\/\/acratie.silicon-peace.com\/romans\/confederatio-acraticae\/annexe-1-introduction-aux-calendriers-de-leclosion\/\">\u00e9clairer un peu sur ces histoires de gigasecondes, de 13 mois de 28 jours et de chouias.<\/a>&nbsp;Et qui sait, peut-\u00eatre que 2014 sera plus favorable \u00e0 mon inspiration. En attendant, passez de bonnes f\u00eates!<\/p>\n\n\n\n<p class=\"wp-block-paragraph\"><strong><em>18 d\u00e9cembre 2012\u2009:&nbsp;<\/em><\/strong><\/p>\n\n\n\n<p class=\"wp-block-paragraph\">Je n\u2019aime pas trop les traditions et encore moins les rituels, alors disons que&nbsp;<a href=\"https:\/\/acratie.silicon-peace.com\/romans\/confederatio-acraticae\/prologue\/\">le prologue de mon 4e roman que je vous offre \u00e0 la lecture<\/a>&nbsp;&nbsp;d\u00e8s \u00e0 pr\u00e9sent fait partie d\u2019une \u00ab&nbsp;routine&nbsp;\u00bb. Oui! Oui! j\u2019aime chipoter avec les mots, c\u2019est une qualit\u00e9 chez un \u00e9crivain.<\/p>\n\n\n\n<p class=\"wp-block-paragraph\">Si cette ann\u00e9e, je m\u2019y prends un peu plus t\u00f4t que lors des pr\u00e9c\u00e9dentes, c\u2019est pour avoir r\u00e9alis\u00e9 que certains lecteurs \u00e9taient d\u00e9j\u00e0 partis en vacances loin de leurs ordinateurs et appareils mobiles (comment est-ce possible?) et ne recevaient mes voeux de fin d\u2019ann\u00e9e qu\u2019en janvier. Mais c\u2019est aussi parce que, parait-il, c\u2019est tout bient\u00f4t la fin du monde et je tenais \u00e0 vous faire b\u00e9n\u00e9ficier une derni\u00e8re fois de ma prose avant cette fatale \u00e9ch\u00e9ance.<\/p>\n\n\n\n<p class=\"wp-block-paragraph\">\u00c0 ce propos, voici les pr\u00e9visions m\u00e9t\u00e9o pour ce vendredi 21 d\u00e9cembre 2012:<\/p>\n\n\n<div class=\"wp-block-image\">\n<figure class=\"aligncenter\"><a href=\"https:\/\/silicon-peace.com\/acratie\/wp-content\/uploads\/2016\/04\/121218-112115-small.jpg\"><img loading=\"lazy\" decoding=\"async\" width=\"480\" height=\"213\" src=\"https:\/\/silicon-peace.com\/acratie\/wp-content\/uploads\/2016\/04\/121218-112115-small.jpg\" alt=\"121218-112115-small\" class=\"wp-image-625\" srcset=\"https:\/\/silicon-peace.com\/acratie\/wp-content\/uploads\/2016\/04\/121218-112115-small.jpg 480w, https:\/\/silicon-peace.com\/acratie\/wp-content\/uploads\/2016\/04\/121218-112115-small-300x133.jpg 300w\" sizes=\"auto, (max-width: 480px) 100vw, 480px\" \/><\/a><\/figure>\n<\/div>\n\n\n<p class=\"wp-block-paragraph\"><br><em>Auteur de l\u2019image inconnu. J\u2019aurais aim\u00e9 pouvoir le citer et le f\u00e9liciter pour cette id\u00e9e dr\u00f4lissime.<\/em><\/p>\n\n\n\n<p class=\"wp-block-paragraph\">Allez! Bonnes f\u00eates de fin&nbsp;<del datetime=\"2012-12-18T10:02:49+00:00\">du monde&nbsp;<\/del>d\u2019ann\u00e9e \u00e0 toutes et tous.<\/p>\n\n\n\n<p class=\"wp-block-paragraph\"><strong><em>2 juillet 2012\u2009:&nbsp;<\/em><\/strong><\/p>\n\n\n\n<p class=\"wp-block-paragraph\">Ce matin, je me suis lev\u00e9 \u00e0 une heure o\u00f9 les coqs dorment encore. En effet, j\u2019\u00e9tais l\u2019invit\u00e9 de l\u2019\u00e9mission radiophonique&nbsp;<a href=\"http:\/\/www.rts.ch\/la-1ere\/programmes\/les-petits-matins\/\" target=\"mainFrame\" rel=\"noopener\">\u00ab Les Petits Matins \u00bb<\/a>&nbsp;sur La Premi\u00e8re de la RTS (Radio T\u00e9l\u00e9vision Suisse), entre 5h et 6h du matin, pour parler de mes romans et de ma vie d\u2019\u00e9crivain, la vraie et la r\u00eav\u00e9e. L\u2019\u00e9mission peut \u00eatre&nbsp;<a href=\"http:\/\/www.rts.ch\/audio\/la-1ere\/programmes\/les-petits-matins\/4095781-les-petits-matins-02-07-2012.html\" target=\"mainFrame\" rel=\"noopener\">\u00e9cout\u00e9e en streaming sur le site de la RTS<\/a>&nbsp;ou&nbsp;<a href=\"http:\/\/download-audio.rts.ch\/la-1ere\/programmes\/les-petits-matins\/2012\/les-petits-matins_20120702_full_les-petits-matins_584a5e00-733e-49c9-afee-8592f0c9f276-128k.mp3\" target=\"mainFrame\" rel=\"noopener\">t\u00e9l\u00e9charg\u00e9e en mp3 pour une \u00e9coute ult\u00e9rieure<\/a>. Pour les habitu\u00e9s des podcasts, il est bien entendu possible de&nbsp;<a href=\"http:\/\/www.rts.ch\/pages-speciales\/podcasts\/?filter=la-1ere&amp;podcast=2561916\" target=\"mainFrame\" rel=\"noopener\">s\u2019abonner \u00e0 celui des \u00ab Petits Matins \u00bb<\/a>.<\/p>\n\n\n\n<p class=\"wp-block-paragraph\"><strong><em>10 juin 2012\u2009:&nbsp;<\/em><\/strong><\/p>\n\n\n\n<p class=\"wp-block-paragraph\">Je m\u2019\u00e9tais promis de r\u00e9aliser mon 3e roman en deux ans (3 pour les pr\u00e9c\u00e9dents). J\u2019ai \u00e0 peu pr\u00e8s r\u00e9ussi \u00e0 tenir le d\u00e9lai que je m\u2019\u00e9tais imparti. Que l\u2019on se rassure, je n\u2019ai pas c\u00e9d\u00e9 aux sir\u00e8nes du rendement, qui pr\u00f4nent la rapidit\u00e9 aux d\u00e9pens de la qualit\u00e9, bien au contraire. J\u2019ai adapt\u00e9 mon train de vie afin de ne devoir gaspiller qu\u2019un temps minimal \u00e0 des occupations lucratives. Cela m\u2019a permis de consacrer beaucoup plus de temps \u00e0 mes activit\u00e9s cr\u00e9atives. Cela m\u2019a permis surtout de m\u2019approcher du mode de vie que je d\u00e9cris dans mes romans.<\/p>\n\n\n\n<p class=\"wp-block-paragraph\">Alors, voil\u00e0\u2009! Mon nouveau roman \u00ab&nbsp;L\u2019Acratie, c\u2019est assez\u2009!&nbsp;\u00bb est d\u00e8s \u00e0 pr\u00e9sent disponible \u00e0 l\u2019achat sur le site Lulu.com et le sera aupr\u00e8s de moi d\u2019ici une quinzaine de jours, le temps que le premier tirage me soit livr\u00e9.<\/p>\n\n\n\n<figure class=\"wp-block-image\"><img decoding=\"async\" src=\"http:\/\/i0.wp.com\/www.silicon-peace.com\/acratie\/wp-content\/uploads\/2012\/06\/CouvertureLAcratieCestAssez_175x250.png?resize=175%2C250\" alt=\"\" class=\"wp-image-23\" title=\"Couverture L'Acratie, c'est assez\u2009!\"\/><\/figure>\n\n\n\n<figure class=\"wp-block-image\"><img decoding=\"async\" src=\"https:\/\/i0.wp.com\/www.lulu.com\/images\/services\/buy_now_buttons\/fr\/book_blue.gif?w=730\" alt=\"Supportez la publication ind\u00e9pendante\u2009: Achetez ce livre sur Lulu.\"\/><\/figure>\n\n\n\n<p class=\"wp-block-paragraph\"><a href=\"http:\/\/www.lulu.com\/shop\/bernard-krummenacher\/lacratie-cest-assez%C2%A0\/paperback\/product-20183654.html\" target=\"mainFrame\" rel=\"noopener\">&nbsp;<\/a><\/p>\n\n\n\n<p class=\"wp-block-paragraph\">Pour les deux derniers tomes du \u00ab&nbsp;Cycle de l\u2019Acratie&nbsp;\u00bb, j\u2019esp\u00e8re parvenir \u00e9galement \u00e0 les \u00e9crire en deux ans chacun, soit une publication en 2014 et 2016.<\/p>\n\n\n\n<p class=\"wp-block-paragraph\"><strong><em>17 avril 2012\u2009:&nbsp;<\/em><\/strong><\/p>\n\n\n\n<p class=\"wp-block-paragraph\">Le 20 janvier de cette ann\u00e9e, emport\u00e9 par une voile solaire, je me suis retrouv\u00e9 dans le studio d\u2019une&nbsp;<a class=\"broken_link\" href=\"http:\/\/radioactive37.wordpress.com\/\">radio associative d\u2019Amboise<\/a>, pr\u00e8s de Tours, en France, pour parler de propulsion photonique et de voyages temporels. Passant de routeurs en serveurs, se faufilant le long de fibres optiques, de c\u00e2bles coaxiaux et de paires torsad\u00e9es, le fichier mp3 contenant l\u2019enregistrement de l\u2019\u00e9mission est finalement parvenu jusqu\u2019\u00e0 mon ordinateur. Pour l\u2019\u00e9couter, il suffit de cliquer sur (ou d\u2019effleurer d\u2019un doigt) le lien suivant\u2009:&nbsp;<a href=\"https:\/\/acratie.silicon-peace.com\/wp-content\/uploads\/2016\/04\/20120220-Radio_Active-voiles-solaires.mp3\">20120220-Radio_Active-voiles solaires<\/a>. La magie de l\u2019internet fera le reste durant 35 minutes.<\/p>\n\n\n\n<p class=\"wp-block-paragraph\"><strong><em>31 janvier 2012\u2009:<\/em><\/strong><\/p>\n\n\n\n<p class=\"wp-block-paragraph\">Dans mes romans, je d\u00e9cris une soci\u00e9t\u00e9 dans laquelle le travail est un moyen de r\u00e9aliser ses r\u00eaves et non pas une obligation de survie. Dans la vie r\u00e9elle, je m\u2019efforce de vivre selon cette utopie, mais il ne m\u2019est malheureusement pas possible de le faire en permanence. Pour l\u2019instant, notre monde ne marche pas comme \u00e7a. Alors, temporairement, je vais devoir vendre mon temps \u00e0 une entreprise de la r\u00e9gion en contrepartie de ce que l\u2019on appelle de l\u2019argent. Il se pourrait que la r\u00e9daction de mon roman en subisse quelque retard. Je m\u2019efforcerai de limiter ce dernier au minimum et vous remercie de ne pas trop m\u2019en porter grief. Si vous tenez absolument \u00e0 en bl\u00e2mer les responsables, prenez-vous-en aux structures m\u00eames de notre soci\u00e9t\u00e9 qui pousse certains \u00e9conomistes \u00e0 vouloir faire croire \u00e0 nos ch\u00e8res t\u00eates blondes (ou pas blondes) qu\u2019ils devront vivre dans un monde o\u00f9 plus rien ne sera gratuit.<\/p>\n\n\n\n<p class=\"wp-block-paragraph\"><strong><em>20 d\u00e9cembre 2011 :<\/em><\/strong><\/p>\n\n\n\n<p class=\"wp-block-paragraph\">Je sais que vous \u00eates nombreux et nombreuses \u00e0 attendre la suite de mes aventures spatiotemporelles. L\u2019\u00e9criture de mes deux premiers opus m\u2019avait occup\u00e9 durant trois ans chacun. Ce troisi\u00e8me volume, j\u2019ai l\u2019ambition de le terminer en deux ans seulement. Je l\u2019avais entam\u00e9 en mai 2010, il me faudrait ainsi le terminer au printemps 2012, si je veux respecter l\u2019\u00e9ch\u00e9ance que je me suis impos\u00e9e. Il me reste une centaine de pages \u00e0 \u00e9crire, puis il faudra le r\u00e9viser, le peaufiner, le corriger et lui offrir une belle illustration de couverture. Ensuite seulement, je pourrai le confier aux bons soins de l\u2019imprimeur. Alors, le printemps, \u00e7a risque d\u2019\u00eatre un peu juste. Surtout que je me connais un peu trop bien, si ce printemps est aussi ensoleill\u00e9 que le pr\u00e9c\u00e9dent, je risque de me laisser aller \u00e0 la paresse. Mais il devrait \u00eatre disponible au plus tard au d\u00e9but de l\u2019\u00e9t\u00e9. Promis, jur\u00e9!<\/p>\n\n\n\n<p class=\"wp-block-paragraph\">Mais comme je sais que vous revenez sur mon site presque tous les jours dans l\u2019espoir de pouvoir soulager votre addiction \u00e0 ma prose, et que c\u2019est ces jours-ci que culmine la fr\u00e9n\u00e9sie annuelle des cadeaux,&nbsp;<a href=\"https:\/\/acratie.silicon-peace.com\/romans\/lacratie-cest-assez\/1-on-dit-un-ou-une-interface\/\">je vous offre le chapitre 1<\/a>&nbsp;de ce troisi\u00e8me roman tant attendu.<\/p>\n\n\n\n<p class=\"wp-block-paragraph\"><strong><em>10 octobre 2011 :<\/em><\/strong><\/p>\n\n\n\n<p class=\"wp-block-paragraph\">Petit \u00e0 petit, mon troisi\u00e8me roman prend forme. Pourtant sa r\u00e9daction a \u00e9t\u00e9 suspendue durant cet \u00e9t\u00e9. D\u00e9j\u00e0, il faisait beau et il me paraissait stupide de passer mon temps libre loin du soleil dont nous avons \u00e9t\u00e9 gratifi\u00e9s (\u00e0 l\u2019exception de juillet), mais \u00e9galement parce que je me suis lanc\u00e9 dans une autre aventure, celle des&nbsp;<a href=\"http:\/\/fr.wikipedia.org\/wiki\/Voile_solaire\">voiles solaires<\/a>, ce mode de propulsion de vaisseaux spatiaux par la seule pression du rayonnement solaire. En tant que membre de l\u2019<a href=\"http:\/\/www.u3p.net\/\">U3P (Union pour la Promotion de la Propulsion Photonique)<\/a>, j\u2019ai d\u00e9velopp\u00e9 un concept de voile solaire modulaire, soit une voile g\u00e9ante compos\u00e9e de milliers de petites voiles. Il en est r\u00e9sult\u00e9 la r\u00e9daction d\u2019un&nbsp;<a href=\"https:\/\/acratie.silicon-peace.com\/wp-content\/uploads\/2016\/05\/IAC-Manuscript.pdf\">article<\/a>&nbsp;et une&nbsp;<a href=\"https:\/\/acratie.silicon-peace.com\/wp-content\/uploads\/2016\/05\/Presentation-IAC-2011.pdf\">pr\u00e9sentation<\/a>&nbsp;au 62e congr\u00e8s de la&nbsp;<a href=\"http:\/\/www.iafastro.com\/?title=Main_Page\">F\u00e9d\u00e9ration Internationale d\u2019Astronautique<\/a>&nbsp;\u00e0 Cape Town en Afrique du Sud. \u00c0 d\u00e9faut d\u2019aller moi-m\u00eame faire un tour dans l\u2019espace, j\u2019aurai eu l\u2019occasion de rencontrer le premier et pour l\u2019instant le seul helv\u00e8te \u00e0 avoir eu cette opportunit\u00e9.<\/p>\n\n\n<div class=\"wp-block-image\">\n<figure class=\"aligncenter\"><a href=\"http:\/\/i2.wp.com\/www.silicon-peace.com\/acratie\/wp-content\/uploads\/2010\/05\/KrummenHacker-Nicollier.jpg\"><img loading=\"lazy\" decoding=\"async\" width=\"800\" height=\"600\" src=\"https:\/\/acratie.silicon-peace.com\/wp-content\/uploads\/2016\/05\/KrummenHacker-Nicollier.jpg\" alt=\"KrummenHacker-Nicollier\" class=\"wp-image-628\" srcset=\"https:\/\/silicon-peace.com\/acratie\/wp-content\/uploads\/2016\/05\/KrummenHacker-Nicollier.jpg 800w, https:\/\/silicon-peace.com\/acratie\/wp-content\/uploads\/2016\/05\/KrummenHacker-Nicollier-300x225.jpg 300w, https:\/\/silicon-peace.com\/acratie\/wp-content\/uploads\/2016\/05\/KrummenHacker-Nicollier-768x576.jpg 768w\" sizes=\"auto, (max-width: 800px) 100vw, 800px\" \/><\/a><\/figure>\n<\/div>\n\n\n<p class=\"wp-block-paragraph\"><strong><em>30 mars 2011 :<\/em><\/strong><\/p>\n\n\n\n<p class=\"wp-block-paragraph\">Depuis la mise en place de mon nouveau site il y a 11 mois, j\u2019ai re\u00e7u plus de 700 commentaires, pratiquement tous des spams. Les mauvaises langues diront que j\u2019ai re\u00e7u plus de spams que de visites sur le site. Mais l\u00e0 n\u2019est pas la question. Le moyen le plus simple d\u2019\u00e9viter le spam est d\u2019installer un syst\u00e8me de CAMPTCHA, ces lettres color\u00e9es qu\u2019il faut recopier pour valider sa qualit\u00e9 d\u2019humain (Tsss! Si \u00e7a ne tenait qu\u2019\u00e0 \u00e7a d\u2019\u00eatre humain\u2026). Jusqu\u2019\u00e0 pr\u00e9sent, j\u2019y avais renonc\u00e9 par respect pour mes \u00e9ventuels commentateurs, tant je d\u00e9teste moi-m\u00eame devoir prouver ma qualit\u00e9 d\u2019intelligence carbon\u00e9e. Mais au bout du 700e commentaire pourri \u00e0 mod\u00e9rer, je craque. Je viens d\u2019installer une extension \u00e0 WordPress qui demande \u00e0 l\u2019utilisateur de recopier quelques lettres color\u00e9es qui d\u00e9filent dans une petite fen\u00eatre. Je m\u2019en excuse aupr\u00e8s de mes commentateurs potentiels et leur prie de ne pas m\u2019en vouloir de leur imposer ce genre de contrari\u00e9t\u00e9s.<\/p>\n\n\n\n<p class=\"wp-block-paragraph\"><strong><em>28 mars 2011 :<\/em><\/strong><\/p>\n\n\n\n<p class=\"wp-block-paragraph\">On m\u2019a r\u00e9cemment signal\u00e9 qu\u2019il \u00e9tait vraiment difficile de lire les pages de mon site sur l\u2019\u00e9cran minuscule d\u2019un t\u00e9l\u00e9phone portable. Je n\u2019en ai jamais dout\u00e9, mais ma paresse m\u2019avait jusqu\u2019ici dissuad\u00e9 d\u2019y pallier. Maintenant, c\u2019est fait: lorsque l\u2019on acc\u00e8de \u00e0 mon site depuis un appareil mobile, un th\u00e8me particulier est activ\u00e9, plus adapt\u00e9 \u00e0 ce genre d\u2019appareil. Malheureusement, il y a quelques probl\u00e8mes d\u2019affichage avec les images et les vid\u00e9os. Mais bon, mon site est fait pour \u00eatre lu, essentiellement.<\/p>\n\n\n\n<p class=\"wp-block-paragraph\"><strong><em>27 juillet 2010 :<\/em><\/strong><\/p>\n\n\n\n<p class=\"wp-block-paragraph\">Mes deux romans \u00ab Voyage en Acratie \u00bb et \u00ab Bienvenue en Acratie \u00bb sont dor\u00e9navant aussi disponibles sous forme de livres \u00e9lectroniques au format&nbsp;<strong><em>ePub<\/em><\/strong>. Ils peuvent \u00eatre achet\u00e9s et t\u00e9l\u00e9charg\u00e9s depuis le site&nbsp;<strong>Lulu.com&nbsp;<\/strong>\u00e0 un prix bien inf\u00e9rieur \u00e0 la version papier. N\u2019\u00e9tant pas brid\u00e9s par un codage limitant la copie, ils peuvent \u00eatre lus sur la plupart des lecteurs de livres \u00e9lectroniques supportant le format&nbsp;<strong><em>ePub&nbsp;<\/em><\/strong>(test\u00e9 sur iPhone, iPad et Android).<\/p>\n\n\n\n<p class=\"wp-block-paragraph\"><strong><em>6 mai 2010 :<\/em><\/strong><\/p>\n\n\n\n<p class=\"wp-block-paragraph\">Une mini interview par l\u2019\u00e9quipe de l\u2019\u00e9mission&nbsp;<a href=\"http:\/\/www.nouvo.ch\/liftvideo\">nouvo.ch<\/a>&nbsp;de la t\u00e9l\u00e9vision suisse romande effectu\u00e9e lors de la&nbsp;<a href=\"http:\/\/www.liftconference.com\/\">conf\u00e9rence LIFT10<\/a>&nbsp;\u00e0 Gen\u00e8ve&nbsp;: Il s\u2019agit d\u2019une vid\u00e9o en Flash qui ne sera peut-\u00eatre pas visible depuis votre terminal mobile.<\/p>\n\n\n<div style=\"width: 640px;\" class=\"wp-video\"><video class=\"wp-video-shortcode\" id=\"video-8-1\" width=\"640\" height=\"360\" preload=\"metadata\" controls=\"controls\"><source type=\"video\/x-flv\" src=\"https:\/\/acratie.silicon-peace.com\/wp-content\/uploads\/2016\/04\/krummenacher.flv?_=1\" \/><a href=\"https:\/\/acratie.silicon-peace.com\/wp-content\/uploads\/2016\/04\/krummenacher.flv\">https:\/\/acratie.silicon-peace.com\/wp-content\/uploads\/2016\/04\/krummenacher.flv<\/a><\/video><\/div>\n\n\n\n<p class=\"wp-block-paragraph\"><strong><em>4 mai 2010&nbsp;:<\/em><\/strong><\/p>\n\n\n\n<p class=\"wp-block-paragraph\">La publication de mon second roman \u00ab&nbsp;Bienvenue en Acratie&nbsp;\u00bb va de pair avec la refonte compl\u00e8te de mon site web. L\u2019ancien site \u00e9tait bricol\u00e9 \u00e0 la main avec des pages \u00e9crites directement en HTML \u00e0 l\u2019exception des blogs \u00ab&nbsp;Acratie&nbsp;\u00bb et \u00ab&nbsp;L\u2019avenir du futur&nbsp;\u00bb qui \u00e9taient bas\u00e9es sur&nbsp;<a title=\"The multilingual multiuser multi-blog engine.\" href=\"http:\/\/b2evolution.net\/\">b<sub>2<\/sub>evolution<\/a>. Le nouveau site reprend l\u2019essentiel du contenu existant en homog\u00e9n\u00e9isant l\u2019interface avec l\u2019emploi de&nbsp;<a href=\"http:\/\/www.wordpress-fr.net\/\">WordPress<\/a>. Les pages existantes seront progressivement d\u00e9plac\u00e9es vers le nouveau site, l\u2019ancien site restant pr\u00e9sent jusqu\u2019\u00e0 la fin de la transition. Par la suite, les liens vers certaines anciennes pages seront redirig\u00e9s vers les nouvelles pages \u00e9quivalentes.<\/p>\n\n\n\n<p class=\"wp-block-paragraph\"><strong><em>23 Avril 2010&nbsp;:<\/em><\/strong><\/p>\n\n\n\n<p class=\"wp-block-paragraph\">\u00c7a y est&nbsp;! On est au printemps et comme promis, j\u2019ai termin\u00e9 mon second roman&nbsp;:&nbsp;<strong>Bienvenue en Acratie<\/strong>. Vous pouvez le commander sur&nbsp;<strong>Lulu.com.<\/strong><\/p>\n\n\n\n<figure class=\"wp-block-image\"><img decoding=\"async\" src=\"http:\/\/i1.wp.com\/www.silicon-peace.com\/acratie\/wp-content\/uploads\/2010\/05\/CouvertureBienvenueEnAcratie.jpg?resize=175%2C250\" alt=\"\" class=\"wp-image-23\" title=\"CouvertureBienvenueEnAcratie\"\/><\/figure>\n\n\n\n<figure class=\"wp-block-image\"><img decoding=\"async\" src=\"https:\/\/i0.wp.com\/www.lulu.com\/images\/services\/buy_now_buttons\/fr\/book_blue.gif?w=730\" alt=\"Supportez la publication ind\u00e9pendante: Achetez ce livre sur Lulu.\"\/><\/figure>\n\n\n\n<p class=\"wp-block-paragraph\"><a href=\"http:\/\/www.lulu.com\/commerce\/index.php?fBuyContent=8638500\" target=\"mainFrame\" rel=\"noopener\">&nbsp;<\/a><\/p>\n\n\n\n<p class=\"wp-block-paragraph\">Maintenant, je vais prendre quelques jours de repos bien m\u00e9rit\u00e9 et ensuite je me lancerai dans le troisi\u00e8me opus de mes aventures temporelles.<\/p>\n\n\n\n<p class=\"wp-block-paragraph\"><strong><em>23 D\u00e9cembre 2009&nbsp;:<\/em><\/strong><\/p>\n\n\n\n<p class=\"wp-block-paragraph\">Le temps, \u00e7a va, \u00e7a vient. Fin&nbsp;2007, je pensais terminer mon second roman vers fin&nbsp;2009. On y est et il est encore en chantier. Le gros \u0153uvre est termin\u00e9, j\u2019ai \u00e9crit le mot FIN, mais il reste des trous \u00e0 combler, \u00e9crire les interchapitres, faire les finitions. Il me reste encore quelques mois de labeur. En principe, le toner devrait se d\u00e9poser sur le papier dans le courant du printemps&nbsp;2010. Pour vous faire encore patienter et comme cadeau de No\u00ebl, je vous offre le&nbsp;<a href=\"https:\/\/acratie.silicon-peace.com\/romans\/bienvenue-en-acratie\/1-un-appel-et-ca-repart\/\" target=\"_top\" rel=\"noopener\">chapitre&nbsp;1<\/a>&nbsp;&nbsp;de ce second opus que vous attendez tous avec impatience.<\/p>\n\n\n\n<p class=\"wp-block-paragraph\"><strong><em>22 Mai 2008&nbsp;:<\/em><\/strong><\/p>\n\n\n\n<p class=\"wp-block-paragraph\">\u00c0 l\u2019occasion de la conf\u00e9rence Going-Solo \u00e0 Lausanne le 16 mai 2008, j\u2019ai \u00e9t\u00e9 interview\u00e9 par&nbsp;<a href=\"http:\/\/charbax.com\/\">Charbax<\/a>, sp\u00e9cialiste des blogs vid\u00e9os. Il s\u2019agit d\u2019une vid\u00e9o en Flash qui ne sera peut-\u00eatre pas visible depuis votre terminal mobile:&nbsp;<a title=\"https:\/\/www.youtube.com\/v\/qosxWGVTtM8\" href=\"https:\/\/www.youtube.com\/v\/qosxWGVTtM8\" target=\"_blank\" rel=\"noopener\">www.youtube.com\/v\/qosxWGVTtM8<\/a><\/p>\n\n\n\n<p class=\"wp-block-paragraph\"><strong><em>23 Mars 2008&nbsp;:<\/em><\/strong><\/p>\n\n\n\n<p class=\"wp-block-paragraph\">R\u00eaver un monde meilleur, \u00e0 quoi cela sert-il si on laisse aux autres le soin de le construire&nbsp;? On risque surtout d\u2019\u00eatre d\u00e9\u00e7u du r\u00e9sultat. En attendant de trouver la baguette magique qui me permettrait d\u2019un seul coup de changer le monde actuel en celui de mes r\u00eaves, je&nbsp;<a href=\"https:\/\/unmondemeilleur.silicon-peace.com\" target=\"_top\" rel=\"noopener\">d\u00e9marre un blog<\/a>&nbsp;dans le but de transmettre et de partager un certain nombre de r\u00e9flexions sur le monde actuel et sur les possibilit\u00e9s de le changer. Je n\u2019en n\u00e9glige pas pour autant la r\u00e9daction de mon second roman, que l\u2019on se rassure&nbsp;!<\/p>\n\n\n\n<p class=\"wp-block-paragraph\"><strong><em>17 D\u00e9cembre 2007&nbsp;:<\/em><\/strong><\/p>\n\n\n\n<p class=\"wp-block-paragraph\">Il y a un peu plus de huit mois que je me suis attel\u00e9 \u00e0 la r\u00e9daction d\u2019un second roman. Cent pages s\u2019entassent d\u00e9j\u00e0 au fond de mon ordinateur. \u00c0 ce rythme, je devrais le terminer vers fin&nbsp;2009. Pour vous faire patienter et comme cadeau de No\u00ebl, je vous offre le&nbsp;<a href=\"https:\/\/acratie.silicon-peace.com\/romans\/bienvenue-en-acratie\/prologue\/\" target=\"_top\" rel=\"noopener\">prologue<\/a>&nbsp;de ce second opus. Le 28 novembre, j\u2019ai anim\u00e9 une veill\u00e9e \u00e0 Nyon organis\u00e9 par Gus. Le th\u00e8me de la veill\u00e9e \u00e9tait bien \u00e9videmment mon voyage en Acratie. L\u2019enregistrement audio de cette soir\u00e9e particuli\u00e8rement conviviale et interactive est disponible en deux parties&nbsp;:&nbsp;<a href=\"https:\/\/acratie.silicon-peace.com\/wp-content\/uploads\/2016\/05\/Veillee1-2007-11-28.mp3\">D\u00e9but (dur\u00e9e 60&nbsp;min)<\/a>&nbsp;et&nbsp;<a href=\"https:\/\/acratie.silicon-peace.com\/wp-content\/uploads\/2016\/05\/Veillee2-2007-11-28.mp3\">Fin (dur\u00e9e 13&nbsp;min)<\/a>. Un incident technique \u00e0 malheureusement entrainer la perte d\u2019une s\u00e9quence d\u2019environ un quart d\u2019heure. Je suis le premier \u00e0 le regretter.<\/p>\n\n\n\n<p class=\"wp-block-paragraph\"><strong><em>17 Avril 2007&nbsp;:<\/em><\/strong><\/p>\n\n\n\n<p class=\"wp-block-paragraph\">Internet est vraiment un outil extraordinaire. Bien que tr\u00e8s primitif, compar\u00e9 au \u00ab&nbsp;R\u00e9seau&nbsp;\u00bb que je d\u00e9cris dans mon roman, il poss\u00e8de d\u00e9j\u00e0 la capacit\u00e9 de mettre en relation des individus s\u00e9par\u00e9s par des milliers de kilom\u00e8tres. Il aura suffi qu\u2019un R\u00e9unionnais tape sur son clavier la requ\u00eate \u00ab&nbsp;Bernard Werber voiles solaires&nbsp;\u00bb pour que je sois entrain\u00e9 dans un tourbillon d\u2019\u00e9v\u00e8nements et de rencontres aussi vari\u00e9s qu\u2019inattendus. En voici un \u00e9chantillon non exhaustif, sans ordre particulier&nbsp;:<\/p>\n\n\n\n<ul class=\"wp-block-list\">\n<li>La F\u00eate de la Science \u00e0 St-Denis de la R\u00e9union.<\/li>\n\n\n\n<li>D\u00e9couverte \u00e0 la lueur des \u00e9toiles des&nbsp;<a href=\"http:\/\/www.mi-aime-a-ou.com\/sentinelles_du_volcan.php\">sentinelles du volcan<\/a>. Leur destin \u00e9tait d\u2019\u00eatre englouties par la lave. Mais sur le moment, je n\u2019imaginais pas que cela se passerait moins de cinq mois plus tard, le 5 avril 2007.<\/li>\n\n\n\n<li>Visite \u00e0&nbsp;<a href=\"http:\/\/enzomayo.com\/\">Enzo Mayo<\/a>, cr\u00e9ateur des sentinelles du volcan et fondateur de la&nbsp;<a href=\"http:\/\/fr.wikipedia.org\/wiki\/Archipel_du_Frioul\">R\u00e9publique Libre du Frioul.<\/a><\/li>\n\n\n\n<li>Balade \u00e0 pied dans les cirques avec Patricia.<\/li>\n\n\n\n<li>Des centrales solaires orbitales et&nbsp;<a href=\"http:\/\/www.univ-reunion.fr\/recherche\/laboratoires\/sciences\/le2p.html\">transmission d\u2019\u00e9nergie sans fil.<\/a><\/li>\n\n\n\n<li>Un letchi&nbsp;<a href=\"http:\/\/www.science-sainte-rose.net\/diversites\/index.htm\">orbital<\/a><\/li>\n\n\n\n<li>Rencontre avec le dessinateur&nbsp;<a href=\"http:\/\/shovel.canalblog.com\/\">Shovel<\/a>&nbsp;sur le parking de l\u2019\u00e9cole d\u2019architecture de l\u2019ile de la R\u00e9union.<\/li>\n\n\n\n<li>L\u2019<a href=\"https:\/\/fr.wikipedia.org\/wiki\/Trois_Salazes\">Association des 3 Salazes<\/a>&nbsp;: Un exemple des initiatives qui permettront \u00e0 l\u2019humanit\u00e9 de surmonter la crise environnementale vers laquelle se pr\u00e9cipite notre civilisation.<\/li>\n\n\n\n<li>Rencontre avec&nbsp;<a href=\"http:\/\/jacbayle.club.fr\/livres\/Indien\/Lauret_ER.html\">Sirandane<\/a>&nbsp;quelque part sur Filaos envahie par les \u00ab&nbsp;elephantopus automobile&nbsp;\u00bb.<\/li>\n\n\n\n<li>Visite \u00e0&nbsp;<a href=\"http:\/\/www.lehman.cuny.edu\/ile.en.ile\/paroles\/vaxelaire.html\">Daniel Vaxelaire<\/a>, auteur du roman historique&nbsp;<a href=\"http:\/\/jacbayle.club.fr\/livres\/Utopie\/Vaxelaire3.html\">\u00ab&nbsp;Les mutins de la Libert\u00e9&nbsp;\u00bb<\/a>&nbsp;relatant une tentative de cr\u00e9ation d\u2019une soci\u00e9t\u00e9 utopique qui a failli r\u00e9ussir.<\/li>\n\n\n\n<li>Et bien s\u00fbr, l\u2019oeil du cyclone&nbsp;:&nbsp;<a href=\"http:\/\/www.science-sainte-rose.net\/\">Guy Pignolet<\/a>.<br>J\u2019ai \u00e9galement eu l\u2019opportunit\u00e9 de d\u00e9crire mes r\u00eaves en public, dont voici quelques enregistrements sonores&nbsp;:<\/li>\n\n\n\n<li><a href=\"https:\/\/acratie.silicon-peace.com\/wp-content\/uploads\/2016\/05\/Acratie-Amphi-Bernard-K-2006-10-14.mp3\">(dur\u00e9e 52&nbsp;min) Conf\u00e9rence<\/a>&nbsp;\u00e0 l\u2019Universit\u00e9 de la R\u00e9union le mardi 14 novembre 2006.<\/li>\n\n\n\n<li><a href=\"https:\/\/acratie.silicon-peace.com\/wp-content\/uploads\/2016\/05\/Acratie-rfo-2006-11-18.mp3\">(dur\u00e9e 5&nbsp;min) Passage sur RFO<\/a>&nbsp;le samedi 18 novembre 2006.<\/li>\n\n\n\n<li><a href=\"https:\/\/acratie.silicon-peace.com\/wp-content\/uploads\/2016\/05\/Acratie-cafeco-2006-11-23.mp3\">(dur\u00e9e 48&nbsp;min) D\u00e9bat<\/a>&nbsp;en 2e partie du&nbsp;<a href=\"http:\/\/aid97400.lautre.net\/spip.php?breve16\">Cafeco<\/a>&nbsp;le jeudi 23 novembre 2006.<\/li>\n<\/ul>\n\n\n\n<p class=\"wp-block-paragraph\">Au-del\u00e0 de mon voyage \u00e0 l\u2019ile de la R\u00e9union, la recherche sur Google effectu\u00e9e par Guy Pignolet aura encore \u00e9t\u00e9 \u00e0 l\u2019origine d\u2019un autre \u00e9v\u00e8nement improbable&nbsp;: le 27 janvier 2007, dans le cadre d\u2019une soir\u00e9e organis\u00e9e \u00e0 Paris par l\u2019<a href=\"http:\/\/www.u3p.net\/\">U3P (Union pour la promotion de la propulsion photonique)<\/a>, rencontre avec l\u2019\u00e9crivain&nbsp;<a href=\"http:\/\/www.bernardwerber.com\/\">Bernard Werber<\/a>&nbsp;pour \u00e9voquer les voiliers solaires dans son dernier roman \u00ab&nbsp;le Papillon des \u00c9toiles&nbsp;\u00bb et dans le mien \u00ab&nbsp;Voyage en Acratie&nbsp;\u00bb. Il est \u00e0 noter que le d\u00e9bat a tr\u00e8s vite d\u00e9riv\u00e9 vers les diff\u00e9rentes visions de l\u2019avenir exprim\u00e9es dans nos romans respectifs. Un&nbsp;<a href=\"http:\/\/240plan.ovh.net\/~upngmmxw\/uppp\/ag2007\/index.html\">extrait de la vid\u00e9o<\/a>&nbsp;enregistr\u00e9e ce soir-l\u00e0 est disponible sur le site de l\u2019U3P. Mais la cons\u00e9quence la plus significative de ces bouleversements r\u00e9cents est que j\u2019ai d\u00e9cid\u00e9 de devenir mon propre \u00e9diteur. Le livre (en vraie pulpe d\u2019arbre)&nbsp;<strong>\u00ab&nbsp;Voyage en&nbsp;Arcadie&nbsp;\u00bb&nbsp;<\/strong>peut d\u00e9sormais \u00eatre achet\u00e9 en ligne sur le site Lulu.com&nbsp;:<\/p>\n\n\n\n<figure class=\"wp-block-image\"><img decoding=\"async\" src=\"http:\/\/i0.wp.com\/www.silicon-peace.com\/acratie\/wp-content\/uploads\/2010\/05\/CouvertureVoyageEnAcratie.jpg?resize=175%2C250\" alt=\"\" class=\"wp-image-22\" title=\"CouvertureVoyageEnAcratie\"\/><\/figure>\n\n\n\n<figure class=\"wp-block-image\"><img decoding=\"async\" src=\"https:\/\/i0.wp.com\/www.lulu.com\/images\/services\/buy_now_buttons\/fr\/book_blue.gif?w=730\" alt=\"Supportez la publication ind\u00e9pendante: Achetez ce livre sur Lulu.\"\/><\/figure>\n\n\n\n<p class=\"wp-block-paragraph\"><a href=\"http:\/\/www.lulu.com\/commerce\/index.php?fBuyContent=8528794\" target=\"mainFrame\" rel=\"noopener\">&nbsp;<\/a><\/p>\n\n\n\n<p class=\"wp-block-paragraph\">Ah, j\u2019oubliais&nbsp;: je viens de commencer l\u2019\u00e9criture de la suite de mes aventures dans le futur. L\u2019action se d\u00e9roule sur Terre, sur une ile qui a pour nom \u00ab&nbsp;La Fournaise&nbsp;\u00bb.<\/p>\n\n\n\n<p class=\"wp-block-paragraph\"><strong><em>28 Octobre 2006&nbsp;:<\/em><\/strong><\/p>\n\n\n\n<p class=\"wp-block-paragraph\">Les statistiques de mon site WEB indiquent qu\u2019une centaine d\u2019internautes t\u00e9l\u00e9chargent mon roman chaque mois. Combien le lisent r\u00e9ellement&nbsp;? Myst\u00e8re. Les trop rares commentaires re\u00e7us concernent l\u2019une ou l\u2019autre de mes nouvelles. Ces trois derni\u00e8res ann\u00e9es, je les ai pass\u00e9es dans d\u2019autres univers, loin de la litt\u00e9rature. Le futur aurait-il sombr\u00e9 dans le pass\u00e9&nbsp;? Non&nbsp;! Car dans quinze jours, je m\u2019envole pour l\u2019ile de la R\u00e9union. Un lecteur, qui se pr\u00e9sente comme \u00ab&nbsp;gardien de volcan&nbsp;\u00bb, m\u2019y invite afin de pr\u00e9senter mon roman aux visiteurs de la \u00ab&nbsp;F\u00eate de la Science&nbsp;\u00bb.<\/p>\n\n\n\n<p class=\"wp-block-paragraph\"><strong><em>4 Aout 2003&nbsp;:<\/em><\/strong><\/p>\n\n\n\n<p class=\"wp-block-paragraph\">Un grand merci \u00e0 Pedro de Mortcerf (France) pour avoir \u00e9t\u00e9 le premier \u00e0 m\u2019envoyer un petit encouragement. Prenez exemple sur lui&nbsp;!<\/p>\n\n\n\n<p class=\"wp-block-paragraph\"><strong><em>4 Juin 2003&nbsp;:<\/em><\/strong><\/p>\n\n\n\n<p class=\"wp-block-paragraph\">Est-ce de la paresse ou de la lucidit\u00e9 face \u00e0 la situation de l\u2019\u00e9dition de science-fiction francophone&nbsp;? Vaut-il la peine de consacrer tant d\u2019efforts et tant d\u2019argent \u00e0 la vaine recherche d\u2019un illusoire \u00e9diteur si les perspectives p\u00e9cuniaires sont r\u00e9put\u00e9es quasi nulles&nbsp;? Mais c\u2019est pour \u00eatre lu que l\u2019on \u00e9crit, pas pour gagner des sous, que diable&nbsp;! Certes&nbsp;! Mais m\u00eame si, par miracle, un \u00e9diteur prenait le risque de publier mes \u00e9lucubrations, combien de temps resteraient-elles disponibles dans les rayons des librairies&nbsp;? Selon les pratiques actuelles, la fen\u00eatre de vente d\u2019un livre est limit\u00e9e \u00e0 deux ou trois mois, apr\u00e8s quoi, il doit c\u00e9der la place aux petits nouveaux. Dans ces conditions, seuls les ouvrages b\u00e9n\u00e9ficiant d\u2019un battage m\u00e9diatique important ont une chance d\u2019avoir du succ\u00e8s, ind\u00e9pendamment du talent de l\u2019auteur. Sur les quatre \u00e9diteurs auxquels j\u2019ai adress\u00e9 mon manuscrit, deux m\u2019ont poliment fait savoir que mon ouvrage ne \u00ab&nbsp;correspondait pas au profil actuel de leurs collections&nbsp;\u00bb. Les deux autres n\u2019ont m\u00eame pas daign\u00e9 me donner la moindre r\u00e9ponse. J\u2019aurais bien s\u00fbr pu les relancer, envoyer des copies \u00e0 d\u2019autres \u00e9diteurs comme des bouteilles \u00e0 la mer, mais \u00e0 quoi bon&nbsp;?<\/p>\n\n\n\n<p class=\"wp-block-paragraph\">D\u2019autre part, lorsqu\u2019un auteur parvient \u00e0 d\u00e9crocher un contrat d\u2019\u00e9dition, il se retrouve pieds et poings li\u00e9s aux bons vouloirs de son g\u00e9n\u00e9reux \u00e9diteur qui, lui-m\u00eame, est plus ou moins d\u00e9pendant de la dictature des r\u00e9seaux de distribution. Avec les mouvements de concentrations que l\u2019on observe ces temps-ci, il n\u2019existera bient\u00f4t plus qu\u2019un seul grand conglom\u00e9rat dans l\u2019industrie du livre francophone.<\/p>\n\n\n\n<p class=\"wp-block-paragraph\">Que faire alors&nbsp;? Mon roman restera-t-il pour toujours loin des yeux avides des amateurs de mondes futurs&nbsp;? Non&nbsp;! Tout espoir n\u2019est pas perdu. Car, d\u00e8s aujourd\u2019hui, je deviens mon propre \u00e9diteur en ligne&nbsp;: vous pouvez<\/p>\n\n\n\n<p class=\"wp-block-paragraph\">acc\u00e9der en ligne \u00e0 mon roman et vous en d\u00e9lecter. Attention&nbsp;: il n\u2019est pas pour autant mis dans le domaine public. Il est mis \u00e0 disposition selon les termes de la&nbsp;<a href=\"http:\/\/creativecommons.org\/licenses\/by-nc-nd\/2.5\/ch\/deed.fr\">licence Creative Commons Paternit\u00e9 \u2013 Pas d\u2019Utilisation Commerciale \u2013 Pas de Modification 2.5 Suisse<\/a>. Gratuitement&nbsp;? Mais il est fou, me direz-vous&nbsp;! Son histoire, elle est vachement bien. Je suis pr\u00eat \u00e0 lui payer quelque chose\u2026<\/p>\n\n\n\n<p class=\"wp-block-paragraph\"><strong>Mise \u00e0 jour 2008.12.05&nbsp;:<\/strong><\/p>\n\n\n\n<p class=\"wp-block-paragraph\">Alors, pourquoi ne pas m\u2019<a href=\"http:\/\/www.lulu.com\/commerce\/index.php?fBuyContent=8528794\" target=\"_top\" rel=\"noopener\">acheter le livre<\/a>? En plus de pouvoir le lire confortablement en tout lieu suffisamment \u00e9clair\u00e9, vous pourrez le pr\u00eater ou l\u2019offrir \u00e0 vos amis.<\/p>\n\n\n\n<p class=\"wp-block-paragraph\"><strong><em>7 Juin 2002&nbsp;:<\/em><\/strong><\/p>\n\n\n\n<p class=\"wp-block-paragraph\">Presque deux ans se sont \u00e9coul\u00e9s depuis ma derni\u00e8re mise \u00e0 jour. Quel horrible manque de respect pour mes lecteurs&nbsp;! On est entr\u00e9 de plain-pied dans le 21e si\u00e8cle. Quelqu\u2019un avait dit qu\u2019il serait spirituel ou ne serait pas. Eh bien, il s\u2019est plant\u00e9 et je pense que c\u2019est tant mieux. Le 21e si\u00e8cle sera ce qu\u2019on en fera. Pour l\u2019instant, il ressemble comme un fr\u00e8re au 20e. Oh, il y a bien une l\u00e9g\u00e8re diff\u00e9rence&nbsp;: tout le monde partage un l\u00e9ger sentiment de honte de s\u2019\u00eatre laiss\u00e9 si facilement berner par les escrocs de la Nouvelle \u00c9conomie et du bug de l\u2019an 2000. Je suis enfin parvenu \u00e0 terminer mon roman. La longue qu\u00eate d\u2019un \u00e9diteur a d\u00e9marr\u00e9. Il ne me reste plus qu\u2019\u00e0 attendre et r\u00eaver au succ\u00e8s.<\/p>\n\n\n\n<p class=\"wp-block-paragraph\"><strong><em>1er Septembre 2000&nbsp;:<\/em><\/strong><\/p>\n\n\n\n<p class=\"wp-block-paragraph\">Il y a quelques ann\u00e9es, quelques paragraphes plus haut, je parlais d\u2019un d\u00e9but de d\u00e9cadence. C\u2019\u00e9tait la crise. Aujourd\u2019hui, un soup\u00e7on d\u2019optimiste semble souffler sur le monde. De nouvelles sondes sont lanc\u00e9es vers les plan\u00e8tes, m\u00eame si parfois elles ne font que s\u2019y \u00e9craser. On ne pr\u00e9pare pas encore l\u2019envoi d\u2019humains vers Mars, mais on ressort de vieux projets du fond des tiroirs. Juste pour voir \u00e0 quoi ils ressemblaient. Il est vrai que la mode n\u2019est plus \u00e0 l\u2019exploration de l\u2019espace. Ce qui est fun ces jours-ci, ce sont les nouvelles technologies, le virtuel et le sans-fil. La \u00ab&nbsp;convergence digitale&nbsp;\u00bb, comme disent les po\u00e8tes de la nouvelle \u00e9conomie. Je ne m\u2019en plains pas. D\u2019ailleurs, j\u2019en vis. Cela me donne m\u00eame l\u2019occasion de<\/p>\n\n\n\n<p class=\"wp-block-paragraph\"><a href=\"http:\/\/www.silicon-peace.com\/nouvelles\/quel-avenir-pour-le-futur\/110-un-clin-doeil-bride-sur-la-chine\/\" name=\"Un clin d'oeil (brid\u00e9) sur la Chine\"><\/a><\/p>\n\n\n\n<p class=\"wp-block-paragraph\">partir au bout du monde. Ha&nbsp;! Si les martiens voulaient bien se mettre \u00e0 la t\u00e9l\u00e9vision \u00e0 p\u00e9age, ce serait le pied. Mais on n\u2019en est pas l\u00e0. Pour l\u2019instant, j\u2019ai tant de boulot sur notre bonne vielle Terre. La r\u00e9daction de mon roman en souffre. Sa publication, si publication il y aura, sera plut\u00f4t pour 2002 que pour 2001. Pour patienter, il y a ces quelques bafouilles commises durant mes tendres ann\u00e9es.<\/p>\n\n\n\n<p class=\"wp-block-paragraph\"><strong><em>12 Septembre 1999&nbsp;:<\/em><\/strong><\/p>\n\n\n\n<p class=\"wp-block-paragraph\">Aujourd\u2019hui, par hasard, je suis tomb\u00e9 sur un tout petit texte que j\u2019avais \u00e9crit en d\u00e9but&nbsp;1998. J\u2019\u00e9tais alors gripp\u00e9 avec une forte fi\u00e8vre (env. 39&nbsp;\u00b0). En g\u00e9n\u00e9ral, \u00ab&nbsp;overclock\u00e9&nbsp;\u00bb \u00e0 ce point, un cerveau ne produit rien de bon. Pourtant, la solitude et un l\u00e9ger d\u00e9lire m\u2019ont inspir\u00e9&nbsp;: \u00ab Mon amour, d\u2019o\u00f9 viens-tu ? \u00bb. C\u2019est court, mais peut-\u00eatre ce que j\u2019ai \u00e9crit de mieux. J\u2019avais compl\u00e8tement oubli\u00e9 ce texte. Pourtant, il est \u00e0 la base de mon roman.<\/p>\n\n\n\n<p class=\"wp-block-paragraph\">R\u00e9flexion faite, pourquoi vous faire attendre pour le prologue de mon roman&nbsp;? C\u2019est vrai, si jamais la grande panne se produisait, vous ne pourriez m\u00eame pas le lire du tout. Alors, voil\u00e0&nbsp;: je vous l\u2019offre d\u00e8s maintenant.&nbsp;<a href=\"https:\/\/acratie.silicon-peace.com\/romans\/voyage-en-acratie\/prologue\/\">Bonne lecture<\/a>!<\/p>\n\n\n\n<p class=\"wp-block-paragraph\"><strong><em>Juin 1999&nbsp;:<\/em><\/strong><\/p>\n\n\n\n<p class=\"wp-block-paragraph\">Entre&nbsp;<a href=\"https:\/\/acratie.silicon-peace.com\/nouvelles\/quel-avenir-pour-le-futur\/planetes-vivantes\/\">Plan\u00e8tes vivantes<\/a>&nbsp;et&nbsp;<a href=\"https:\/\/acratie.silicon-peace.com\/nouvelles\/quel-avenir-pour-le-futur\/reunis-sur-mars\/\">R\u00e9unis sur Mars<\/a>, plus de cinq ans se sont \u00e9vapor\u00e9s et seulement une petite dizaine de nouvelles ont vu le jour. Il est temps de passer la vitesse sup\u00e9rieure. Depuis le d\u00e9but de l\u2019ann\u00e9e, je consacre une journ\u00e9e par semaine \u00e0 la r\u00e9daction d\u2019un roman. En cinq mois, une cinquantaine de pages ont \u00e9t\u00e9 \u00e9crites. L\u2019histoire compl\u00e8te devrait s\u2019\u00e9tendre sur au moins deux-cents pages. Rendez-vous donc chez votre libraire pr\u00e9f\u00e9r\u00e9 en 2001 ou 2002. Oh l\u00e0 l\u00e0&nbsp;! Je vois d\u2019ici vos mines d\u00e9confites&nbsp;: \u2013 Quoi&nbsp;? Il va nous falloir attendre tout ce temps pour d\u00e9couvrir d\u2019autres parcelles de ses visions&nbsp;! Mais c\u2019est insupportable&nbsp;!<\/p>\n\n\n\n<p class=\"wp-block-paragraph\">Rassurez-vous&nbsp;! D\u00e8s le 31 d\u00e9cembre 1999, pour f\u00eater dignement le passage \u00e0 l\u2019an 2000, vous trouverez ici m\u00eame le&nbsp;<a href=\"https:\/\/acratie.silicon-peace.com\/romans\/voyage-en-acratie\/prologue\/\">prologue<\/a>&nbsp;de mon roman. Et pour apaiser votre insatiable curiosit\u00e9, voici, en premi\u00e8re mondiale, universelle m\u00eame,&nbsp;<a href=\"https:\/\/silicon-peace.com\/Divers\/Roman\/decor_roman.html\">quelques esquisses du d\u00e9cor<\/a>&nbsp;dans lequel se d\u00e9roule la trame de mon r\u00e9cit.<\/p>\n\n\n\n<p class=\"wp-block-paragraph\"><strong><em>D\u00e9cembre 1998&nbsp;:<\/em><\/strong><\/p>\n\n\n\n<p class=\"wp-block-paragraph\">Avec le temps, la part de possible dans nos r\u00eaves tend \u00e0 s\u2019\u00e9vaporer. Ils prennent un gout amer. Les projeter sur ses enfants pourrait-il leur redonner leur saveur initiale&nbsp;?&nbsp;<a href=\"https:\/\/acratie.silicon-peace.com\/nouvelles\/quel-avenir-pour-le-futur\/dun-desert-a-lautre\/\">\u00ab D\u2019un d\u00e9sert \u00e0 l\u2019autre \u00bb<\/a>&nbsp;et&nbsp;<a href=\"https:\/\/acratie.silicon-peace.com\/nouvelles\/quel-avenir-pour-le-futur\/reunis-sur-mars\/\">\u00ab R\u00e9unis sur Mars \u00bb<\/a>&nbsp;sont le r\u00e9sultat pr\u00e9liminaire de cette projection et aussi des cadeaux d\u2019anniversaire originaux.<\/p>\n\n\n\n<p class=\"wp-block-paragraph\"><strong><em>D\u00e9cembre 1997&nbsp;:<\/em><\/strong><\/p>\n\n\n\n<p class=\"wp-block-paragraph\">D\u2019autres&nbsp;<a href=\"https:\/\/acratie.silicon-peace.com\/nouvelles\/quel-avenir-pour-le-futur\/pilier-42\/\">\u00e9toiles<\/a>&nbsp;traversent parfois notre ciel, y laissant des traces que l\u2019on ne parvient \u00e0 effacer.<\/p>\n\n\n\n<p class=\"wp-block-paragraph\"><strong><em>Mars 1997&nbsp;:<\/em><\/strong><\/p>\n\n\n\n<p class=\"wp-block-paragraph\">La vie continue avec ses pr\u00e9occupations diverses. L\u2019\u00e9criture est repass\u00e9e au second plan. Le passage de la com\u00e8te Hale-Bopp a r\u00e9veill\u00e9 mon inspiration et donn\u00e9 naissance \u00e0&nbsp;<a href=\"https:\/\/acratie.silicon-peace.com\/nouvelles\/quel-avenir-pour-le-futur\/pleiades\/\">\u00ab Pl\u00e9iades \u00bb<\/a>. Esp\u00e9rons que ce regain d\u2019int\u00e9r\u00eat pour la production litt\u00e9raire dure plus longtemps que la visite d\u2019une com\u00e8te.<\/p>\n\n\n\n<p class=\"wp-block-paragraph\"><strong><em>Juin 1995&nbsp;:<\/em><\/strong><\/p>\n\n\n\n<p class=\"wp-block-paragraph\">Tout le monde est plus ou moins pr\u00e9occup\u00e9 par le futur. Qu\u2019il s\u2019agisse de son propre avenir, de celui de son pays, du monde en g\u00e9n\u00e9ral, voire m\u00eame de l\u2019univers. De mon point de vue, le futur a toujours \u00e9t\u00e9 peupl\u00e9 de vaisseaux spatiaux, de petits hommes verts et autres cr\u00e9atures extraterrestres. J\u2019ai d\u00fb tomber dans une marmite de soucoupes volantes<\/p>\n\n\n\n<p class=\"wp-block-paragraph\"><a href=\"http:\/\/www.silicon-peace.com\/nouvelles\/lenfance-dun-reve\/\" target=\"_top\" name=\"quand j'\u00e9tais petit\" rel=\"noopener\"><\/a><\/p>\n\n\n\n<p class=\"wp-block-paragraph\">quand j\u2019\u00e9tais petit. Cette vision du monde de demain et d\u2019apr\u00e8s-demain \u00e9tait presque normale \u00e0 l\u2019\u00e9poque du programme Apollo. L\u2019arriv\u00e9e du premier homme sur Mars \u00e9tait pr\u00e9vue pour avant la fin du mill\u00e9naire et il n\u2019y avait aucune raison de s\u2019arr\u00eater en si bon chemin. La vitesse de la lumi\u00e8re \u00e9tait-elle un obstacle au voyage vers les \u00e9toiles&nbsp;? Sans importance&nbsp;! Il suffirait de construire et d\u2019envoyer vers d\u2019autres mondes de grandes iles spatiales abritant plusieurs milliers d\u2019hommes et de femmes. Ceux-ci n\u2019atteindraient jamais le but de leur voyage. Ce serait le privil\u00e8ge de leurs arri\u00e8res, arri\u00e8res, arri\u00e8res petits enfants que de fouler le sol de plan\u00e8tes inconnues, si possible aussi accueillantes que la Terre de leurs anc\u00eatres.<\/p>\n\n\n\n<p class=\"wp-block-paragraph\">C\u2019\u00e9tait le temps des futurs qui chantent. Malheureusement, les deux d\u00e9cennies suivantes ont vu les programmes spatiaux fondre comme com\u00e8te au soleil. Les rendez-vous avec l\u2019histoire furent rang\u00e9s au fond des tiroirs de la science-fiction.<\/p>\n\n\n\n<p class=\"wp-block-paragraph\">Le beau r\u00eave termin\u00e9, le monde se r\u00e9veille en proie \u00e0 de tr\u00e8s graves probl\u00e8mes sur une petite plan\u00e8te trop fragile. Paralys\u00e9e par la crise et sans vision d\u2019avenir, l\u2019humanit\u00e9 (du moins les nations occidentales) s\u2019enfonce lentement dans la m\u00e9diocrit\u00e9, pr\u00e9lude \u00e0 la d\u00e9cadence.<\/p>\n\n\n\n<p class=\"wp-block-paragraph\">Il est difficile de rester indiff\u00e9rent face \u00e0 une telle perspective. Personnellement, je n\u2019y arrive pas. Je me sens en cons\u00e9quence forc\u00e9 de r\u00e9agir.<br>En fait, je rejette le diagnostic dress\u00e9 ci-dessus. Pour moi, la situation est loin d\u2019\u00eatre d\u00e9sesp\u00e9r\u00e9e. Elle est s\u00e9rieuse et m\u00e9rite toute l\u2019attention n\u00e9cessaire. N\u00e9anmoins, elle ne doit pas mobiliser l\u2019ensemble des \u00e9nergies disponibles. Il faut de tout pour faire un monde. Enfin, presque de tout. On n\u2019a pas besoin des militaires, des trafiquants de drogues, des animateurs de sectes en tout genre, etc.<br>Surtout, il nous faut des visionnaires, r\u00e9alistes ou farfelus, pour redonner aux gens la conviction que l\u2019avenir vaut la peine d\u2019\u00eatre v\u00e9cu. Afin que nous trouvions tous le courage de nous attaquer aux difficult\u00e9s du pr\u00e9sent.<br>C\u2019est dans cette perspective que je me suis d\u00e9cid\u00e9 \u00e0 \u00e9crire. Pour d\u00e9crire un monde futur qui, bien que d\u2019une technicit\u00e9 extr\u00eame, ne serait finalement pas si diff\u00e9rent de celui dans lequel nous vivons actuellement, ni de celui dans lequel nos anc\u00eatres ont v\u00e9cu. Un monde dans lequel les gens vaquent \u00e0 leurs occupations, m\u00ealant les contingences quotidiennes \u00e0 la qu\u00eate \u00e9ternelle du bonheur. Tout simplement, un monde VIVANT.<\/p>\n\n\n\n<p class=\"wp-block-paragraph\">Le premier texte \u00e9crit dans cet esprit est&nbsp;<a href=\"https:\/\/acratie.silicon-peace.com\/nouvelles\/quel-avenir-pour-le-futur\/planetes-vivantes\/\">\u00ab Plan\u00e8tes vivantes \u00bb<\/a>. Il d\u00e9crit bri\u00e8vement ma vision de la trame de l\u2019histoire de la vie terrestre, dans le pass\u00e9, dans le pr\u00e9sent et dans le futur.<\/p>\n\n\n\n<p class=\"wp-block-paragraph\">J\u2019avais \u00e9crit ce texte en tant qu\u2019exercice dans le cadre d\u2019un cours \u00ab&nbsp;Mieux \u00e9crire&nbsp;\u00bb. Les id\u00e9es qui y \u00e9taient exprim\u00e9es ont \u00e9t\u00e9 diversement appr\u00e9ci\u00e9es. Mais il en ressortait principalement un sentiment d\u2019incr\u00e9dulit\u00e9 quant \u00e0 l\u2019envie que pourraient avoir des individus \u00e0 aller vivre sur la Lune, sur Mars ou plus loin encore de la Terre.<\/p>\n\n\n\n<p class=\"wp-block-paragraph\">Les textes suivants ont \u00e9t\u00e9 r\u00e9dig\u00e9s dans le but de r\u00e9pondre \u00e0 ce sentiment.&nbsp;<a href=\"https:\/\/acratie.silicon-peace.com\/nouvelles\/quel-avenir-pour-le-futur\/nouvelle-lune\/\">\u00ab Nouvelle Lune \u00bb<\/a>&nbsp;raconte une tranche de vie de Morgane Leganec sur une Lune en cours de terraformation. L\u2019action se situe \u00e0 plusieurs si\u00e8cles d\u2019ici. Le r\u00e9cit se termine sur deux \u00e9nigmes dont la combinaison pourrait laisser supposer l\u2019intervention de cr\u00e9atures extraterrestres dans le cours de l\u2019histoire pass\u00e9e et \u00e0 venir de l\u2019humanit\u00e9.<\/p>\n\n\n\n<p class=\"wp-block-paragraph\">Une telle intervention ne correspondrait pas aux objectifs vis\u00e9s. C\u2019est pourquoi j\u2019ai d\u00e9cid\u00e9 d\u2019\u00e9crire&nbsp;<a href=\"https:\/\/acratie.silicon-peace.com\/nouvelles\/quel-avenir-pour-le-futur\/sous-le-cromlech\/\">\u00ab&nbsp;Sous le cromlech&nbsp;\u00bb<\/a>&nbsp;et&nbsp;<a href=\"https:\/\/acratie.silicon-peace.com\/nouvelles\/quel-avenir-pour-le-futur\/retour-des-etoiles\/\">\u00ab&nbsp;Retour des \u00e9toiles&nbsp;\u00bb<\/a>. Ces deux courtes nouvelles fournissent une explication plus classique \u00e0 ces \u00e9nigmes tout en me permettant de poursuivre la description des conditions de vie de nos lointains descendants.<\/p>\n\n\n\n<p class=\"wp-block-paragraph\">Tous ces r\u00e9cits n\u2019ont eu droit qu\u2019\u00e0 une diffusion tr\u00e8s confidentielle. Je n\u2019imaginais pas que ma prose puisse int\u00e9resser un vaste public. La d\u00e9cision du jury du concours \u00ab&nbsp;Aujourd\u2019hui 2010&nbsp;\u00bb de m\u2019accorder le premier prix m\u2019a oblig\u00e9 \u00e0 reconsid\u00e9rer cette position.<\/p>\n\n\n\n<p class=\"wp-block-paragraph\">Pour participer \u00e0 ce concours, il fallait d\u00e9crire une tranche de vie en l\u2019an 2010 en fonction des d\u00e9veloppements technologiques plausibles \u00e0 cette date. 2010 \u00e9tait trop proche de nous pour je puisse y situer un r\u00e9cit dans la m\u00eame veine que les pr\u00e9c\u00e9dents. C\u2019est pourquoi j\u2019ai choisi la technique du flashback. Dans&nbsp;<a href=\"https:\/\/acratie.silicon-peace.com\/nouvelles\/quel-avenir-pour-le-futur\/hier-sur-la-lune\/\">\u00ab&nbsp;Hier sur la Lune&nbsp;\u00bb<\/a>, Morgane Leganec raconte la l\u00e9gende de Klaus, le ma\u00e7on lunaire. Cette l\u00e9gende repr\u00e9sente pour les habitants de la Lune ce que la l\u00e9gende de Romus et Romulus repr\u00e9sentait pour ceux de l\u2019Empire romain.<\/p>\n\n\n\n<div class=\"sharedaddy sd-sharing-enabled\">&nbsp;<\/div>\n","protected":false},"excerpt":{"rendered":"<p>14 janvier&nbsp;2018\u2009: Mon 4e roman est enfin en cours d&rsquo;ach\u00e8vement. Sa structure dans ce site a \u00e9t\u00e9 mise en place aujourd&rsquo;hui. Le contenu des chapitres sera ajout\u00e9 plus tard. Dans l&rsquo;intervalle, vous pourrez me commander le livre en vrai pulpe d&rsquo;arbre&#8230; Enfin, d\u00e8s sa publication, bien \u00e9videmment. 11 mai&nbsp;2016\u2009: Voila&nbsp;! Le site \u00ab\u00a0Acratie\u00a0\u00bb que tu <a class=\"more-link\" href=\"https:\/\/silicon-peace.com\/acratie\/\">Lire plus &#8230;<\/a><\/p>\n","protected":false},"author":3,"featured_media":0,"parent":0,"menu_order":0,"comment_status":"closed","ping_status":"closed","template":"","meta":{"footnotes":""},"class_list":["post-8","page","type-page","status-publish","hentry"],"_links":{"self":[{"href":"https:\/\/silicon-peace.com\/acratie\/wp-json\/wp\/v2\/pages\/8","targetHints":{"allow":["GET"]}}],"collection":[{"href":"https:\/\/silicon-peace.com\/acratie\/wp-json\/wp\/v2\/pages"}],"about":[{"href":"https:\/\/silicon-peace.com\/acratie\/wp-json\/wp\/v2\/types\/page"}],"author":[{"embeddable":true,"href":"https:\/\/silicon-peace.com\/acratie\/wp-json\/wp\/v2\/users\/3"}],"replies":[{"embeddable":true,"href":"https:\/\/silicon-peace.com\/acratie\/wp-json\/wp\/v2\/comments?post=8"}],"version-history":[{"count":16,"href":"https:\/\/silicon-peace.com\/acratie\/wp-json\/wp\/v2\/pages\/8\/revisions"}],"predecessor-version":[{"id":830,"href":"https:\/\/silicon-peace.com\/acratie\/wp-json\/wp\/v2\/pages\/8\/revisions\/830"}],"wp:attachment":[{"href":"https:\/\/silicon-peace.com\/acratie\/wp-json\/wp\/v2\/media?parent=8"}],"curies":[{"name":"wp","href":"https:\/\/api.w.org\/{rel}","templated":true}]}}