{"id":496,"date":"2016-05-03T10:00:10","date_gmt":"2016-05-03T08:00:10","guid":{"rendered":"https:\/\/acratie.silicon-peace.com\/?page_id=496"},"modified":"2018-01-14T11:52:43","modified_gmt":"2018-01-14T10:52:43","slug":"annexe-1-introduction-aux-calendriers-de-leclosion","status":"publish","type":"page","link":"https:\/\/silicon-peace.com\/acratie\/romans\/confederatio-acraticae\/annexe-1-introduction-aux-calendriers-de-leclosion\/","title":{"rendered":"Annexe 1 \u2013 Introduction aux calendriers de l\u2019\u00c9closion"},"content":{"rendered":"<p><em>Note pr\u00e9liminaire<strong>\u00a0:\u00a0<\/strong><\/em>Pour acc\u00e9der \u00e0 plus de d\u00e9tails concernant les anciens calendriers, des liens sont propos\u00e9s qui pointent vers la partie du R\u00e9seau regroupant l\u2019ensemble des archives du vaisseau interstellaire Santa-Maria, plus pr\u00e9cis\u00e9ment la section qui contient la copie int\u00e9grale du R\u00e9seau (autrefois appel\u00e9 Internet) dans son \u00e9tat lors du d\u00e9part du vaisseau en direction d\u2019Alpha du Centaure. Les\u00a0<abbr title=\"Oui ! Tu as trouv\u00e9 ! Bravo !\">mots soulign\u00e9s par des petits points<\/abbr>\u00a0d\u00e9voilent un commentaire lorsqu\u2019on les titille.<\/p>\n<p>Il est difficile de d\u00e9terminer quand le premier calendrier a \u00e9t\u00e9 invent\u00e9 par une soci\u00e9t\u00e9 humaine. Les arch\u00e9ologues ont retrouv\u00e9 des indices de leurs utilisations remontant \u00e0 bien avant l\u2019invention de l\u2019\u00e9criture. Le besoin de calendriers remonte peut-\u00eatre \u00e0 l\u2019\u00e9poque o\u00f9 les premiers hominid\u00e9s se sont aventur\u00e9s en dehors de leur berceau de l\u2019Afrique \u00e9quatoriale et ont \u00e9t\u00e9 confront\u00e9s avec le ph\u00e9nom\u00e8ne des saisons.<\/p>\n<p>Depuis lors, chaque groupe humain, chaque soci\u00e9t\u00e9, chaque civilisation s\u2019est fabriqu\u00e9 un outil conceptuel pour mesurer les principaux cycles qui rythmaient son existence\u00a0: le jour et la nuit, les phases de la lune, le passage des saisons. Pour des raisons pratiques, il a aussi ajout\u00e9 d\u2019autres cycles sur des bases purement culturelles, telles la semaine de sept jours ou la d\u00e9cade de dix jours, les \u00e8res li\u00e9es \u00e0 la vie d\u2019un souverain, etc.<\/p>\n<p>Le d\u00e9but d\u2019un calendrier correspond g\u00e9n\u00e9ralement \u00e0 un \u00e9v\u00e8nement historique marquant de la soci\u00e9t\u00e9 qui l\u2019utilise, renfor\u00e7ant ainsi le caract\u00e8re structurant de sa culture.<\/p>\n<p>La presque totalit\u00e9 des calendriers ayant \u00e9t\u00e9 con\u00e7us avant l\u2019introduction du chiffre z\u00e9ro dans la num\u00e9ration locale, leurs cycles commencent g\u00e9n\u00e9ralement par le nombre\u00a01. Avec l\u2019adoption g\u00e9n\u00e9ralis\u00e9e des m\u00e9thodes de la science occidentale dans le d\u00e9veloppement technologique et de nombreux usages de la vie courante, cette anomalie de la notation, parmi d\u2019autres, a pos\u00e9 un certain nombre de probl\u00e8mes pratiques. D\u2019un point de vue anecdotique, on peut mentionner la confusion qui a r\u00e9gn\u00e9 concernant la date exacte du passage au troisi\u00e8me mill\u00e9naire du calendrier occidental. \u00c9tait-ce le 1er janvier 2000 ou 2001? Il est \u00e0 noter que cette confusion n\u2019est pas li\u00e9e \u00e0 ce que l\u2019on avait nomm\u00e9 alors le bug de l\u2019an\u00a02000. Plus pratiquement, l\u2019absence d\u2019ann\u00e9e\u00a00 (z\u00e9ro) posait probl\u00e8me aux historiens et arch\u00e9ologues qui cherchaient \u00e0 dater des \u00e9v\u00e8nements ant\u00e9rieurs au d\u00e9but de leurs calendriers. Pour l\u2019astronomie qui a une forte base math\u00e9matique, ce probl\u00e8me a \u00e9t\u00e9 r\u00e9solu en cr\u00e9ant un calendrier sp\u00e9cifique, justement d\u00e9nomm\u00e9 \u00ab\u202fcalendrier astronomique\u202f\u00bb identique au calendrier occidental, \u00e0 l\u2019exception de la pr\u00e9sence d\u2019une ann\u00e9e\u00a00, pr\u00e9c\u00e9dant l\u2019ann\u00e9e\u00a01. Les dates astronomiques ant\u00e9rieures au d\u00e9but sont dans ce cas d\u00e9cal\u00e9es d\u2019une ann\u00e9e par rapport \u00e0 l\u2019usage des historiens.<\/p>\n<p><strong>Calendrier terrestre gr\u00e9gorien<\/strong><\/p>\n<p>\u2014 dur\u00e9e d\u2019un jour terrestre\u202f: 86\u2019400 secondes<br \/>\n\u2014 dur\u00e9e de l\u2019ann\u00e9e terrestre\u202f: 365.2425 jours terrestres<\/p>\n<p>Aux alentours de l\u2019\u00e9closion, le calendrier occidental, aussi appel\u00e9 calendrier gr\u00e9gorien, du nom du chef religieux qui en avait ordonn\u00e9 l\u2019\u00e9laboration, avait vu son usage se g\u00e9n\u00e9raliser \u00e0\u00a0<abbr title=\"\u00c0 l'\u00e9poque, les rares incursions humaines au-del\u00e0 de l'atmosph\u00e8re terrestre n'avaient pas encore rendu n\u00e9cessaire l'\u00e9laboration de calendriers ind\u00e9pendants du mouvement de cette plan\u00e8te.\">l\u2019ensemble de la plan\u00e8te\u00a0Terre<\/abbr>, sans toutefois remplacer totalement les calendriers locaux. Ce calendrier avait l\u2019avantage, outre celui d\u2019\u00eatre issu de la culture dominante de l\u2019\u00e9poque, d\u2019\u00eatre le plus pr\u00e9cis dans sa description de l\u2019ann\u00e9e solaire. Il n\u2019\u00e9tait toutefois pas exempt d\u2019une inutile complexit\u00e9 h\u00e9rit\u00e9e de ses pr\u00e9d\u00e9cesseurs.<\/p>\n<div id=\"attachment_1873\" class=\"wp-caption aligncenter\">\n<p><img loading=\"lazy\" decoding=\"async\" class=\"aligncenter wp-image-498 size-full\" src=\"https:\/\/acratie.silicon-peace.com\/wp-content\/uploads\/2016\/05\/GregorianCalendar.jpg\" alt=\"GregorianCalendar\" width=\"750\" height=\"750\" srcset=\"https:\/\/silicon-peace.com\/acratie\/wp-content\/uploads\/2016\/05\/GregorianCalendar.jpg 750w, https:\/\/silicon-peace.com\/acratie\/wp-content\/uploads\/2016\/05\/GregorianCalendar-150x150.jpg 150w, https:\/\/silicon-peace.com\/acratie\/wp-content\/uploads\/2016\/05\/GregorianCalendar-300x300.jpg 300w, https:\/\/silicon-peace.com\/acratie\/wp-content\/uploads\/2016\/05\/GregorianCalendar-200x200.jpg 200w\" sizes=\"auto, (max-width: 750px) 100vw, 750px\" \/><\/p>\n<p class=\"wp-caption-text\">Ce calendrier est apparu dans l\u2019Europe chr\u00e9tienne plusieurs si\u00e8cles avant l\u2019\u00c9closion. Il \u00e9tait utilis\u00e9 sur toute la plan\u00e8te en parall\u00e8le avec des calendriers traditionnels r\u00e9gionaux.<\/p>\n<\/div>\n<p>Dans les gigasecondes qui ont suivi l\u2019\u00c9closion, la pr\u00e9dominance de ce calendrier fut remise en question pour deux raisons\u202f:<\/p>\n<p>\u2014 Premi\u00e8rement, en contrer\u00e9action \u00e0 la globalisation de l\u2019\u00e9conomie et \u00e0 ses exc\u00e8s, de nombreux mouvements de d\u00e9fense de l\u2019identit\u00e9 culturelle et religieuse r\u00e9gionale se sont d\u00e9velopp\u00e9s. Ceux-ci ont ainsi remis en question l\u2019usage de ce calendrier d\u2019origine chr\u00e9tienne au profit des calendriers traditionnels.<br \/>\n\u2014 Deuxi\u00e8mement, avec la cr\u00e9ation des premiers habitats extraterrestres, il est devenu \u00e9vident qu\u2019aucun des calendriers existants n\u2019\u00e9tait adapt\u00e9 \u00e0 l\u2019usage de leurs habitants.<\/p>\n<p>La d\u00e9finition d\u2019un nouveau calendrier totalement ind\u00e9pendant des traditions culturelles \u00e9tait devenue imp\u00e9rative. Au cours des si\u00e8cles pass\u00e9s, d\u2019innombrables calendriers alternatifs ont \u00e9t\u00e9 propos\u00e9s, mais tous conservaient une trop grande complexit\u00e9, lorsqu\u2019ils ne l\u2019augmentaient pas, \u00e9taient impr\u00e9gn\u00e9s des influences culturelles qui avaient motiv\u00e9 leur cr\u00e9ation, et surtout, aucun n\u2019\u00e9tait adapt\u00e9 aux conditions d\u2019existence des habitants de l\u2019espace.<\/p>\n<p>Durant de tr\u00e8s nombreuses m\u00e9gasecondes, d\u2019innombrables commissions furent charg\u00e9es de l\u2019\u00e9laboration d\u2019un calendrier universel qui r\u00e9pondrait \u00e0 tous les besoins. Mais aucun consensus ne parvenait \u00e0 s\u2019\u00e9tablir. Dans la pratique, sur Terre, on continua \u00e0 utiliser les calendriers traditionnels \u00e0 force de conversions plus ou moins entach\u00e9es d\u2019erreurs et de confusions. Dans l\u2019espace, l\u2019adoption des calendriers terrestres \u00e9tant rejet\u00e9e tant pour des raisons pratiques que par l\u2019affirmation d\u2019une identit\u00e9 culturelle propre, on chercha une solution non terrestre. Mais l\u00e0 aussi, il n\u2019\u00e9tait pas \u00e9vident de concilier les besoins des diff\u00e9rentes communaut\u00e9s. Si sur la Lune, il paraissait \u00e9vident de baser le nouveau calendrier sur la dur\u00e9e du jour lunaire, cela n\u2019avait aucun int\u00e9r\u00eat pour les occupants des habitats en orbite terrestre ni pour l\u2019avant-poste \u00e9tabli sur Mars.<\/p>\n<p>Le seul point sur lequel tout le monde \u00e9tait d\u2019accord, c\u2019\u00e9tait l\u2019usage de la seconde comme unit\u00e9 de base commune. On r\u00e9alisa que depuis toujours, les ordinateurs utilisaient cette unit\u00e9 comme base pour la mesure de tous les temps internes. Oh! bien s\u00fbr, chaque syst\u00e8me d\u2019exploitation avait d\u00e9fini son propre instant initial selon des r\u00e9f\u00e9rences culturelles (une fois de plus) choisies plus ou moins arbitrairement par les ing\u00e9nieurs charg\u00e9s de la question. Pourtant, un instant de r\u00e9f\u00e9rence avait un statut particulier: le temps UNIX, utilis\u00e9 par ce syst\u00e8me d\u2019exploitation. Bien qu\u2019initialement peu d\u2019ordinateurs \u00e9taient bas\u00e9s sur ce syst\u00e8me, l\u2019infrastructure de communication mondiale, que l\u2019on nommait alors \u00ab\u202fInternet\u202f\u00bb, avait adopt\u00e9 cette base de temps, c\u2019est \u00e0 dire le 1er janvier 1970 \u00e0 00:00:00 GMT. Par un heureux hasard, cette date co\u00efncide, \u00e0 une demi-ann\u00e9e terrestre pr\u00e8s, au premier pas d\u2019un \u00eatre humain sur la Lune. Au-del\u00e0 des rivalit\u00e9s g\u00e9opolitiques de l\u2019\u00e9poque, il fut reconnu que cette date correspondait admirablement aux moments marquants aptes \u00e0 servir de point de d\u00e9part pour un nouveau calendrier. De plus et ce n\u2019est pas \u00e0 n\u00e9gliger si l\u2019on tient compte du contexte \u00e9conomique de l\u2019\u00e9poque, vu que son utilisation \u00e9tait d\u00e9j\u00e0 universellement adopt\u00e9e, il n\u2019y avait pratiquement aucun cout suppl\u00e9mentaire.<\/p>\n<p>Il fut donc d\u00e9cid\u00e9 que le nombre de secondes depuis le 1er janvier 1970 du calendrier occidental serait la seule r\u00e9f\u00e9rence temporelle accept\u00e9e officiellement. Mais un nombre de secondes ne respecte pas la principale caract\u00e9ristique d\u2019un calendrier qui est de reproduire les cycles rythmant l\u2019existence d\u2019une population. Ce consensus minimaliste ne r\u00e9solvait apparemment pas le probl\u00e8me initial qui \u00e9tait de d\u00e9finir un calendrier commun \u00e0 l\u2019ensemble des soci\u00e9t\u00e9s humaines.<\/p>\n<p>Ce n\u2019\u00e9tait qu\u2019une apparence, car cela permit enfin de r\u00e9aliser qu\u2019il \u00e9tait illusoire de chercher un calendrier unique, que cela n\u2019avait pas de sens, de la m\u00eame mani\u00e8re qu\u2019il n\u2019y aurait pas de sens d\u2019imposer les m\u00eames pratiques vestimentaires aux p\u00f4les que sous les tropiques. Tous les actes officiels \u00e9taient dor\u00e9navant dat\u00e9s sur la base du nombre de secondes, mais ces dates seraient implicitement converties vers le calendrier pr\u00e9f\u00e9r\u00e9 de l\u2019usager.<\/p>\n<p>De cette nouvelle situation, il d\u00e9coula un certain nombre de faits importants\u202f:<\/p>\n<p>\u2014 Il n\u2019y avait plus de concurrence entre les diff\u00e9rents calendriers, donc plus de tentatives d\u2019en imposer l\u2019usage. Chaque r\u00e9gion, chaque culture, chaque religion et chaque individu \u00e9tait libre d\u2019utiliser le calendrier qui lui convenait le mieux. De cette libert\u00e9, il d\u00e9coula la cr\u00e9ation d\u2019une multitude de nouveaux calendriers, souvent tr\u00e8s adapt\u00e9s aux besoins locaux, parfois farfelus ou m\u00eame uniquement le pr\u00e9texte \u00e0 de grosses farces.<br \/>\n\u2014 Il devenait enfin possible de r\u00e9soudre \u00e9l\u00e9gamment toute la gestion du temps et des dates dans l\u2019infrastructure informatique, \u00e9vitant ainsi que ne se reproduisent des crises telles que celle du bug de l\u2019an\u00a02000.<br \/>\n\u2014 Il devint n\u00e9cessaire de trouver une nouvelle d\u00e9finition de la dur\u00e9e d\u2019une seconde qui soit ind\u00e9pendante des distorsions temporelles d\u00e9crites par les th\u00e9ories de la relativit\u00e9 restreinte et g\u00e9n\u00e9rale.<br \/>\n\u2014 Le choix de la date approximative du premier pas humain sur la Lune comme instant z\u00e9ro avait bien une forte valeur symbolique pour tous ceux qui vivaient en dehors du puits gravitationnel de la Terre, mais elle \u00e9tait bien moindre pour ceux qui en restaient prisonniers. Pourtant, c\u2019est cette m\u00eame ann\u00e9e\u00a01970 que fut command\u00e9e l\u2019\u00e9tude publi\u00e9e deux ans plus tard par le Club de Rome sous le titre \u00ab\u202fThe limits to growth\u202f\u00bb\u00a0(en fran\u00e7ais \u00ab\u202fHalte \u00e0 la croissance ?\u202f\u00bb). Ce rapport pr\u00e9monitoire fut en son temps presque unanimement d\u00e9nigr\u00e9 et rejet\u00e9, car il \u00e9tait totalement iconoclaste et remettait en cause le dogme alors absolu de la croissance \u00e9conomique. Les changements climatiques et l\u2019effondrement des nations industrielles dans le si\u00e8cle suivant d\u00e9montr\u00e8rent largement la pertinence de ce rapport. Il devint m\u00eame un texte incontournable dont l\u2019\u00e9tude fut rendue\u00a0<abbr title=\"En ce temps-l\u00e0, l\u2019Acratie n\u2019\u00e9tait pas encore \u00e9tablie. Il \u00e9tait alors de pratique courante de rendre obligatoires les comportements que \u00ab\u202fl\u2019autorit\u00e9\u202f\u00bb jugeait n\u00e9cessaires.\">obligatoire<\/abbr>\u00a0pour tous les \u00e9coliers de la plan\u00e8te.<\/p>\n<p>Ainsi, cette date devint celle marquant le renouveau pour les deux composantes de l\u2019humanit\u00e9, la terrestre et l\u2019extraterrestre. On nomma cet instant l\u2019\u00c9closion! \u00c9closion du bourgeon qui s\u2019ouvrait sur une nouvelle harmonie avec la nature et \u00e9closion de la fleur qui d\u00e9ployait sa corole sur l\u2019ensemble du syst\u00e8me solaire.<\/p>\n<p>Apr\u00e8s une p\u00e9riode d\u2019effervescence, un nombre r\u00e9duit de calendriers finirent par s\u2019imposer, un par plan\u00e8te ou lune habit\u00e9e. Les principaux seront d\u00e9crits ci-dessous, en commen\u00e7ant par celui qui est utilis\u00e9 dans les habitats non plan\u00e9taires, les stations orbitales, les ast\u00e9ro\u00efdes miniers et les vaisseaux interplan\u00e9taires.<\/p>\n<p><strong>Calendrier d\u00e9cimal universel<\/strong><\/p>\n<p>\u2014 dur\u00e9e d\u2019un jour d\u00e9cimal\u202f: 100\u2019000 secondes<br \/>\n\u2014 dur\u00e9e de l\u2019ann\u00e9e d\u00e9cimale\u202f: 1\u2019000 jours d\u00e9cimaux<\/p>\n<p>Sur les plan\u00e8tes et les lunes, la rotation propre de l\u2019astre impose une succession de jours et de nuits qui constitue une contrainte forte sur les calendriers locaux. En l\u2019absence d\u2019une telle rotation ou lorsque la p\u00e9riode de cette rotation est trop \u00e9loign\u00e9e du cycle circadien humain h\u00e9rit\u00e9 de son \u00e9volution terrestre, on a adopt\u00e9 un calendrier purement d\u00e9cimal. \u00c0 l\u2019instar des intervalles de temps inf\u00e9rieurs \u00e0 une seconde qui \u00e9taient depuis longtemps exprim\u00e9s en millisecondes, microsecondes, nanosecondes, etc., les intervalles de temps sup\u00e9rieurs \u00e0 une seconde sont simplement exprim\u00e9s en secondes, kilosecondes, m\u00e9gasecondes ou gigasecondes. Les dates sont de la m\u00eame mani\u00e8re exprim\u00e9es en secondes, kilosecondes, m\u00e9gasecondes et gigasecondes depuis l\u2019\u00c9closion. Ainsi, on dira que tel \u00e9v\u00e8nement s\u2019est produit \u00e0 12 gigas, 524 megas, 981 kilos et 47 secondes.<\/p>\n<p>Pour des raisons pratiques, on d\u00e9finit le jour d\u00e9cimal comme valant 100 kilosecondes, soit environ 28 heures terrestres. On avait \u00e9galement propos\u00e9 la d\u00e9cade valant 10 jours d\u00e9cimaux, mais comme une d\u00e9cade correspond \u00e9galement \u00e0 une m\u00e9gaseconde, ce terme n\u2019est pas parvenu \u00e0 s\u2019imposer. On d\u00e9finit aussi l\u2019ann\u00e9e d\u00e9cimale comme valant 100 m\u00e9gasecondes, soit 1000 jours d\u00e9cimaux ou environ 3 ans terrestres. Finalement, il faut mentionner la dur\u00e9e de 10 m\u00e9gasecondes qui est parfois nomm\u00e9e saison d\u00e9cimale ou mois d\u00e9cimal, sans qu\u2019il y ait de consensus \u00e0 ce sujet.<\/p>\n<p><em>Anecdote:<\/em>\u00a0On peut mentionner que de nombreuses personnes f\u00eatent leurs gigasecondes, un \u00e9v\u00e8nement qui ne se produit que trois ou quatre fois dans une vie humaine.<\/p>\n<p>Il est \u00e0 noter que le qualificatif \u00ab\u202fd\u00e9cimal\u202f\u00bb\u00a0n\u2019est sp\u00e9cifi\u00e9 que par les personnes qui n\u2019utilisent pas ce calendrier de mani\u00e8re courante.<\/p>\n<p>Afin de faciliter la lecture des dates exprim\u00e9es dans le calendrier d\u00e9cimal, le nombre de secondes est d\u00e9compos\u00e9 en groupes d\u2019un \u00e0 trois chiffres isol\u00e9s par des s\u00e9parateurs. La norme ISO 8601:15\u20198.\u2013\u2018-.\u2013\u2018\u2014 (en vieil anglais, ISO signifie Interplanetary Standardization Organisation) sp\u00e9cifie que le caract\u00e8re \u00ab\u202f\u2019\u202f\u00bb doit \u00eatre ins\u00e9r\u00e9e tous les 3 chiffres permettant ainsi de distinguer ais\u00e9ment les secondes, kilosecondes, m\u00e9gasecondes et gigasecondes. Cette norme sp\u00e9cifie \u00e9galement l\u2019insertion de caract\u00e8res \u00ab\u202f.\u202f\u00bb\u00a0afin de distinguer imm\u00e9diatement le jour d\u00e9cimal et l\u2019ann\u00e9e d\u00e9cimale. La date\u00a09876543210 (22 d\u00e9cembre 2282 dans le calendrier gr\u00e9gorien) doit, selon la norme, \u00eatre affich\u00e9 ainsi: 9\u20198.76\u20195.43\u2019210 .<\/p>\n<p>Toutefois, des variantes locales sont utilis\u00e9es ici ou l\u00e0. Par exemple, deux notations diff\u00e9rentes sont utilis\u00e9es dans le vaisseau interstellaire Rama (actuellement en route vers les \u00e9toiles). Dans la couronne terrestre, cette date est exprim\u00e9e sous la forme\u00a09.876:5.43:210, alors que dans le c\u0153ur du vaisseau, les z\u00e9rog\u00e9s utilisent la forme 9:8.76:5.43:210 .<\/p>\n<div id=\"attachment_1872\" class=\"wp-caption aligncenter\">\n<p><img loading=\"lazy\" decoding=\"async\" class=\"aligncenter wp-image-497 size-full\" src=\"https:\/\/acratie.silicon-peace.com\/wp-content\/uploads\/2016\/05\/DecimalCalendar.jpg\" alt=\"DecimalCalendar\" width=\"750\" height=\"750\" srcset=\"https:\/\/silicon-peace.com\/acratie\/wp-content\/uploads\/2016\/05\/DecimalCalendar.jpg 750w, https:\/\/silicon-peace.com\/acratie\/wp-content\/uploads\/2016\/05\/DecimalCalendar-150x150.jpg 150w, https:\/\/silicon-peace.com\/acratie\/wp-content\/uploads\/2016\/05\/DecimalCalendar-300x300.jpg 300w, https:\/\/silicon-peace.com\/acratie\/wp-content\/uploads\/2016\/05\/DecimalCalendar-200x200.jpg 200w\" sizes=\"auto, (max-width: 750px) 100vw, 750px\" \/><\/p>\n<p class=\"wp-caption-text\">Ce calendrier compte simplement les secondes \u00e9coul\u00e9es depuis l\u2019\u00c9closion. 1 jour d\u00e9cimal est \u00e9quivalent \u00e0 100\u2019000 secondes, 1 ann\u00e9e d\u00e9cimale \u00e0 1000 jours d\u00e9cimaux.<\/p>\n<\/div>\n<p><strong>Calendrier terrestre de l\u2019\u00c9closion<\/strong><\/p>\n<p>\u2014 dur\u00e9e d\u2019un jour terrestre: 86\u2019400 secondes<br \/>\n\u2014 dur\u00e9e de l\u2019ann\u00e9e terrestre: 365.2425 jours terrestres<\/p>\n<p>Bien que manquant de coh\u00e9rence, le syst\u00e8me des heures, minutes et secondes pour mesurer les temps inf\u00e9rieurs \u00e0 un jour, en usage depuis des si\u00e8cles sur Terre s\u2019est maintenu parce qu\u2019il permettait de diviser le jour en un\u00a0<abbr title=\"Des secondes intercalaires sont ajout\u00e9es ou retranch\u00e9es au besoin pour compenser les irr\u00e9gularit\u00e9s de la rotation de la plan\u00e8te. Cette pratique, utile \u00e0 l'astronomie, \u00e9tait d\u00e9j\u00e0 en usage aux alentours de l'\u00c9closion, mais avait \u00e9t\u00e9 abandonn\u00e9e en raison des difficult\u00e9s qui en r\u00e9sultaient pour la d\u00e9termination correcte d'intervalles de temps longs dans les autres disciplines scientifiques. Avec l'adoption du nombre de secondes depuis l'\u00c9closion comme base de temps unique, ces difficult\u00e9s ont disparu et l'adjonction des secondes intercalaires r\u00e9introduite. Ces secondes intercalaires sont r\u00e9pertori\u00e9es dans des tables remplies au fur et \u00e0 mesure, \u00e9tant donn\u00e9 qu'il n'est pas possible de les construire \u00e0 l'avance. Il n'est \u00e9galement pas possible de les reconstituer \u00e0 post\u00e9riori, mais cela ne pose pas de probl\u00e8me r\u00e9el, car l'\u00e9cart induit est largement inf\u00e9rieur \u00e0 la pr\u00e9cision des mesures faites \u00e0 l'\u00e9poque.\">nombre entier de cycles<\/abbr>. H\u00e9rit\u00e9 du syst\u00e8me de num\u00e9ration sexag\u00e9simal des Babyloniens, il d\u00e9coupe une journ\u00e9e en 24 heures de 60 minutes de 60 secondes. Contrairement \u00e0 ce que croient de nombreuses personnes dans le syst\u00e8me solaire, ce n\u2019est pas une co\u00efncidence que le jour terrestre peut se d\u00e9couper en un nombre exact de secondes. C\u2019est la seconde qui a \u00e9t\u00e9 d\u00e9finie \u00e0 l\u2019origine comme une fraction de la dur\u00e9e d\u2019un jour terrestre.<\/p>\n<p>Une ann\u00e9e tropique terrestre dure approximativement 365,2425 jours. Comme ce nombre n\u2019est pas entier, tout calendrier terrestre doit comporter un m\u00e9canisme d\u2019adjonction ou de retrait de jours pour \u00e9viter une d\u00e9rive saisonni\u00e8re. L\u2019ann\u00e9e compte donc 365 jours, plus un \u00e9ventuel jour suppl\u00e9mentaire. L\u2019algorithme retenu \u00e0 cet effet est celui des ann\u00e9es bissextiles introduites par le calendrier occidental, soit l\u2019ajout d\u2019un jour suppl\u00e9mentaire tous les quatre ans, sauf si le num\u00e9ro de l\u2019ann\u00e9e est divisible par 100 et pas par 400.<\/p>\n<p>L\u2019ann\u00e9e terrestre est divis\u00e9e en mois d\u2019une dur\u00e9e proche de celle d\u2019un cycle lunaire. La dur\u00e9e de ce mois varie suivant les calendriers. Le calendrier terrestre de l\u2019\u00c9closion le fixe \u00e0 28 jours, ce qui donne une ann\u00e9e de 13 mois, soit 364 jours. Un jour suppl\u00e9mentaire est n\u00e9cessaire pour atteindre les 365 jours de l\u2019ann\u00e9e normale. Ce jour est rajout\u00e9 en fin d\u2019ann\u00e9e en m\u00eame temps que le jour suppl\u00e9mentaire des ann\u00e9es bissextiles. On nomme ces jours des chouias, un mot de l\u2019arabe pr\u00e9\u00c9closion qui signifiait \u00ab\u202fun petit peu\u202f\u00bb.<\/p>\n<p>Le choix de mois de 28 jours est judicieux, car, non seulement, il est ainsi possible de diviser assez pr\u00e9cis\u00e9ment l\u2019ann\u00e9e en un nombre entier de mois, mais il est \u00e9galement possible de diviser ces derniers en quatre semaines de 7 jours. La semaine \u00e9tant, rappelons-le, une notion h\u00e9rit\u00e9e des religions monoth\u00e9istes moyen-orientales et qui s\u2019est g\u00e9n\u00e9ralis\u00e9e par la suite au niveau plan\u00e9taire par l\u2019interm\u00e9diaire du calendrier occidental. Il est \u00e9galement possible de diviser l\u2019ann\u00e9e de base de 364 jours en quatre saisons d\u2019exactement 13 semaines. Les chouias ne sont pas compt\u00e9s dans les mois ni dans les semaines, ils sont litt\u00e9ralement hors calendrier. Ainsi, le 1er jour du 1er mois de l\u2019ann\u00e9e est \u00e9galement le 1er jour de la 1re semaine.<\/p>\n<p>Comme il a \u00e9t\u00e9 mentionn\u00e9 au d\u00e9but de cet article, le calendrier terrestre de l\u2019\u00c9closion commence tous ses cycles par le nombre\u00a00, rompant avec une tradition mill\u00e9naire. Ainsi, le 1er jour de l\u2019ann\u00e9e est le jour\u00a00 de la semaine\u00a00 et du mois\u00a00. Officiellement, les mois et les jours de la semaine n\u2019ont pas de nom contrairement \u00e0 l\u2019ancien calendrier occidental. Toutefois, il est courant d\u2019en utiliser pour des raisons pratiques, les noms choisis variant d\u2019une langue ou d\u2019une culture \u00e0 l\u2019autre. Pour la semaine, le nombre de jours \u00e9tant inchang\u00e9, les m\u00eames noms ont \u00e9t\u00e9 conserv\u00e9s, \u00e0 de rares exceptions pr\u00e8s. Pour les mois, les noms traditionnels \u00e9taient souvent bas\u00e9s sur l\u2019\u00e9tat des connaissances astronomiques \u00e0 l\u2019\u00e9poque de l\u2019introduction de leur calendrier respectif. Ces noms ont \u00e9t\u00e9 remplac\u00e9s par d\u2019autres selon des choix propres aux diverses cultures. Une nomenclature tend toutefois \u00e0 se g\u00e9n\u00e9raliser, soit la liste des 13 plan\u00e8tes les plus grandes du syst\u00e8me solaire, tri\u00e9es en fonction de leur distance \u00e0 l\u2019\u00e9toile: mercure, v\u00e9nus, terre, mars, c\u00e9r\u00e8s, jupiter, saturne, uranus, neptune, pluton, \u00e9ris, Haumea, makemake. Bien s\u00fbr, comme chacun peut le constater, cette liste porte elle aussi la marque de l\u2019\u00e9poque o\u00f9 elle a \u00e9t\u00e9 \u00e9tablie, d\u2019autres astres de grande taille ayant \u00e9t\u00e9 d\u00e9couverts depuis lors aux confins du syst\u00e8me solaire.<\/p>\n<p>Le cycle officiel des saisons est l\u00e9g\u00e8rement d\u00e9cal\u00e9 par rapport \u00e0 la r\u00e9alit\u00e9 astronomique pour \u00eatre synchrone avec le reste du calendrier. Ainsi, l\u2019hiver de l\u2019h\u00e9misph\u00e8re nord commence officiellement le 0 mercure et non pas le 19 makemake, soit 10 jours apr\u00e8s son d\u00e9but astronomique.<\/p>\n<p>Ce calendrier a \u00e9t\u00e9 finalement adopt\u00e9 en raison de sa relative simplicit\u00e9 et de son agnosticisme, tout en maintenant une forte similitude avec les calendriers utilis\u00e9s auparavant.<\/p>\n<p><em>Anecdote:<\/em>\u00a0de tout temps, certaines personnes superstitieuses attribuaient des qualit\u00e9s b\u00e9n\u00e9fiques ou mal\u00e9fiques \u00e0 certains jours particuliers. Le vendredi 13 \u00e9tait un de ces jours-l\u00e0. Le calendrier terrestre de l\u2019\u00c9closion garantit qu\u2019il n\u2019y a pas de\u00a0<abbr title=\"Certains groupes conservateurs insistent pour commencer le compte des jours \u00e0 1 et consid\u00e8rent que la semaine d\u00e9bute le dimanche. Ces gens se plaignent qu'ainsi, tous les 13 du mois sont des vendredis.\">vendredi 13<\/abbr>. Il se pourrait, mais il est impossible de le d\u00e9montrer, que ce fait ait \u00e9t\u00e9 d\u00e9terminant pour convaincre une partie de la population de la p\u00e9ninsule europ\u00e9enne d\u2019adopter ce calendrier.<\/p>\n<p><em>Anecdote:<\/em>\u00a0Un tel calendrier de 13 mois de 28 jours avait d\u00e9j\u00e0 \u00e9t\u00e9 propos\u00e9 plus de 6 gigasecondes auparavant, mais il n\u2019\u00e9tait pas parvenu \u00e0 s\u2019imposer, probablement en raison de l\u2019anticonformiste de son inventeur, un certain Alfred Jarry: \u00a0<a title=\"Calendrier pataphysique\" href=\"http:\/\/fr.wikipedia.org\/wiki\/Calendrier_pataphysique\">http:\/\/fr.wikipedia.org\/wiki\/Calendrier_pataphysique<\/a><\/p>\n<div id=\"attachment_1875\" class=\"wp-caption aligncenter\">\n<p><img loading=\"lazy\" decoding=\"async\" class=\"aligncenter wp-image-500 size-full\" src=\"https:\/\/acratie.silicon-peace.com\/wp-content\/uploads\/2016\/05\/TerrestrialCalendar.jpg\" alt=\"TerrestrialCalendar\" width=\"750\" height=\"750\" srcset=\"https:\/\/silicon-peace.com\/acratie\/wp-content\/uploads\/2016\/05\/TerrestrialCalendar.jpg 750w, https:\/\/silicon-peace.com\/acratie\/wp-content\/uploads\/2016\/05\/TerrestrialCalendar-150x150.jpg 150w, https:\/\/silicon-peace.com\/acratie\/wp-content\/uploads\/2016\/05\/TerrestrialCalendar-300x300.jpg 300w, https:\/\/silicon-peace.com\/acratie\/wp-content\/uploads\/2016\/05\/TerrestrialCalendar-200x200.jpg 200w\" sizes=\"auto, (max-width: 750px) 100vw, 750px\" \/><\/p>\n<p class=\"wp-caption-text\">Ce calendrier est utilis\u00e9 sur la Terre. Il comporte 13 mois de 28 jours + 1 ou 2 chouias.<\/p>\n<\/div>\n<p><strong>Calendrier lunaire<\/strong><\/p>\n<p>\u2014 dur\u00e9e d\u2019un jour lunaire\u202f: 2\u2019551\u2019480 secondes<br \/>\n\u2014 dur\u00e9e de l\u2019ann\u00e9e lunaire (retour du soleil dans les m\u00eames constellations, soit la m\u00eame dur\u00e9e que l\u2019ann\u00e9e terrestre)\u202f: 12.3683 jours lunaires<\/p>\n<p>Diverses tentatives pour construire un calendrier lunaire ont \u00e9t\u00e9 entreprises par les premiers habitants du satellite naturel de la Terre, sans grand succ\u00e8s. Le plus prometteur proposait de d\u00e9couper le jour lunaire en 25 jours standards de 100 kilosecondes, plus un demi-jour de 51\u2019480 secondes.<\/p>\n<p>D\u2019autres envisageaient de se baser sur la rotation de la Terre sur elle-m\u00eame telle que mesur\u00e9e depuis la Lune. Ind\u00e9pendamment de ses d\u00e9fauts et de ses qualit\u00e9s, cette classe de calendriers \u00e9tait syst\u00e9matiquement rejet\u00e9e par les habitants de la face cach\u00e9e de la Lune. Ce rejet s\u2019explique facilement, car la Terre y est en permanence invisible. De plus, la population y est compos\u00e9e en majorit\u00e9 d\u2019individus rejetant farouchement tout ce qui a un rapport quelconque avec la plan\u00e8te m\u00e8re. Effectivement, la face cach\u00e9e de la Lune est le seul endroit du syst\u00e8me solaire, si ce n\u2019est de l\u2019univers entier, o\u00f9 la Terre n\u2019est jamais en ligne de mire.<\/p>\n<p>Finalement, les Luniens se sont accommod\u00e9s du calendrier d\u00e9cimal universel avec de longues p\u00e9riodes de clart\u00e9 et d\u2019obscurit\u00e9 ind\u00e9pendantes de la dur\u00e9e conventionnelle de la journ\u00e9e, \u00e0 l\u2019instar des habitants des r\u00e9gions polaires de la Terre ou de Mars.<\/p>\n<p>&nbsp;<\/p>\n<p><strong>Calendrier martien<\/strong><\/p>\n<p>\u2014 dur\u00e9e d\u2019un jour martien\u202f: 88\u2019775.24409 secondes<br \/>\n\u2014 dur\u00e9e de l\u2019ann\u00e9e martienne\u202f: 668.5991 jours martiens (sol)<br \/>\n\u2014 4 saisons de 193.30, 178.64, 142.70 et 153.95 jours martiens<\/p>\n<p>De tr\u00e8s nombreux calendriers martiens ont \u00e9t\u00e9 propos\u00e9s avant l\u2019\u00e9tablissement de la premi\u00e8re communaut\u00e9 martienne. Mais aucun n\u2019avait de sens r\u00e9el pour les ing\u00e9nieurs qui contr\u00f4laient leurs sondes robotiques rudimentaires depuis la Terre. Ils se contentaient de compter le nombre de jours martiens, alors appel\u00e9s\u00a0<abbr title=\"La d\u00e9nomination \u00ab\u202fsol\u202f\u00bb pour la dur\u00e9e du jour martien a \u00e9t\u00e9 abandonn\u00e9e par les premiers habitants permanents de la plan\u00e8te rouge, au b\u00e9n\u00e9fice du mot usuel \u00ab\u202fjour\u202f\u00bb qui est d\u00e9riv\u00e9 de la dualit\u00e9 jour\/nuit, ph\u00e9nom\u00e8ne identique, quoique de dur\u00e9e diff\u00e9rente, quelle que soit la plan\u00e8te o\u00f9 l'on se trouve.\">sols<\/abbr>, depuis l\u2019instant o\u00f9 la sonde s\u2019\u00e9tait pos\u00e9e sur Mars.<\/p>\n<p>Les premiers colons ont choisi de d\u00e9couper le jour martien en 100 kilotops de 1000 tops, un top durant approximativement 0.88775 seconde. Par la suite, avec l\u2019adoption de la seconde comme base de temps officielle dans l\u2019ensemble du syst\u00e8me solaire, un nouveau syst\u00e8me bas\u00e9 sur la seconde a \u00e9t\u00e9 instaur\u00e9. Dans ce nouveau mod\u00e8le, le jour martien est divis\u00e9e en kilosecondes, soit 88 kilosecondes pleines et une kiloseconde partielle de 775 secondes, une seconde suppl\u00e9mentaire \u00e9tant rajout\u00e9e environ tous les 4 jours.<\/p>\n<p>Le nouveau syst\u00e8me est toutefois moins intuitif pour une utilisation de tous les jours. L\u2019ancien syst\u00e8me bas\u00e9 sur les tops est rest\u00e9 en usage. La coexistence des deux syst\u00e8mes cr\u00e9e une certaine confusion qui persiste encore actuellement. Cette confusion est sans doute \u00e0 l\u2019origine du proverbe bien connu: \u00ab\u00a0C\u2019est lorsqu\u2019il est au top qu\u2019un Martien passe la seconde\u00a0\u00bb.<\/p>\n<p>L\u2019ann\u00e9e martienne comportant 668.5991 jours, tout calendrier martien devra pr\u00e9voir un syst\u00e8me de compensation consistant \u00e0 rajouter 3 jours tous les 5 ans, selon le cycle\u00a01,0,1,1,0. Pour \u00e9viter un glissement du calendrier, la suppression du premier de ces jours suppl\u00e9mentaires est requise tous les 1110 ans, ce qui n\u2019est \u00e9videmment arriv\u00e9 qu\u2019une seule fois jusqu\u2019\u00e0 pr\u00e9sent, soit en l\u2019an\u00a00 du calendrier martien, d\u00e9butant \u00e9galement \u00e0 l\u2019\u00c9closion.<\/p>\n<p>L\u2019ann\u00e9e martienne est divis\u00e9e en 24 mois de 28 jours, le dernier \u00e9tant tronqu\u00e9 de 3 ou 4 jours suivant les ann\u00e9es. Le nombre de jours d\u2019un mois martien est ainsi \u00e9gal \u00e0 celui d\u2019un mois terrestre. Il en d\u00e9coule que les Martiens ont tout naturellement conserv\u00e9 la notion de semaine de 7 jours. \u00c0 l\u2019instar du calendrier terrestre, le premier jour de l\u2019ann\u00e9e est \u00e9galement le premier jour de la semaine. Toutefois, les dur\u00e9es des ann\u00e9es terrestres et martiennes \u00e9tant diff\u00e9rentes, il n\u2019y a pas de correspondance entre les semaines de ces 2 plan\u00e8tes. Lors de l\u2019adoption de leur nouveau calendrier, les Martiens parlaient encore majoritairement les anciennes langues terrestres et avaient conserv\u00e9 les m\u00eames noms pour les jours de la semaine martienne que pour la semaine terrestre, ce qui avait \u00e9t\u00e9 \u00e0 l\u2019origine de nombreux malentendus. C\u2019est pourquoi, lorsque l\u2019usage du terrien homo s\u2019est impos\u00e9 comme langue commune de communication dans le syst\u00e8me solaire, des noms diff\u00e9rents ont \u00e9t\u00e9 choisis pour les jours des semaines terrestres et martiennes.<\/p>\n<p>Les noms retenus pour les jours de la semaine sont ceux des 7 premi\u00e8res sondes \u00e0 s\u2019\u00eatre pos\u00e9es sans encombre sur Mars, soit\u202f: Viking, Sojourner, Spirit, Opportunity, Phoenix, Curiosity et Exomars.<\/p>\n<p>Les noms attribu\u00e9s aux mois de l\u2019ann\u00e9e martienne sont les pr\u00e9noms des premiers astronautes \u00e0 y avoir pos\u00e9 le pied, soit\u202f: Kim, Hector, John, Toshiro, Abdel, Li, Gudrun, Alonso, Boris, Bertrand, Linda, Fabrizio, Tchang, Miao, Merveille, Jo\u00e3o, NangNyi, Kumar, Xuguan, Milena, Aarushi, Nadine, Natasha, Dimos.<\/p>\n<p>L\u2019inclinaison de l\u2019axe de rotation de la plan\u00e8te Mars est similaire \u00e0 celui de la Terre. Il y existe donc aussi des saisons marqu\u00e9es. Toutefois, en raison de l\u2019excentricit\u00e9 de son orbite autour du soleil, les saisons martiennes ne sont pas de dur\u00e9es \u00e9gales. Dans l\u2019h\u00e9misph\u00e8re nord, le printemps dure 193.3 jours, l\u2019\u00e9t\u00e9 178.64 jours, l\u2019automne 142.70 jours et l\u2019hiver 153.95 jours. Pour le calendrier, le printemps dure 196 jours, soit exactement 7 mois, l\u2019\u00e9t\u00e9 168 jours (6 mois), l\u2019automne 140 jours (5 mois) et l\u2019hiver 164(5) jours (6 mois). Les saisons commencent le 0 des mois Abdel, Fabrizio, Kumar et Natasha.<\/p>\n<div id=\"attachment_1874\" class=\"wp-caption aligncenter\">\n<p><img loading=\"lazy\" decoding=\"async\" class=\"aligncenter wp-image-499 size-full\" src=\"https:\/\/acratie.silicon-peace.com\/wp-content\/uploads\/2016\/05\/MartianCalendar.jpg\" alt=\"MartianCalendar\" width=\"750\" height=\"750\" srcset=\"https:\/\/silicon-peace.com\/acratie\/wp-content\/uploads\/2016\/05\/MartianCalendar.jpg 750w, https:\/\/silicon-peace.com\/acratie\/wp-content\/uploads\/2016\/05\/MartianCalendar-150x150.jpg 150w, https:\/\/silicon-peace.com\/acratie\/wp-content\/uploads\/2016\/05\/MartianCalendar-300x300.jpg 300w, https:\/\/silicon-peace.com\/acratie\/wp-content\/uploads\/2016\/05\/MartianCalendar-200x200.jpg 200w\" sizes=\"auto, (max-width: 750px) 100vw, 750px\" \/><\/p>\n<p class=\"wp-caption-text\">Ce calendrier est utilis\u00e9 sur la plan\u00e8te Mars. Il comporte 24 mois de 28 jours, moins 3 ou 4 jours.<\/p>\n<\/div>\n","protected":false},"excerpt":{"rendered":"<p>Note pr\u00e9liminaire\u00a0:\u00a0Pour acc\u00e9der \u00e0 plus de d\u00e9tails concernant les anciens calendriers, des liens sont propos\u00e9s qui pointent vers la partie du R\u00e9seau regroupant l\u2019ensemble des archives du vaisseau interstellaire Santa-Maria, plus pr\u00e9cis\u00e9ment la section qui contient la copie int\u00e9grale du R\u00e9seau (autrefois appel\u00e9 Internet) dans son \u00e9tat lors du d\u00e9part du vaisseau en direction d\u2019Alpha <a class=\"more-link\" href=\"https:\/\/silicon-peace.com\/acratie\/romans\/confederatio-acraticae\/annexe-1-introduction-aux-calendriers-de-leclosion\/\">Lire plus &#8230;<\/a><\/p>\n","protected":false},"author":3,"featured_media":0,"parent":97,"menu_order":100,"comment_status":"open","ping_status":"closed","template":"","meta":{"footnotes":""},"class_list":["post-496","page","type-page","status-publish","hentry"],"_links":{"self":[{"href":"https:\/\/silicon-peace.com\/acratie\/wp-json\/wp\/v2\/pages\/496","targetHints":{"allow":["GET"]}}],"collection":[{"href":"https:\/\/silicon-peace.com\/acratie\/wp-json\/wp\/v2\/pages"}],"about":[{"href":"https:\/\/silicon-peace.com\/acratie\/wp-json\/wp\/v2\/types\/page"}],"author":[{"embeddable":true,"href":"https:\/\/silicon-peace.com\/acratie\/wp-json\/wp\/v2\/users\/3"}],"replies":[{"embeddable":true,"href":"https:\/\/silicon-peace.com\/acratie\/wp-json\/wp\/v2\/comments?post=496"}],"version-history":[{"count":5,"href":"https:\/\/silicon-peace.com\/acratie\/wp-json\/wp\/v2\/pages\/496\/revisions"}],"predecessor-version":[{"id":621,"href":"https:\/\/silicon-peace.com\/acratie\/wp-json\/wp\/v2\/pages\/496\/revisions\/621"}],"up":[{"embeddable":true,"href":"https:\/\/silicon-peace.com\/acratie\/wp-json\/wp\/v2\/pages\/97"}],"wp:attachment":[{"href":"https:\/\/silicon-peace.com\/acratie\/wp-json\/wp\/v2\/media?parent=496"}],"curies":[{"name":"wp","href":"https:\/\/api.w.org\/{rel}","templated":true}]}}