{"id":32,"date":"2016-04-21T16:29:44","date_gmt":"2016-04-21T14:29:44","guid":{"rendered":"https:\/\/acratie.silicon-peace.com\/?page_id=32"},"modified":"2016-05-02T16:26:19","modified_gmt":"2016-05-02T14:26:19","slug":"lenfance-dun-reve","status":"publish","type":"page","link":"https:\/\/silicon-peace.com\/acratie\/nouvelles\/lenfance-dun-reve\/","title":{"rendered":"L\u2019enfance d\u2019un r\u00eave"},"content":{"rendered":"<p>Dans les souvenirs d\u2019enfance, il est parfois difficile de retrouver le moment o\u00f9 l\u2019on est confront\u00e9 pour la premi\u00e8re fois \u00e0 une notion nouvelle. Le ciel et l\u2019espace ont apparemment toujours fait partie de mon univers. J\u2019ai un tr\u00e8s vague souvenir d\u2019avoir assist\u00e9 \u00e0 l\u2019\u00e9clipse de soleil de 1962 ou 61, je ne sais plus. Ce souvenir est m\u00e9lang\u00e9 avec d\u2019autres \u00e9v\u00e9nements des premi\u00e8res ann\u00e9es de ma vie.<\/p>\n<p>Par contre, je me souviens tr\u00e8s bien de la premi\u00e8re fois o\u00f9 j\u2019ai entendu parler de soucoupes volantes. Je devais avoir huit ou neuf ans. Mon p\u00e8re connaissait un journaliste qui venait de publier un petit ouvrage sur le sujet. Il avait ramen\u00e9 un exemplaire \u00e0 la maison et nous en avions discut\u00e9 en famille. Bien s\u00fbr, mon p\u00e8re ne croyait pas \u00e0 ces histoires, mais pour ma part, j\u2019ai imm\u00e9diatement \u00e9t\u00e9 fascin\u00e9 par cette id\u00e9e d\u2019assiettes qui volent toute seules. J\u2019appris \u00e9galement l\u2019existence suppos\u00e9e de cr\u00e9atures extraterrestres. \u00c0 cet \u00e2ge l\u00e0, je ne croyais d\u00e9j\u00e0 plus aux f\u00e9es. Il \u00e9tait tentant de les remplacer par de petits hommes verts venant d\u2019une autre plan\u00e8te.<\/p>\n<p>Depuis ce jour, les martiens hantent mon esprit. Alors que les autres gar\u00e7ons de mon \u00e2ge collectionnaient les photos de footballeurs, j\u2019\u00e9cumais la biblioth\u00e8que municipale \u00e0 la recherche de tous les bouquins qui parlaient d\u2019espace, de fus\u00e9es, d\u2019OVNIs et de myst\u00e9rieuses civilisations disparues. Oh, bien s\u00fbr, je ne faisais pas que cela, mais disons que cette obsession d\u00e9bordait sur un peu tous mes domaines d\u2019activit\u00e9.<\/p>\n<p>En devenant adulte, j\u2019ai compris que les choses n\u2019\u00e9taient pas n\u00e9cessairement ce que je croyais qu\u2019elles \u00e9taient. Le monde est d\u2019une complexit\u00e9 merveilleuse et il n\u2019a nul besoin d\u2019une quelconque intervention ext\u00e9rieure, qu\u2019elle soit le fait d\u2019un dieu cr\u00e9ateur ou de biog\u00e9n\u00e9ticiens extra-terrestres. Lorsque je lis qu\u2019un OVNI a \u00e9t\u00e9 observ\u00e9 ici ou l\u00e0, je suis toujours int\u00e9ress\u00e9. Mais je prends note de l\u2019information avec un certain recul, voire m\u00eame avec amusement.<\/p>\n<p>Il y a quelque temps, \u00e0 l\u2019occasion d\u2019un d\u00e9m\u00e9nagement, j\u2019ai retrouv\u00e9 mes vieux cahiers d\u2019\u00e9cole. En relisant ceux de r\u00e9daction fran\u00e7aise, j\u2019ai r\u00e9alis\u00e9 \u00e0 quel point j\u2019avais \u00e9t\u00e9\u2026 comment dire? Envo\u00fbt\u00e9! Oui, c\u2019est cela, envo\u00fbt\u00e9 par la croyance en ces cr\u00e9atures extraterrestres.<\/p>\n<p>Je ne peux r\u00e9sister \u00e0 l\u2019envie de vous en faire profiter.<\/p>\n<p>Le premier de ces textes a \u00e9t\u00e9 \u00e9crit en f\u00e9vrier 1971. J\u2019avais alors 12 ans. Le dernier date de juin 1975, soit \u00e0 l\u2019\u00e2ge de 16 ans.<\/p>\n<p>Cette m\u00eame ann\u00e9e 1975, j\u2019ai entam\u00e9 une formation technique. On a voulu m\u2019apprendre \u00e0 \u00e9crire des rapports dans lesquels il n\u2019y avait nulle place pour la fantaisie. Le r\u00e9sultat fut que pendant une quinzaine d\u2019ann\u00e9es, ma seule forme de cr\u00e9ativit\u00e9 \u00e9crite consistait en programmes d\u2019ordinateurs. Navrant, n\u2019est-il pas?<\/p>\n<p>Heureusement, une nuit, une f\u00e9e se pencha sur mon lit. Du fond de mon r\u00eave, le la vois encore, toute verte, avec ses antennes, son nez en trompette et de petits r\u00e9acteurs dorsaux en guise d\u2019ailes. Elle me frappa le cr\u00e2ne de sa baguette magique. Je me suis r\u00e9veill\u00e9 avec la bosse de l\u2019\u00e9criture.<\/p>\n<div class=\"sharedaddy sd-sharing-enabled\"><\/div>\n","protected":false},"excerpt":{"rendered":"<p>Dans les souvenirs d\u2019enfance, il est parfois difficile de retrouver le moment o\u00f9 l\u2019on est confront\u00e9 pour la premi\u00e8re fois \u00e0 une notion nouvelle. Le ciel et l\u2019espace ont apparemment toujours fait partie de mon univers. J\u2019ai un tr\u00e8s vague souvenir d\u2019avoir assist\u00e9 \u00e0 l\u2019\u00e9clipse de soleil de 1962 ou 61, je ne sais plus. <a class=\"more-link\" href=\"https:\/\/silicon-peace.com\/acratie\/nouvelles\/lenfance-dun-reve\/\">Lire plus &#8230;<\/a><\/p>\n","protected":false},"author":3,"featured_media":0,"parent":30,"menu_order":0,"comment_status":"closed","ping_status":"closed","template":"","meta":{"footnotes":""},"class_list":["post-32","page","type-page","status-publish","hentry"],"_links":{"self":[{"href":"https:\/\/silicon-peace.com\/acratie\/wp-json\/wp\/v2\/pages\/32","targetHints":{"allow":["GET"]}}],"collection":[{"href":"https:\/\/silicon-peace.com\/acratie\/wp-json\/wp\/v2\/pages"}],"about":[{"href":"https:\/\/silicon-peace.com\/acratie\/wp-json\/wp\/v2\/types\/page"}],"author":[{"embeddable":true,"href":"https:\/\/silicon-peace.com\/acratie\/wp-json\/wp\/v2\/users\/3"}],"replies":[{"embeddable":true,"href":"https:\/\/silicon-peace.com\/acratie\/wp-json\/wp\/v2\/comments?post=32"}],"version-history":[{"count":2,"href":"https:\/\/silicon-peace.com\/acratie\/wp-json\/wp\/v2\/pages\/32\/revisions"}],"predecessor-version":[{"id":399,"href":"https:\/\/silicon-peace.com\/acratie\/wp-json\/wp\/v2\/pages\/32\/revisions\/399"}],"up":[{"embeddable":true,"href":"https:\/\/silicon-peace.com\/acratie\/wp-json\/wp\/v2\/pages\/30"}],"wp:attachment":[{"href":"https:\/\/silicon-peace.com\/acratie\/wp-json\/wp\/v2\/media?parent=32"}],"curies":[{"name":"wp","href":"https:\/\/api.w.org\/{rel}","templated":true}]}}