{"id":226,"date":"2016-04-21T19:35:55","date_gmt":"2016-04-21T17:35:55","guid":{"rendered":"https:\/\/acratie.silicon-peace.com\/?page_id=226"},"modified":"2016-05-02T17:24:29","modified_gmt":"2016-05-02T15:24:29","slug":"19-la-cetait-ma-maison","status":"publish","type":"page","link":"https:\/\/silicon-peace.com\/acratie\/romans\/bienvenue-en-acratie\/19-la-cetait-ma-maison\/","title":{"rendered":"19 \u2013 L\u00e0, c\u2019\u00e9tait ma maison"},"content":{"rendered":"<p>L\u2019eau coule sur nos deux corps enlac\u00e9s. Apr\u00e8s la longue marche de la journ\u00e9e, nous n\u2019avons m\u00eame pas l\u2019\u00e9nergie de faire l\u2019amour. Nous laissons nos doigts nous caresser mutuellement, massant d\u00e9licatement nos muscles courbatus.<\/p>\n<p>\u2013\u00a0Viens, il est temps de rejoindre nos amis.<br \/>\nNous montons \u00e0 la surface, o\u00f9, sous un des d\u00f4mes, nous attendent Ixycs, quelques membres du n\u0153ud d\u2019accueil, ainsi qu\u2019une partie de l\u2019\u00e9quipage du premier vaisseau interstellaire. Tr\u00e8s vite, Vadina s\u2019enferme avec ses compagnons d\u2019aventure dans une conversation technique qui me d\u00e9passe totalement. J\u2019en profite pour me concentrer sur le d\u00e9licieux canard \u00e0 la vanille qui est au menu. Apr\u00e8s le repas, je m\u2019\u00e9carte un peu des d\u00f4mes illumin\u00e9s pour m\u2019\u00e9tendre sur le gazon et admirer ce ciel \u00e9toil\u00e9 qui m\u2019a pris Nielle et m\u2019a offert Vadina en \u00e9change. La Voie lact\u00e9e le traverse de part en part. On y distingue la Croix du Sud ainsi que le Sac \u00e0 Charbon. Mentalement, j\u2019essaie de me la repr\u00e9senter en trois dimensions. Lorsque j\u2019y parviens, je suis pris d\u2019un vertige irr\u00e9sistible. Je suis ici, sur ce qui n\u2019est m\u00eame pas un grain de sable \u00e0 l\u2019\u00e9chelle de la galaxie. \u00c0 peine \u00e0 c\u00f4t\u00e9, il y a ce cylindre noir noy\u00e9 dans des luminescences bleut\u00e9es se d\u00e9pla\u00e7ant \u00e0 une vitesse maintenant proche de celle de la lumi\u00e8re, en route pour une \u00e9trange plan\u00e8te toro\u00efdale, quelque part dans ces milliards d\u2019\u00e9toiles.<br \/>\n\u2013\u00a0Est-ce que l\u2019aspect du ciel a chang\u00e9 en cinq si\u00e8cles\u00a0?<br \/>\nC\u2019est Clod Sung qui me pose cette question en fran\u00e7ais.<br \/>\n\u2013\u00a0Cela ne te d\u00e9range-t-il pas que nous parlions en fran\u00e7ais\u00a0? Je n\u2019ai pas beaucoup l\u2019occasion de le pratiquer et ta pr\u00e9sence ici est une aubaine pour moi.<br \/>\n\u2013\u00a0Avec plaisir. Cela fait maintenant pr\u00e8s d\u2019un an que je n\u2019ai plus parl\u00e9 dans ma langue maternelle. Si \u00e7a se prolonge trop longtemps, je risque d\u2019en perdre la pratique et lors de mon retour en 1999, les gens vont s\u2019\u00e9tonner, craindre une l\u00e9sion dans mon cerveau et me conseiller d\u2019aller consulter un neurologue. Et je lui dirais quoi au neurologue\u00a0? Que tout va bien, que c\u2019est juste que j\u2019ai pass\u00e9 trop de temps dans l\u2019avenir o\u00f9 j\u2019ai perdu l\u2019habitude de parler fran\u00e7ais\u00a0? Pour s\u00fbr que je finirais mes jours dans un asile avec un entonnoir sur la t\u00eate\u00a0!<br \/>\n\u2013\u00a0Il faudra un jour que tu m\u2019expliques cette histoire d\u2019entonnoir, mais je suis vraiment curieux de savoir \u00e0 quoi ressemblait le ciel \u00e0 l\u2019\u00c9closion.<br \/>\n\u2013\u00a0Ben, si on \u00e9tait suffisamment loin d\u2019une ville, il \u00e9tait tout \u00e0 fait semblable \u00e0 celui-ci. Dans les villes, la pollution lumineuse faisait que seules les plus brillantes \u00e9toiles \u00e9taient visibles.<br \/>\n\u2013\u00a0Oh\u00a0! Tu sais, dans les villes actuelles, souterraines ou couvertes, on ne voit plus les \u00e9toiles du tout.<br \/>\n\u2013\u00a0Oui, mais non. Aujourd\u2019hui, pour sortir d\u2019une ville, il suffit de prendre le premier ascenseur pour monter \u00e0 la surface ou sur le toit, et tu te retrouves, les nuits sans lune \u00e9videmment, dans le noir le plus total. \u00c0 mon \u00e9poque, en Europe, il n\u2019y avait plus que quelques rares oasis d\u2019obscurit\u00e9 et il fallait parcourir des centaines de kilom\u00e8tres en voiture pour s\u2019y rendre.<br \/>\n\u2013\u00a0Ne per\u00e7ois-tu point de diff\u00e9rence l\u00e0, maintenant\u00a0?<br \/>\n\u2013\u00a0S\u2019il y avait la Lune, je te dirais que oui, vu que maintenant elle a cette atmosph\u00e8re qui la rend toute floue.<br \/>\nJ\u2019observe le ciel avec attention afin de tenter de percevoir cette diff\u00e9rence que Clod semble me sugg\u00e9rer.<br \/>\n\u2013\u00a0Je ne connais pas bien le ciel austral, je ne l\u2019avais jamais vu qu\u2019en photo avant d\u2019arriver ici. Mais ce \u00e0 quoi tu fais allusion, c\u2019est cette grosse n\u00e9buleuse vaguement rouge\u00e2tre, l\u00e0 dans la Voie lact\u00e9e\u00a0? On dirait une grosse boule avec deux oreilles en trompette.<br \/>\nJe lui d\u00e9signe une tache \u00e0 peine perceptible dans la Voie lact\u00e9e. Il me tend un disque transparent de m\u00eame diam\u00e8tre que les disques dor\u00e9s.<br \/>\n\u2013\u00a0Regarde au travers\u00a0!<br \/>\nJe place le disque \u00e0 20 centim\u00e8tres devant mes yeux. Imm\u00e9diatement, la n\u00e9buleuse devient bien plus lumineuse, permettant d\u2019observer ses d\u00e9tails sans difficult\u00e9. \u00c9tonnamment, les \u00e9toiles environnantes ne deviennent pas plus brillantes. Il ne s\u2019agit donc pas d\u2019un simple amplificateur de lumi\u00e8re, mais d\u2019un appareil plus complexe qui, d\u2019une mani\u00e8re ou d\u2019une autre, devine le centre d\u2019int\u00e9r\u00eat de l\u2019observateur.<br \/>\n\u2013\u00a0G\u00e9nial, ce truc\u00a0! La n\u00e9buleuse, c\u2019est quoi\u00a0?<br \/>\n\u2013\u00a0C\u2019est Eta Carena, enfin ce qu\u2019il en reste.<br \/>\n\u2013\u00a0Ah oui\u00a0! Je connais. C\u2019est cette grosse \u00e9toile qui disperse de grandes quantit\u00e9s de mati\u00e8re dans son environnement sous forme de deux lobes coniques, non\u00a0? \u00c0 mon \u00e9poque, ces c\u00f4nes, qui \u00e9taient le r\u00e9sultat d\u2019une explosion qui s\u2019\u00e9tait produite 150 ans plus t\u00f4t, ressemblaient \u00e0 un gros diabolo de jongleur. \u00c0 l\u2019heure actuelle, ces lobes doivent \u00eatre \u00e9normes, ils pourraient correspondre aux deux oreilles, l\u00e0. C\u2019est \u00e7a, non\u00a0?<br \/>\n\u2013\u00a0Oui.<br \/>\n\u2013\u00a0Mais la boule, c\u2019est quoi\u00a0?<br \/>\nIl ne me r\u00e9pond pas, me laissant \u00e9mettre ma propre hypoth\u00e8se.<br \/>\n\u2013\u00a0Attend\u00a0! Je crois me souvenir que cette \u00e9toile pouvait se transformer en une supernova d\u2019un instant \u00e0 l\u2019autre, soit dans une ann\u00e9e, soit dans un million. Tu veux dire que Eta Carena a effectivement explos\u00e9 en supernova et que cette boule mat\u00e9rialise l\u2019onde de choc de l\u2019explosion contre la mati\u00e8re interstellaire\u00a0?<br \/>\nIl ne me r\u00e9pond toujours pas.<br \/>\n\u2013\u00a0C\u2019est arriv\u00e9 quand\u00a0? Si je compare sa taille \u00e0 celle des lobes, ce doit \u00eatre tr\u00e8s ancien. Je pencherais m\u00eame pour la premi\u00e8re moiti\u00e9 du 21e si\u00e8cle. Dommage, j\u2019ai d\u00fb manquer de peu un fameux spectacle\u2026 Mais, non, je suis b\u00eate. Puisque je vais retourner \u00e0 mon \u00e9poque, je vais pouvoir y assister en direct. Ah\u00a0! Ce sera cool, je pourrai dire aux gens que j\u2019ai vu la n\u00e9buleuse plan\u00e9taire qui restera dans un demi-mill\u00e9naire.<br \/>\n\u2013\u00a0Je crains que tu ne sois d\u00e9\u00e7u. Eta Carena n\u2019a explos\u00e9 qu\u2019il y a une soixantaine d\u2019ann\u00e9es. Si la boule est d\u00e9j\u00e0 si grande, c\u2019est que l\u2019onde de choc avance bien plus vite que la mati\u00e8re des lobes. Dans une vingtaine d\u2019ann\u00e9es, ces lobes auront totalement disparu, rattrap\u00e9s et dispers\u00e9s par l\u2019onde de choc.<br \/>\n\u2013\u00a0Ha\u00a0! C\u2019est trop con. J\u2019aurais bien voulu voir une supernova.<br \/>\n\u2013\u00a0Tu te consoleras probablement avec B\u00e9telgeuse, qui a explos\u00e9 en supernova dans les ann\u00e9es soixante du premier si\u00e8cle de l\u2019\u00c9closion.<br \/>\n\u2013\u00a0Les ann\u00e9es soixante, \u00e7a fait dans les ann\u00e9es 2030, j\u2019esp\u00e8re que je ne serai pas trop g\u00e2teux pour pouvoir encore en profiter.<br \/>\nEn silence, nous continuons d\u2019admirer le ciel durant de longues minutes. J\u2019essaie de m\u2019imaginer ce qu\u2019ont d\u00fb ressentir les observateurs de ce bout de ciel lorsqu\u2019ils ont subitement vu s\u2019allumer une \u00e9toile plus lumineuse que la Lune.<br \/>\nIl me d\u00e9signe une \u00e9toile \u00e0 c\u00f4t\u00e9 de la croix du Sud.<br \/>\n\u2013\u00a0Sais-tu quelle est cette \u00e9toile\u00a0?<br \/>\n\u2013\u00a0Heu\u2026 non\u00a0!<br \/>\n\u2013\u00a0C\u2019est Alpha du Centaure.<br \/>\n\u2013\u00a0Tu veux dire l\u2019\u00e9toile vers laquelle \u00e9tait parti le Santa-Maria\u00a0?<br \/>\n\u2013\u00a0Celle-l\u00e0 m\u00eame\u00a0!<br \/>\n\u2013\u00a0Merci\u00a0! Je m\u2019\u00e9tais souvent demand\u00e9 o\u00f9 elle pouvait bien se situer dans le ciel.<br \/>\nJe contemple encore un moment cette \u00e9toile en imaginant les aventures que Vadina et ses compagnons ont v\u00e9cues l\u00e0-haut. Puis, des reflets du Lausanne futuriste que j\u2019avais entraper\u00e7us ce matin refont surface dans les aires visuelles de mon cortex. Du coup, le ciel fournaisien ne me pr\u00e9sente plus le moindre int\u00e9r\u00eat.<br \/>\n\u2013\u00a0Clod, ce matin, j\u2019ai commenc\u00e9 \u00e0 explorer la r\u00e9gion o\u00f9 je vivais, mais en 2091 et j\u2019ai envie de m\u2019y replonger. \u00c7a t\u2019int\u00e9resse\u00a0?<br \/>\n\u2013\u00a0Et comment\u00a0!<br \/>\n\u2013\u00a0On est bien ici. Je vais chercher une console. Je suis de retour dans deux minutes.<br \/>\nJe lui rends le disque transparent et m\u2019appr\u00eate \u00e0 me lever. Il passe sa main sur le disque qui, comme par magie, perd sa transparence et prend une belle teinte dor\u00e9e.<br \/>\n\u2013\u00a0Cela ne sera pas n\u00e9cessaire.<\/p>\n<p>Revoil\u00e0 la tour solaire dans le lac L\u00e9man et son champ de miroirs parmi les vignes. Revoil\u00e0 l\u2019autoroute avec ses\u2026 hou l\u00e0, l\u00e0\u2026 si nombreuses voitures qui la sillonnent. Revoil\u00e0 enfin Lausanne et son nouveau centre-ville qui m\u2019intrigue autant qu\u2019il me choque.<br \/>\nLa cam\u00e9ra se glisse maintenant entre les immeubles. Elle s\u2019arr\u00eate \u00e0 quelques m\u00e8tres d\u2019un rideau de v\u00e9g\u00e9tation pendant d\u2019une passerelle. Des ouvriers, suspendus par des filins, s\u2019affairent \u00e0 r\u00e9colter de gros fruits mauves. J\u2019ai l\u2019impression qu\u2019ils ne sont pas tr\u00e8s habiles \u00e0 cette t\u00e2che. En voil\u00e0 d\u2019ailleurs un qui laisse \u00e9chapper un fruit qui va s\u2019\u00e9craser sur le sol deux-cents m\u00e8tres plus bas. Je m\u2019\u00e9tonne que l\u2019on n\u2019emploie pas plut\u00f4t des orangs-outangs ou des chimpanz\u00e9s\u00a0: ils seraient bien moins maladroits que des homos. Mais sans doute qu\u2019il est encore trop t\u00f4t pour que leur humanit\u00e9 soit reconnue et qu\u2019une place leur soit offerte dans nos soci\u00e9t\u00e9s.<br \/>\nL\u2019image se d\u00e9place maintenant vers l\u2019un des b\u00e2timents. Celui-ci a une forme h\u00e9lico\u00efdale. On dirait un gigantesque tirebouchon. Comment un tel immeuble peut-il seulement supporter son propre poids\u00a0? En approchant, on remarque que la structure s\u2019accroche \u00e0 la face int\u00e9rieure d\u2019un cylindre transparent constell\u00e9 al\u00e9atoirement d\u2019ouvertures circulaires de diam\u00e8tres vari\u00e9s. Ce cylindre, on le devine plus qu\u2019on ne le voit r\u00e9ellement. Quel mat\u00e9riau est utilis\u00e9 pour r\u00e9aliser une telle prouesse\u00a0? Je n\u2019en sais rien. Mais je suppose qu\u2019il suffit de demander.<br \/>\n\u2013\u00a0Heu\u2026 R\u00e9seau\u00a0? De quel mat\u00e9riau est constitu\u00e9e cette tour transparente\u00a0? Est-ce du verre\u00a0?<br \/>\n\u2013\u00a0Pas d\u2019un verre commun \u00e0 base de silice\u00a0! Wikip\u00e9dia (quelle \u00e9tonnante source d\u2019information, \u00e0 la fois si peu structur\u00e9e et pourtant si diversifi\u00e9e), pr\u00e9cise qu\u2019il s\u2019agit de magalucarbotane, un alliage vitreux de magn\u00e9sium, d\u2019aluminium, de titane et de carbone. Cet alliage est aussi r\u00e9sistant que l\u2019acier pour un poids tr\u00e8s faible. Non seulement il est transparent aux longueurs d\u2019ondes visibles, mais son indice de r\u00e9fraction de 1.05 le rend pratiquement invisible dans l\u2019air en raison de l\u2019absence presque totale de r\u00e9flexion et de diffraction. Dans le cas de cette tour, ce que l\u2019on observe, c\u2019est la poussi\u00e8re qui s\u2019est d\u00e9pos\u00e9e \u00e0 sa surface et non la tour elle-m\u00eame.<br \/>\nClod Sung prend la parole.<br \/>\n\u2013\u00a0Serait-il possible de voir la m\u00eame sc\u00e8ne un jour de pluie\u00a0?<br \/>\nImm\u00e9diatement, la belle lumi\u00e8re de ce jour ensoleill\u00e9 fait place \u00e0 celle, terne, d\u2019une journ\u00e9e de novembre. Des rafales de vent agitent les rideaux de v\u00e9g\u00e9tation, les d\u00e9barrassant de leurs derni\u00e8res feuilles. Une pluie battante s\u2019abat sur la ville. La tour que nous observons s\u2019est transform\u00e9e en une cascade liquide.<br \/>\n\u2013\u00a0Wow\u00a0! Bien vu Clod. Comme la tour est quasiment invisible, la pluie qui s\u2019\u00e9coule le long de ses parois est mise en \u00e9vidence. On dirait que la tour elle-m\u00eame est une cascade. Crois-tu que l\u2019architecte y a pens\u00e9 en concevant ce b\u00e2timent\u00a0?<br \/>\n\u2013\u00a0Va savoir. En tout cas, c\u2019est tr\u00e8s r\u00e9ussi.<br \/>\nEnviron la moiti\u00e9 des immeubles est pourvue d\u2019une telle carapace invisible. Le spectacle est enchanteur. Je ne peux qu\u2019admirer les concepteurs de cette nouvelle version de la ville de Lausanne. Parvenir \u00e0 transformer une triste journ\u00e9e d\u2019automne en un fabuleux spectacle aquatique, c\u2019est plus que remarquable.<br \/>\n\u2013\u00a0On peut retourner en \u00e9t\u00e9\u00a0? J\u2019aimerais encore \u00e9tudier la v\u00e9g\u00e9tation sur ces immeubles, et malgr\u00e9 la beaut\u00e9 des cascades, cette pluie me d\u00e9prime.<br \/>\nAussit\u00f4t demand\u00e9 aussit\u00f4t fait\u00a0: le soleil est de retour. De la tour, on ne distingue plus que l\u2019h\u00e9lico\u00efde int\u00e9rieur. En fait plus qu\u2019\u00e0 un tirebouchon, c\u2019est \u00e0 un escalier en colima\u00e7on pour g\u00e9ant qu\u2019il me fait penser. Chaque marche est un appartement dont les parois sont de larges baies vitr\u00e9es. Une face donne sur le toit de la marche du dessous, offrant ainsi une large terrasse aux occupants. Chaque terrasse semble avoir \u00e9t\u00e9 am\u00e9nag\u00e9e selon des d\u00e9sirs particuliers. Je remarque toutefois qu\u2019une tr\u00e8s large majorit\u00e9 d\u2019entre elles est d\u00e9di\u00e9e principalement \u00e0 l\u2019agriculture.<br \/>\nNon seulement les toits sont couverts de v\u00e9g\u00e9tation, mais \u00e0 l\u2019instar des passerelles, des cultures vari\u00e9es pendent sous les appartements, certaines descendant jusqu\u2019aux terrasses de la boucle en dessous.<br \/>\nLa tour h\u00e9lico\u00efdale est la plus a\u00e9r\u00e9e de toute la ville, mais chaque tour, quelle que soit sa forme, consacre une part importante de son volume et de ses surfaces \u00e0 la culture d\u2019esp\u00e8ces vivri\u00e8res.<br \/>\n\u2013\u00a0Bernard, vivais-tu dans l\u2019une de ces maisons\u00a0?<br \/>\n\u2013\u00a0Non, non. \u00c0 mon \u00e9poque, rien de tout cela n\u2019existait encore. J\u2019imagine qu\u2019elles ont \u00e9t\u00e9 construites dans la seconde moiti\u00e9 du 21e si\u00e8cle, probablement dans les ann\u00e9es 70 ou 80. En plus, je ne vivais pas \u00e0 Lausanne m\u00eame, mais dans sa banlieue ouest, \u00e0 Renens.<br \/>\n\u2013\u00a0Me montreras-tu\u00a0?<br \/>\n\u2013\u00a0Je ne sais pas si j\u2019en ai vraiment envie. D\u2019un c\u00f4t\u00e9, oui, c\u2019est en partie pour voir ma maison que j\u2019ai entam\u00e9 cette exploration. D\u2019un autre c\u00f4t\u00e9, j\u2019ai un peu peur de ce que je vais d\u00e9couvrir. Je ne suis pas s\u00fbr d\u2019appr\u00e9cier la d\u00e9couverte d\u2019un arbre poussant dans les ruines de mon appartement.<br \/>\n\u2013\u00a0Je ne veux point te forcer.<br \/>\n\u2013\u00a0Oh\u00a0! Et puis zut, je vais pas faire la mauviette. On y va\u00a0!<br \/>\nLa cam\u00e9ra reprend un peu d\u2019altitude et se dirige vers l\u2019ouest, en longeant d\u2019abord la vall\u00e9e du Flon, puis l\u2019axe ferroviaire conduisant \u00e0 Gen\u00e8ve. Une fois quitt\u00e9s le centre-ville et ses immeubles extravagants, Lausanne m\u2019apparait sous une image qui correspond mieux avec le plan grav\u00e9 dans ma m\u00e9moire. Les immeubles d\u2019habitation construits sur les pentes sont bien ceux \u00e9difi\u00e9s durant l\u2019explosion urbaine des 19e et 20e si\u00e8cles, mais leur apparence est bien diff\u00e9rente de celle pr\u00e9sente dans mes souvenirs. Comme je l\u2019avais d\u00e9j\u00e0 constat\u00e9, les toits ne sont plus couverts de tuiles en terre cuite, mais de panneaux solaires sur toute leur surface. Toutes les fa\u00e7ades sauf celles orient\u00e9es au nord sont \u00e9galement couvertes de panneaux solaires sombres. Le terme panneaux n\u2019est pas tr\u00e8s adapt\u00e9, car il ne semble pas s\u2019agir d\u2019\u00e9l\u00e9ments que l\u2019on aurait pos\u00e9s sur les fa\u00e7ades existantes. J\u2019ai plut\u00f4t l\u2019impression qu\u2019il s\u2019agit d\u2019un rev\u00eatement directement int\u00e9gr\u00e9 au mur, voire d\u2019une simple couche de peinture photovolta\u00efque. Je ne dirais pas que les couleurs ternes et salies des fa\u00e7ades originales et les toitures brun-rouge \u00e9taient vraiment belles, mais cette noirceur omnipr\u00e9sente me d\u00e9range profond\u00e9ment. D\u00e9j\u00e0, dans les ann\u00e9es 90, la mode du noir dans l\u2019habillement m\u2019attristait, mais que cette tendance se soit g\u00e9n\u00e9ralis\u00e9e jusque dans l\u2019architecture, m\u00eame pour d\u2019excellentes raisons, je n\u2019arrive pas \u00e0 l\u2019accepter. La douleur s\u2019att\u00e9nue lorsque je remarque que les fa\u00e7ades nord sont d\u00e9cor\u00e9es de fresques aux couleurs vives, certaines s\u2019\u00e9tendant sur tous les immeubles d\u2019une m\u00eame rue, d\u2019autres cherchant \u00e0 marquer l\u2019individualit\u00e9 d\u2019un immeuble particulier. Le style de ces fresques est \u00e0 mi-chemin entre les graphes peints nuitamment \u00e0 la fin du 20e si\u00e8cle et les d\u00e9corations fractales des couloirs de Rama et de La Fournaise.<br \/>\nContrastant avec les fa\u00e7ades d\u2019\u00e9b\u00e8ne, les rues entre les immeubles ne sont plus couvertes de bitume, ni encombr\u00e9es de voitures. Elles forment maintenant de longs rubans v\u00e9g\u00e9talis\u00e9s, gazonn\u00e9s par endroits, couverts de fleurs ou de cultures potag\u00e8res ailleurs, ou transform\u00e9s en terrain de jeu pour les enfants du quartier. Des pi\u00e9tons et des cyclistes se partagent des chemins de terre battue serpentants au gr\u00e9 des caprices des paysagistes.<br \/>\nDepuis sa cr\u00e9ation au 19e si\u00e8cle, la ligne de chemin de fer a servi d\u2019attracteur \u00e0 une myriade d\u2019entreprises industrielles et artisanales. Il en est r\u00e9sult\u00e9 une zone industrielle comme il en existait tant \u00e0 mon \u00e9poque, marqu\u00e9e par tous les exc\u00e8s et toutes les souillures des soci\u00e9t\u00e9s productivistes. Pourtant, les constructions pr\u00e9sentes, bien que manifestement \u00e0 usage industriel, font l\u2019objet d\u2019un soin esth\u00e9tique et environnemental plut\u00f4t \u00e9tonnant\u00a0: \u00e0 c\u00f4t\u00e9 de b\u00e2timents \u00e9l\u00e9gants aux fa\u00e7ades photovolta\u00efques sont empil\u00e9s des mat\u00e9riaux de construction, des tuyaux et autres rails de chemin de fer. Entre les piles, des moutons et des vaches broutent l\u2019herbe d\u2019une prairie g\u00e9n\u00e9reuse. Plus loin, c\u2019est au milieu de carr\u00e9s de l\u00e9gumes que l\u2019on stocke d\u2019\u00e9normes rouleaux de c\u00e2bles.<br \/>\nEn 1999, malgr\u00e9 la volont\u00e9 affich\u00e9e des autorit\u00e9s de favoriser le transport de marchandises par le rail, on d\u00e9mantelait ou simplement abandonnait, les derni\u00e8res voies ferr\u00e9es reliant les entreprises au r\u00e9seau ferroviaire, pour les remplacer par des camions polluants, au pr\u00e9texte que c\u2019\u00e9tait plus efficace et moins couteux. Eh bien, un si\u00e8cle plus tard, les camions ont disparu et les trains de marchandises sont de retour. Il n\u2019y a m\u00eame plus de routes permettant d\u2019acc\u00e9der directement aux b\u00e2timents industriels. Seuls des chemins pi\u00e9tonniers et des pistes cyclables les relient \u00e0 la ville.<br \/>\nSoudain, un long train rouge et blanc passe \u00e0 toute vitesse sous la cam\u00e9ra sans \u00e9mettre le moindre bruit. Sur la motrice, on peut lire \u00ab\u00a0Rail\u00a02100\u00a0\u00bb.<br \/>\nPlus \u00e0 l\u2019ouest, la gare de triage de Renens a \u00e9t\u00e9 d\u00e9mantel\u00e9e. Elle est \u00e0 pr\u00e9sent remplac\u00e9e par une for\u00eat travers\u00e9e d\u2019est en ouest par la ligne de chemin de fer et du nord au sud par une rivi\u00e8re sinueuse dont le lit semble avoir \u00e9t\u00e9 creus\u00e9 patiemment au cours des mill\u00e9naires. Pourtant, un si\u00e8cle plus t\u00f4t, la M\u00e8bre traversait Renens dans un b\u00eate tuyau.<br \/>\nAu-del\u00e0 de la for\u00eat se dresse un petit centre urbain centr\u00e9 sur ce qui \u00e9tait la gare voyageurs de Renens. Au-dessus flotte le nom \u00ab\u00a0Ouestelaus\u00a0\u00bb. Wikip\u00e9dia nous apprend qu\u2019il s\u2019agit du nom de la localit\u00e9 issue de la fusion des anciennes communes de l\u2019Ouest lausannois dans les ann\u00e9es 2040.<br \/>\nAu premier abord, je crois que la gare n\u2019existe plus. Rapidement, je m\u2019aper\u00e7ois qu\u2019elle est toujours l\u00e0, mais cach\u00e9e dans un \u00e9crin v\u00e9g\u00e9tal. Deux passerelles habill\u00e9es de plantes grimpantes enjambent les voies. Le b\u00e2timent de la gare est le m\u00eame que dans mes souvenirs, mais les fa\u00e7ades sont noires, bien \u00e9videmment.<br \/>\nLa cam\u00e9ra quitte la ligne de chemin de fer et revient l\u00e9g\u00e8rement vers Lausanne pour s\u2019arr\u00eater au-dessus du site qui \u00e9tait le vieux village de Renens avant l\u2019explosion urbaine. Ici, comme dans la banlieue est, la population s\u2019en est all\u00e9e vers des quartiers r\u00e9pondant mieux aux nouvelles mani\u00e8res de vivre. Le seul b\u00e2timent qui ne soit pas en ruine, c\u2019est le temple protestant, juste \u00e0 c\u00f4t\u00e9 de l\u2019immeuble o\u00f9 j\u2019avais mon petit deux pi\u00e8ces.<br \/>\nEst-ce une co\u00efncidence, ou le r\u00e9seau a-t-il d\u00e9lib\u00e9r\u00e9ment choisi de me montrer cette journ\u00e9e-l\u00e0\u00a0? Ma maison est l\u2019objet d\u2019une activit\u00e9 particuli\u00e8re, litt\u00e9ralement son chant du cygne. En effet, une grue mobile munie d\u2019une grosse boule en fonte est occup\u00e9e \u00e0 d\u00e9molir l\u2019immeuble dans lequel j\u2019avais v\u00e9cu les quatre derni\u00e8res ann\u00e9es avant mon d\u00e9part vers le futur et dans lequel je vivrai probablement encore quelques ann\u00e9es apr\u00e8s mon retour.<br \/>\nSur la place du village, deux groupes de manifestants sans visages se font face en brandissant des pancartes et des banderoles. Ils ont aussi des drapeaux. Dans un groupe, on voit la croix suisse, blanche sur fond rouge et le drapeau vaudois vert et blanc avec l\u2019inscription \u00ab\u00a0Libert\u00e9 et Patrie\u00a0\u00bb. Les drapeaux de l\u2019autre groupe me sont inconnus. Il y en a un qui est un rond bleu sur un fond noir parsem\u00e9 d\u2019\u00e9toiles jaunes. Un autre est le vieux symbole des opposants au nucl\u00e9aire, l\u2019Y renvers\u00e9 dans un cercle, avec dans chacun des secteurs un animal, un oiseau bleu, un poisson rouge et un l\u00e9zard vert.<br \/>\nSont-ils en train de protester contre la d\u00e9molition du quartier\u00a0? Clod m\u2019interroge\u00a0:<br \/>\n\u2013\u00a0Que font ces gens sur la place\u00a0?<br \/>\n\u2013\u00a0Ben, une manif\u00a0! Mais je n\u2019en connais pas le motif.<br \/>\n\u2013\u00a0Une manif\u00a0? Qu\u2019est-ce cela\u00a0?<br \/>\n\u2013\u00a0Une manifestation. C\u2019est\u2026 enfin, c\u2019\u00e9tait\u2026 des gens qui se r\u00e9unissaient sur la place publique pour manifester (d\u2019o\u00f9 le nom) leur d\u00e9sapprobation ou leur soutien \u00e0 un objet particulier.<br \/>\n\u2013\u00a0Mais pourquoi faisaient-ils cela\u00a0? N\u2019est-il pas plus simple de former un noeud et d\u2019agir\u00a0?<br \/>\n\u2013\u00a0Ce n\u2019\u00e9tait pas aussi simple que \u00e7a. Les gens formaient bien des noeuds, on disait des associations \u00e0 l\u2019\u00e9poque\u2026 enfin, \u00e0 mon \u00e9poque. Mais les d\u00e9cisions \u00e9taient prises par les autorit\u00e9s, \u00e9lues ou non, selon le r\u00e9gime politique. Ces autorit\u00e9s avaient un pouvoir de d\u00e9cision important et les droits pour les simples citoyens de les contester \u00e9taient limit\u00e9s ou compliqu\u00e9s \u00e0 exercer. En Suisse, on avait les r\u00e9f\u00e9rendums o\u00f9 il fallait r\u00e9unir les signatures d\u2019un certain nombre de personnes pour demander une consultation populaire sur le sujet contest\u00e9, on appelait \u00e7a une votation. Mais en Suisse, on \u00e9tait des privil\u00e9gi\u00e9s, ce droit de r\u00e9f\u00e9rendum \u00e9tait loin d\u2019\u00eatre reconnu dans tous les pays, m\u00eame d\u00e9mocratiques. Et m\u00eame en Suisse, il ne s\u2019appliquait pas \u00e0 tous les domaines.<br \/>\n\u2013\u00a0Et toi, as-tu particip\u00e9 \u00e0 une de ces\u2026 manifs\u00a0?<br \/>\n\u2013\u00a0Oui, \u00e7a m\u2019est arriv\u00e9. Mais comme je ne suis pas du genre militant, j\u2019y allais assez rarement.<br \/>\n\u2013\u00a0Oh\u00a0! Et eux, alors, pour ou contre quoi manifestent-ils\u00a0?<br \/>\n\u2013\u00a0J\u2019imagine qu\u2019un des groupes manifeste contre quelque chose et l\u2019autre pour. Concernant le sujet, il faut lire ce qui est \u00e9crit sur les pancartes.<br \/>\nUne banderole tendue par l\u2019un des groupes de manifestants porte le slogan en fran\u00e7ais \u00ab\u00a0Rendons le Village aux agriculteurs\u00a0\u00bb. Leurs pancartes affichaient\u00a0: \u00ab\u00a0Terre = Nourriture\u00a0\u00bb, \u00ab\u00a0La terre aux paysans\u00a0\u00bb, \u00ab\u00a0Agriculture et Patrie\u00a0\u00bb, \u00ab\u00a0Le Village n\u2019est pas la gare de triage\u00a0\u00bb, \u00ab\u00a0La nature au service des humains\u00a0\u00bb et \u00ab\u00a0Ici, c\u2019est une terre de vignerons\u00a0\u00bb. Les slogans de l\u2019autre groupe de manifestants sont \u00e9crits en mandaranglais. Je ne sais pas les lire.<br \/>\n\u2013\u00a0R\u00e9seau\u00a0? Tu peux nous traduire ce qui est \u00e9crit en mandaranglais\u00a0?<br \/>\nInstantan\u00e9ment, les textes basculent en terrien homo. On y lit\u00a0: \u00ab\u00a0Pour un Village tourn\u00e9 vers l\u2019avenir\u00a0\u00bb, \u00ab\u00a0Les humains au service de la nature\u00a0\u00bb, \u00ab\u00a0Gloire \u00e0 Sainte Ga\u00efa\u00a0\u00bb, \u00ab\u00a0Rendons la terre \u00e0 TOUS ses habitants\u00a0\u00bb, \u00ab\u00a0Nous ne sommes pas seuls sur cette plan\u00e8te\u00a0\u00bb et \u00ab\u00a0L\u2019avenir, c\u2019est la nature\u00a0\u00bb.<br \/>\n\u2013\u00a0Je ne comprends toujours pas leur motivation.<br \/>\n\u2013\u00a0Je ne suis pas s\u00fbr, moi-m\u00eame, de comprendre. Mais je suppose que ceux du premier groupe, ceux qui ont les pancartes en fran\u00e7ais avec les drapeaux suisses et vaudois, repr\u00e9sentent un mouvement conservateur, pour qui, si l\u2019on d\u00e9molit les quartiers abandonn\u00e9s, il convient de les remplacer par des vignes comme c\u2019\u00e9tait le cas dans le pass\u00e9. Ceux de l\u2019autre groupe, appelons-les des \u00e9cologistes mondialis\u00e9s, sont probablement des restituteurs avant l\u2019heure qui revendiquent que l\u2019on remette ces terrains dans leur \u00e9tat d\u2019origine, d\u2019avant l\u2019arriv\u00e9e des humains. Bon, l\u00e0 je r\u00e9sume. C\u2019est un peu simpliste. La r\u00e9alit\u00e9 est sans doute plus complexe.<br \/>\n\u2013\u00a0Mais c\u2019est absurde. Au lieu de perdre leur temps \u00e0 brandir leurs pancartes, ils feraient mieux de participer \u00e0 la d\u00e9molition et agir directement sur les surfaces lib\u00e9r\u00e9es pour, ici planter des vignes, et l\u00e0 semer une for\u00eat. Comme cela, chaque faction obtiendrait ce qu\u2019elle d\u00e9sire et ne serait pas en conflit avec l\u2019autre. Sans compter qu\u2019en s\u2019excitant de la sorte, ils risquent de perdre leur calme et d\u2019en venir aux mains. Avec leurs pancartes, ils pourraient blesser quelqu\u2019un. Ne leur a-t-on point enseign\u00e9 dans leur enfance que la confrontation est dangereuse\u00a0?<br \/>\n\u2013\u00a0Non, on ne nous enseignait pas encore cela, h\u00e9las.<br \/>\nVadina nous a rejoints. Clod se l\u00e8ve et s\u2019appr\u00eate \u00e0 nous quitter.<br \/>\n\u2013\u00a0Il se fait tard et j\u2019ai passablement de travail demain. Je vais vous laisser entre amoureux.<br \/>\n\u2013\u00a0Bonne nuit, Clod. Merci de m\u2019avoir accompagn\u00e9 dans cette exploration.<br \/>\n\u2013\u00a0C\u2019est moi qui te remercie, Bernard. Bonne nuit.<br \/>\n\u2013\u00a0Bonne nuit.<br \/>\nDurant de longues minutes, Vadina et moi, blottis l\u2019un contre l\u2019autre, nous restons \u00e0 regarder le ciel sans mot dire. Puis Vadina rompt le silence.<br \/>\n\u2013\u00a0Quelle \u00e9toile regardes-tu\u00a0?<br \/>\nSans h\u00e9siter, je tends un doigt vers l\u2019\u00e9toile que m\u2019avait montr\u00e9e Clod Sung.<br \/>\n\u2013\u00a0Celle-l\u00e0\u00a0!<br \/>\n\u2013\u00a0Ha\u00a0! Alpha du Centaure\u00a0?<br \/>\n\u2013\u00a0Oui. J\u2019essaie de m\u2019imaginer quelles formidables aventures tu vivais l\u00e0-haut.<br \/>\n\u2013\u00a0Mes plus belles aventures, c\u2019est avec toi que je les vis, ici\u00a0!<br \/>\nJe la serre encore un peu plus fort dans mes bras.<br \/>\n\u2013\u00a0\u00c0 l\u2019avenir, lorsque l\u2019on me demandera quel est le nom de cette \u00e9toile, je r\u00e9pondrai\u00a0: Vadina. C\u2019est tout de m\u00eame plus joli qu\u2019Alpha de quelque chose.<\/p>\n","protected":false},"excerpt":{"rendered":"<p>L\u2019eau coule sur nos deux corps enlac\u00e9s. Apr\u00e8s la longue marche de la journ\u00e9e, nous n\u2019avons m\u00eame pas l\u2019\u00e9nergie de faire l\u2019amour. Nous laissons nos doigts nous caresser mutuellement, massant d\u00e9licatement nos muscles courbatus. \u2013\u00a0Viens, il est temps de rejoindre nos amis. Nous montons \u00e0 la surface, o\u00f9, sous un des d\u00f4mes, nous attendent Ixycs, <a class=\"more-link\" href=\"https:\/\/silicon-peace.com\/acratie\/romans\/bienvenue-en-acratie\/19-la-cetait-ma-maison\/\">Lire plus &#8230;<\/a><\/p>\n","protected":false},"author":3,"featured_media":0,"parent":93,"menu_order":27,"comment_status":"open","ping_status":"closed","template":"","meta":{"footnotes":""},"class_list":["post-226","page","type-page","status-publish","hentry"],"_links":{"self":[{"href":"https:\/\/silicon-peace.com\/acratie\/wp-json\/wp\/v2\/pages\/226","targetHints":{"allow":["GET"]}}],"collection":[{"href":"https:\/\/silicon-peace.com\/acratie\/wp-json\/wp\/v2\/pages"}],"about":[{"href":"https:\/\/silicon-peace.com\/acratie\/wp-json\/wp\/v2\/types\/page"}],"author":[{"embeddable":true,"href":"https:\/\/silicon-peace.com\/acratie\/wp-json\/wp\/v2\/users\/3"}],"replies":[{"embeddable":true,"href":"https:\/\/silicon-peace.com\/acratie\/wp-json\/wp\/v2\/comments?post=226"}],"version-history":[{"count":1,"href":"https:\/\/silicon-peace.com\/acratie\/wp-json\/wp\/v2\/pages\/226\/revisions"}],"predecessor-version":[{"id":227,"href":"https:\/\/silicon-peace.com\/acratie\/wp-json\/wp\/v2\/pages\/226\/revisions\/227"}],"up":[{"embeddable":true,"href":"https:\/\/silicon-peace.com\/acratie\/wp-json\/wp\/v2\/pages\/93"}],"wp:attachment":[{"href":"https:\/\/silicon-peace.com\/acratie\/wp-json\/wp\/v2\/media?parent=226"}],"curies":[{"name":"wp","href":"https:\/\/api.w.org\/{rel}","templated":true}]}}