{"id":212,"date":"2016-04-21T19:26:41","date_gmt":"2016-04-21T17:26:41","guid":{"rendered":"https:\/\/acratie.silicon-peace.com\/?page_id=212"},"modified":"2016-05-02T17:23:55","modified_gmt":"2016-05-02T15:23:55","slug":"13-morgane-et-moi","status":"publish","type":"page","link":"https:\/\/silicon-peace.com\/acratie\/romans\/bienvenue-en-acratie\/13-morgane-et-moi\/","title":{"rendered":"13 \u2013 Morgane et moi"},"content":{"rendered":"<p>Comme tous les lieux d\u2019habitation que j\u2019ai connus depuis que je vis \u00e0 cette \u00e9poque, Or\u00e8re n\u2019est qu\u2019un ensemble de couloirs souterrains donnants sur des appartements que seule la cr\u00e9ativit\u00e9 des occupants diff\u00e9rentie les uns des autres. J\u2019avais imagin\u00e9 que tous les villages de Ma\u00effatte seraient \u00e0 l\u2019image de Lanouelle, tel que je peux l\u2019admirer depuis mon balcon. Je ressens une certaine d\u00e9ception.<\/p>\n<p>Lorsque nous arrivons devant l\u2019appartement d\u2019Ixycs, la porte s\u2019ouvre spontan\u00e9ment et l\u2019intelligence domestique nous prie d\u2019entrer. Vadina et moi \u00e9changeons le m\u00eame visage surpris\u2009: il n\u2019y a personne et pourtant nous sommes assez en retard. Tout le monde devrait d\u00e9j\u00e0 \u00eatre l\u00e0.<\/p>\n<p>\u2013 Tu es sure que c\u2019est bien chez lui qu\u2019avait lieu la f\u00eate\u2009?<\/p>\n<p>\u2013 Oui, enfin\u2026 je croyais.<\/p>\n<p>Une bouff\u00e9e d\u2019angoisse me saisit, comme chaque fois que je suis confront\u00e9 \u00e0 une situation impr\u00e9vue qui pourrait \u00eatre le r\u00e9sultat d\u2019un quiproquo. Heureusement, cela ne dure pas. Quelqu\u2019un descend un escalier en colima\u00e7on situ\u00e9 pr\u00e8s de l\u2019entr\u00e9e\u2009: c\u2019est Ixycs.<\/p>\n<p>\u2013 Ha\u2009! Vous voil\u00e0\u2009! Nous n\u2019attendions plus que vous. Soyez les bienvenus.<\/p>\n<p>\u2013 Mais\u2026 o\u00f9 sont les autres\u2009?<\/p>\n<p>\u2013 \u00c0 l\u2019ext\u00e9rieur, voyons\u2009! Mon appartement ne serait jamais assez grand pour tant de monde. Et puis, ce serait stupide de rester dedans lorsque l\u2019on peut jouir d\u2019un espace \u00e0 l\u2019air libre. Montez\u2009! Je vous rejoins tout de suite.<\/p>\n<p>Pas encore totalement rassur\u00e9 sur la suite possible des \u00e9v\u00e9nements, je laisse Vadina emprunter en premier l\u2019escalier. Celui-ci d\u00e9bouche sous une minuscule coupole de microturbulences.<\/p>\n<p>Au-del\u00e0, dans les derni\u00e8res lueurs du jour, s\u2019\u00e9tend une large clairi\u00e8re au sein d\u2019une for\u00eat d\u2019\u00e9pineux. Je pourrais me croire dans une for\u00eat de mon Jura natal si les esp\u00e8ces constituant le sous-bois ne me rappelaient que nous \u00e9tions bien loin du continent europ\u00e9en. La clairi\u00e8re descend doucement vers un profond ravin au-del\u00e0 duquel se dresse un imposant massif rocheux. Sur la droite, l\u2019horizon est bouch\u00e9 par l\u2019immense falaise dans laquelle est creus\u00e9 mon appartement. Le sol, loin d\u2019\u00eatre plane, forme de larges vagues, comme de la houle sur une mer en pente, l\u2019id\u00e9al pour des skieurs nautiques belges. Celui-ci est recouvert d\u2019un gazon assez maigre, jaunissant et parsem\u00e9 de cailloux et de racines. Quelques buissons rachitiques tentent de coloniser cette \u00e9tendue que les humains n\u2019ont pas encore rendue \u00e0 la nature. \u00c7a et l\u00e0, des d\u00f4mes identiques \u00e0 ceux de Lanouelle se dressent dans la pente. Ce que je prenais pour des habitations n\u2019est que de grands abris pour piqueniqueurs semblables dans leur fonction \u00e0 ces refuges forestiers fr\u00e9quents dans les for\u00eats romandes. Comme partout sur l\u2019\u00eele, les v\u00e9ritables habitations sont en sous-sol.<\/p>\n<p>Devant et sous chaque d\u00f4me sont mass\u00e9s des groupes de personnes, homo, singes et robots, faisant la f\u00eate. Dans le groupe le plus proche, je reconnais l\u2019\u00e9quipage du Santa-Maria au complet ainsi qu\u2019un certain nombre de membres du noeud d\u2019accueil du vaisseau interstellaire. Imm\u00e9diatement, Vadina rejoint ses compagnons de mission, me laissant seul parmi ces gens qui ne me sont pas vraiment familiers.<\/p>\n<p>Parmi la foule, je remarque un robot de t\u00e9l\u00e9pr\u00e9sence qui semble en admiration devant un arbuste sans feuilles couvert de larges fleurs couleur sang. C\u2019est Morgane Leganec, citoyenne de la Lune. Sans h\u00e9siter, je me dirige vers son avatar.<\/p>\n<p>\u2013 Bonsoir Morgane\u2009! C\u2019est sympathique de t\u2019\u00eatre jointe \u00e0 nous.<\/p>\n<p>\u2013 Bonsoir\u2009! J\u2019ai accept\u00e9 l\u2019invitation parce que je voulais en profiter pour annoncer que nous avions mis la main sur un sp\u00e9cialiste de cryptographie. Mais une fois ici, je me suis aper\u00e7u qu\u2019en fait, vous n\u2019aviez plus besoin de nos services.<\/p>\n<p>Il faudrait que je demande \u00e0 Morgane ce qu\u2019ils vont faire de leur \u00ab\u2009sp\u00e9cialiste\u2009\u00bb, mais ce n\u2019est pas le bon moment dans la conversation pour aborder ce sujet. Il faudra que j\u2019y pense un peu plus tard.<\/p>\n<p>\u2013 Effectivement. Mais ce n\u2019est que partie remise. Je suis convaincu que ce genre de relations entre la Lune et le reste du syst\u00e8me solaire ne peut qu\u2019\u00eatre profitable pour tout le monde, et qu\u2019avec le temps, les derni\u00e8res diff\u00e9rences entre ces deux mod\u00e8les de soci\u00e9t\u00e9 s\u2019effaceront.<\/p>\n<p>\u2013 Puisses-tu avoir raison. Toi qui n\u2019es pas de ce monde, penses-tu vraiment qu\u2019un jour, l\u2019humanit\u00e9 enti\u00e8re respectera le droit naturel \u00e0 la sph\u00e8re priv\u00e9e et prendra ses d\u00e9cisions d\u00e9mocratiquement et non pas par le biais de cette anarchie d\u00e9nu\u00e9e de sens qu\u2019ils nomment Acratie\u2009?<\/p>\n<p>\u2013 Ben\u2026 Je ne connais de la Lune et de son mode de vie que ce que l\u2019on en dit au-del\u00e0. Sans y avoir v\u00e9cu un certain temps, je ne peux pas m\u2019en faire une id\u00e9e objective. Mais si j\u2019assimile la d\u00e9mocratie lunaire et sa sph\u00e8re priv\u00e9e \u00e0 la d\u00e9mocratie telle qu\u2019elle \u00e9tait plus ou moins appliqu\u00e9e \u00e0 mon \u00e9poque et \u00e0 la sacro-sainte sph\u00e8re priv\u00e9e qui ne prot\u00e9geait que ceux qui avaient quelque chose \u00e0 se reprocher, alors, je vote pour l\u2019Acratie sans h\u00e9siter une seconde. L\u2019Acratie a sans doute des d\u00e9fauts qui me sont encore inconnus, mais elle me parait bien plus d\u00e9mocratique que n\u2019importe quel autre r\u00e9gime politique que je connaisse.<\/p>\n<p>\u2013 Si tu veux t\u2019en faire une meilleure id\u00e9e, tu es le bienvenu sur la Lune.<\/p>\n<p>\u2013 Merci pour l\u2019invitation, mais ce n\u2019est pas dans mes plans. Je cherche plut\u00f4t un moyen de retourner en 1999.<\/p>\n<p>\u2013 Mais si tu trouves que l\u2019Acratie est meilleure que la d\u00e9mocratie de ton \u00e9poque, pourquoi d\u00e9sires-tu tant y retourner\u2009?<\/p>\n<p>\u2013 Parce qu\u2019ici, ce n\u2019est pas chez moi. Je pense effectivement que l\u2019Acratie est ce qui se fait de mieux en mati\u00e8re de gouvernance. \u00c7a n\u2019emp\u00eache pas que je peine \u00e0 m\u2019y habituer. J\u2019ai \u00e9t\u00e9 format\u00e9 pour une soci\u00e9t\u00e9 diff\u00e9rente, c\u2019est tout. Et puis, en retournant dans le pass\u00e9, peut-\u00eatre que je pourrais faire avancer le schmilblick.<\/p>\n<p>Le robot qui incarne Morgane cueille une des fleurs rouges pour humer son \u00e9ventuel parfum.<\/p>\n<p>\u2013 Je me demande comment cet arbuste s\u2019adapterait \u00e0 la gravitation lunaire.<\/p>\n<p>Une remarque d\u2019un sarcasme douteux \u00e9chappe \u00e0 mon contr\u00f4le\u2009:<\/p>\n<p>\u2013 Serait-il libre de se r\u00e9pandre dans votre \u00e9cosyst\u00e8me ou existe-t-il une loi qui le contraindrait \u00e0 rester confin\u00e9 dans un jardin botanique\u2009?<\/p>\n<p>Morgane ne peut retenir une crispation imm\u00e9diate (\u00e0 deux secondes pr\u00e8s), son robot \u00e9mettant m\u00eame un \u00e9trange cliquetis. Mais elle se reprend rapidement. Elle penche la t\u00eate sur le c\u00f4t\u00e9, caresse son \u00ab\u2009visage\u2009\u00bb avec la fleur, fixe sur moi ses cam\u00e9ras cristallines et arbore ce que je ne peux que consid\u00e9rer comme un sourire.<\/p>\n<p>\u2013 Faut-il vraiment que nous nous chamaillions en une si belle soir\u00e9e\u2009?<\/p>\n<p>Elle a raison. Je tente de recentrer la conversation sur un sujet moins pol\u00e9mique. Je d\u00e9signe le croissant de lune qui tr\u00f4ne dans le ciel.<\/p>\n<p>\u2013 O\u00f9 est-ce que tu vis sur la Lune\u2009? Est-ce sur la face visible\u2009?<\/p>\n<p>\u2013 Oui et non. Je vis \u00e0 Tsiolkovski, sur ce qui \u00e9tait jadis la face cach\u00e9e. Regarde\u2009! C\u2019est ce crat\u00e8re avec un pic au milieu du lac.<\/p>\n<p>Pour la premi\u00e8re fois, je r\u00e9alise que l\u2019\u00e9tranget\u00e9 que je ressentais en observant l\u2019astre nocturne n\u2019\u00e9tait pas due seulement \u00e0 son halo atmosph\u00e9rique bleut\u00e9, mais \u00e0 une topographie compl\u00e8tement nouvelle.<\/p>\n<p>\u2013 Tu sembles ne pas avoir remarqu\u00e9 que la Lune ne pr\u00e9sente plus en permanence la m\u00eame face \u00e0 la Terre. La technologie s\u00e9l\u00e8ne ne se contente pas de construire une atmosph\u00e8re bient\u00f4t respirable. Nous utilisons l\u2019\u00e9nergie cin\u00e9tique des com\u00e8tes qui nous approvisionnent en eau pour acc\u00e9l\u00e9rer la rotation de notre monde. Nous comptons bien ramener, d\u2019ici quelques si\u00e8cles, la dur\u00e9e de nos jours \u00e0 100 kilosecondes, ce qui serait plus compatible avec la physiologie humaine.<\/p>\n<p>\u2013 Des com\u00e8tes pour relancer la toupie lunaire\u2009? Je veux bien le croire, mais est-ce que quelques boules de neige sale peuvent suffire\u2009?<\/p>\n<p>\u2013 Avec l\u2019aide de chronostats, oui. L\u2019\u00e9nergie d\u00e9gag\u00e9e par le choc est multipli\u00e9e si celui-ci a lieu \u00e0 l\u2019int\u00e9rieur de la zone subissant la contraction temporelle. Ne me demande pas des d\u00e9tails, je n\u2019y comprends pas grand-chose. Je ne suis pas physicienne.<\/p>\n<p>\u2013 Quand je raconterai cela apr\u00e8s mon retour, personne ne me croira. On va plut\u00f4t se foutre de ma gueule.<\/p>\n<p>\u2013 Tout d\u00e9pendra de la mani\u00e8re dont tu le raconteras. Sais-tu seulement comment a d\u00e9marr\u00e9 le projet No\u00e9\u2009? C\u2019est comme cela que l\u2019on nomme le programme de vitalisation de la Lune.<\/p>\n<p>\u2013 J\u2019ai tout r\u00e9cemment lu un texte que j\u2019\u00e9crirai sur le sujet, mais si je veux \u00e9viter les paradoxes temporels, il vaut mieux que l\u2019on me le raconte d\u2019abord. Sinon cela cr\u00e9erait une boucle ferm\u00e9e dans le temps et un tel ph\u00e9nom\u00e8ne est bien s\u00fbr impossible.<\/p>\n<p>Morgane me relate alors la l\u00e9gende du lunien V\u00e9nus, partant capturer des com\u00e8tes aux confins du syst\u00e8me solaire.<\/p>\n<p>Bient\u00f4t, une dizaine de personnes me rejoignent pour suivre le r\u00e9cit de Morgane. Vadina est blottie tout contre moi, \u00e9coutant l\u2019histoire avec, dans les yeux, l\u2019\u00e9merveillement d\u2019une petite fille.<\/p>\n<p>\u2013 \u2026mais toujours, le peuple de la Lune se souviendra de lui et donnera son nom \u00e0 la deuxi\u00e8me plan\u00e8te\u2009: V\u00e9nus, l\u2019\u00e9toile du berger.<\/p>\n<p>Toute l\u2019audience applaudit \u00e0 la fin du r\u00e9cit. Vadina me regarde doucement.<\/p>\n<p>\u2013 Je suis un peu d\u00e9\u00e7ue. Je croyais que c\u2019\u00e9tait toi qui avais invent\u00e9 cette histoire. En fait, Morgane la raconte bien mieux que toi.<\/p>\n<p>Je vois bien que sa d\u00e9ception n\u2019est que de fa\u00e7ade, qu\u2019elle dit cela pour me taquiner. Je joue le jeu.<\/p>\n<p>\u2013 Mais je n\u2019ai rien invent\u00e9. Ce qui est \u00e9crit\u2026 ce que j\u2019\u00e9crirai dans ce bouquin, c\u2019est vraiment ce qui m\u2019est arriv\u00e9. Tu sais, je n\u2019ai pas vraiment autant d\u2019imagination qu\u2019on pourrait le croire.<\/p>\n<p>Le groupe des auditeurs se disperse pour reprendre les discussions interrompues ou pour en entamer d\u2019autres. Morgane est d\u00e9sormais courtis\u00e9e par d\u2019autres personnes. Seul Ixycs reste pr\u00e8s de Vadina et moi.<\/p>\n<p>\u2013 Alors les amoureux, comment trouvez-vous cette soir\u00e9e\u2009?<\/p>\n<p>C\u2019est Vadina qui r\u00e9pond\u2009:<\/p>\n<p>\u2013 Merveilleuse. Tu ne peux pas imaginer le bien que \u00e7a fait d\u2019avoir une plan\u00e8te sous les pieds pour admirer un ciel \u00e9toil\u00e9. Parce que vivre plusieurs ann\u00e9es avec le ciel tout autour de soi, n\u2019avoir qu\u2019un minuscule vaisseau pour se raccrocher \u00e0 l\u2019existence, c\u2019est des plus angoissant. Tu sais, ces \u00e9toiles, avec leur scintillement, elles n\u2019ont rien \u00e0 voir avec celles, froides et distantes, qui nous ont accompagn\u00e9es durant notre voyage.<\/p>\n<p>Elle me regarde avec les yeux les plus tendres qu\u2019il me soit arriv\u00e9 de voir.<\/p>\n<p>\u2013 Et puis, se laisser aller dans les bras protecteurs d\u2019un \u00eatre avec qui l\u2019on partage le m\u00eame exil temporel, je n\u2019osais m\u00eame pas y r\u00eaver.<\/p>\n<p>Je reste silencieux, affichant tout au plus un air approbateur, m\u00eame si, moi aussi, je me sens prot\u00e9g\u00e9 dans ses bras \u00e0 elle.<\/p>\n<p>Ixycs reprend la parole.<\/p>\n<p>\u2013 Et quels sont vos projets\u2009? Allez-vous rester quelque temps \u00e0 La Fournaise\u2009?<\/p>\n<p>L\u00e0, je r\u00e9ponds tout de suite.<\/p>\n<p>\u2013 Pour ma part, \u00e0 terme, il s\u2019agit bien s\u00fbr de retourner en 1999. Mais bon, rien ne presse. Et puis, j\u2019ai trouv\u00e9 ici une part de bonheur que je perdrai le jour o\u00f9 je quitterai l\u2019\u00eele. Alors, je ne suis pas press\u00e9.<\/p>\n<p>J\u2019accompagne mes paroles du resserrement de mon bras autour de la taille de Vadina qui r\u00e9pond\u2009:<\/p>\n<p>\u2013 Quand je me suis engag\u00e9 dans cette exp\u00e9dition, c\u2019\u00e9tait pour fuir une \u00e9poque terrible. Y retourner n\u2019aurait aucun sens. Surtout que ce que je d\u00e9couvre du pr\u00e9sent d\u00e9passe mes r\u00eaves les plus fous. J\u2019ai une soif immense de parcourir le monde afin de me l\u2019approprier et si possible de m\u2019y int\u00e9grer. Bernard ne d\u00e9sire pas m\u2019accompagner dans cette qu\u00eate\u2009; je comprends ses choix et les respecte. Je le regrette infiniment, mais tant pis pour lui.<\/p>\n<p>Elle me pince le gras des poign\u00e9es d\u2019amour pour bien me faire comprendre que mon abandon programm\u00e9 est quelque chose qu\u2019un homme n\u2019a pas le droit de faire \u00e0 une femme, surtout \u00e0 elle.<\/p>\n<p>\u2013 Eh oui, tant pis pour moi. Je ne vais m\u00eame pas essayer de pr\u00e9tendre que si je reporte mon retour, je vais cr\u00e9er un paradoxe temporel qui pourrait aboutir \u00e0 la destruction totale de l\u2019univers. Non, la r\u00e9alit\u00e9 est que je ressens un besoin visc\u00e9ral de retourner \u00e0 mon \u00e9poque. C\u2019est compl\u00e8tement stupide, je le reconnais, mais c\u2019est comme \u00e7a.<\/p>\n<p>La conversation tourne \u00e0 l\u2019aigre. Il faut y rem\u00e9dier.<\/p>\n<p>\u2013 Mais il n\u2019est pas utile de parler de l\u2019avenir alors que nous y sommes d\u00e9j\u00e0 plong\u00e9s jusqu\u2019au cou. Soyons aussi myopes que les \u00e9conomistes du 20e si\u00e8cle finissant et focalisons-nous sur les jours et les semaines \u00e0 venir. J\u2019ai promis \u00e0 un c\u00e9tologue de Singille de lui rendre visite avant de quitter l\u2019\u00eele. Et il y a aussi l\u2019id\u00e9e de crapahuter dans les cirques qui me d\u00e9mange. Vadina, tu aimes marcher\u2009?<\/p>\n<p>\u2013 Et comment\u2009! Ixycs\u2009! Toi qui connais bien la r\u00e9gion, tu ne pourrais pas nous concocter un itin\u00e9raire bien complet qui nous fasse rester par ici pour des mois\u2009?<\/p>\n<p>\u2013 Ah, \u00e7a\u2009! Mes enfants, ce sera \u00e0 vous de vous d\u00e9brouiller. Je veux bien vous proposer quelques lieux qui m\u00e9ritent un d\u00e9tour, mais ce n\u2019est pas mon r\u00f4le de choisir \u00e0 votre place. Le volcan, vous avez d\u00e9j\u00e0 vu. Sinon, en vrac, il y a le trou de F\u00e8re, la for\u00eat de B\u00e9love, les Trois Salades, et puis, si vous avez encore du temps \u00e0 perdre, vous pouvez partir \u00e0 la recherche d\u2019Amborie.<\/p>\n<p>\u2013 Amborie\u2009? Qu\u2019est-ce que c\u2019est\u2009?<\/p>\n<p>\u2013 Une tr\u00e8s vieille l\u00e9gende parle d\u2019un pays souterrain, qui s\u2019\u00e9tendrait sous toute l\u2019\u00eele, dans les veines, ces cavit\u00e9s laiss\u00e9es par les chambres magmatiques de l\u2019ancien volcan. L\u00e0 vivraient des \u00eatres mythiques depuis longtemps disparus de la surface.<\/p>\n<p>\u2013 Heu, des dinosaures\u2009?<\/p>\n<p>\u2013 Non, non\u2009! Des grelefauts, des humblots, des tanguets, des hazels, des shovels et autres g\u00f6ss. Il y aurait m\u00eame des trolls et des f\u00e9es.<\/p>\n<p>\u2013 Dans des cavernes\u2009? Avec tous les tunnels que vous avez creus\u00e9s lorsque la population a migr\u00e9 en sous-sol, si ce pays existait, vous l\u2019auriez sans doute trouv\u00e9 depuis longtemps, non\u2009?<\/p>\n<p>\u2013 Qui sait\u2009? Peut-\u00eatre avons-nous manqu\u00e9 de chance ou n\u2019avons-nous pas su le reconna\u00eetre. Peut-\u00eatre, par notre intrusion sous la surface, avons-nous caus\u00e9 sa perte.<\/p>\n<p>\u2013 Oui\u2009! Eh bien\u2009! Si nous d\u00e9couvrons une grotte cach\u00e9e dans la v\u00e9g\u00e9tation, on y jettera un oeil pour voir si ce n\u2019est pas l\u2019entr\u00e9e de ce pays fabuleux. Qu\u2019en penses-tu, Vadina\u2009?<\/p>\n<p>\u2013 Si nous y allons ensemble, ce sera toujours avec plaisir. En Amborie ou ailleurs, d\u2019ailleurs.<\/p>\n","protected":false},"excerpt":{"rendered":"<p>Comme tous les lieux d\u2019habitation que j\u2019ai connus depuis que je vis \u00e0 cette \u00e9poque, Or\u00e8re n\u2019est qu\u2019un ensemble de couloirs souterrains donnants sur des appartements que seule la cr\u00e9ativit\u00e9 des occupants diff\u00e9rentie les uns des autres. J\u2019avais imagin\u00e9 que tous les villages de Ma\u00effatte seraient \u00e0 l\u2019image de Lanouelle, tel que je peux l\u2019admirer <a class=\"more-link\" href=\"https:\/\/silicon-peace.com\/acratie\/romans\/bienvenue-en-acratie\/13-morgane-et-moi\/\">Lire plus &#8230;<\/a><\/p>\n","protected":false},"author":3,"featured_media":0,"parent":93,"menu_order":20,"comment_status":"open","ping_status":"closed","template":"","meta":{"footnotes":""},"class_list":["post-212","page","type-page","status-publish","hentry"],"_links":{"self":[{"href":"https:\/\/silicon-peace.com\/acratie\/wp-json\/wp\/v2\/pages\/212","targetHints":{"allow":["GET"]}}],"collection":[{"href":"https:\/\/silicon-peace.com\/acratie\/wp-json\/wp\/v2\/pages"}],"about":[{"href":"https:\/\/silicon-peace.com\/acratie\/wp-json\/wp\/v2\/types\/page"}],"author":[{"embeddable":true,"href":"https:\/\/silicon-peace.com\/acratie\/wp-json\/wp\/v2\/users\/3"}],"replies":[{"embeddable":true,"href":"https:\/\/silicon-peace.com\/acratie\/wp-json\/wp\/v2\/comments?post=212"}],"version-history":[{"count":1,"href":"https:\/\/silicon-peace.com\/acratie\/wp-json\/wp\/v2\/pages\/212\/revisions"}],"predecessor-version":[{"id":213,"href":"https:\/\/silicon-peace.com\/acratie\/wp-json\/wp\/v2\/pages\/212\/revisions\/213"}],"up":[{"embeddable":true,"href":"https:\/\/silicon-peace.com\/acratie\/wp-json\/wp\/v2\/pages\/93"}],"wp:attachment":[{"href":"https:\/\/silicon-peace.com\/acratie\/wp-json\/wp\/v2\/media?parent=212"}],"curies":[{"name":"wp","href":"https:\/\/api.w.org\/{rel}","templated":true}]}}